{"id":14876,"date":"2024-03-27T12:07:43","date_gmt":"2024-03-27T09:07:43","guid":{"rendered":"https:\/\/meridyenfair.com\/?page_id=14876"},"modified":"2024-10-28T12:02:56","modified_gmt":"2024-10-28T09:02:56","slug":"2026-fuar-takvimi","status":"publish","type":"page","link":"https:\/\/meridyenfair.com\/tr\/2026-fuar-takvimi\/","title":{"rendered":"2026 Fuar Takvimi"},"content":{"rendered":"\t\t<div data-elementor-type=\"wp-page\" data-elementor-id=\"14876\" class=\"elementor elementor-14876\">\n\t\t\t\t\t\t\t\t\t<section class=\"elementor-section elementor-top-section elementor-element elementor-element-73ed8b9 elementor-section-boxed elementor-section-height-default elementor-section-height-default wd-section-disabled\" data-id=\"73ed8b9\" data-element_type=\"section\">\n\t\t\t\t\t\t<div class=\"elementor-container elementor-column-gap-default\">\n\t\t\t\t\t<div class=\"elementor-column elementor-col-50 elementor-top-column elementor-element elementor-element-14b5a81\" data-id=\"14b5a81\" data-element_type=\"column\">\n\t\t\t<div class=\"elementor-widget-wrap elementor-element-populated\">\n\t\t\t\t\t\t\t\t<div class=\"elementor-element elementor-element-bdcfd3b elementor-invisible elementor-widget elementor-widget-wd_infobox\" data-id=\"bdcfd3b\" data-element_type=\"widget\" data-settings=\"{&quot;_animation&quot;:&quot;bounceInDown&quot;}\" data-widget_type=\"wd_infobox.default\">\n\t\t\t\t<div class=\"elementor-widget-container\">\n\t\t\t\t\t\t<link rel=\"stylesheet\" id=\"wd-info-box-css\" href=\"https:\/\/meridyenfair.com\/wp-content\/themes\/woodmart\/css\/parts\/el-info-box.min.css?ver=6.2.3\" type=\"text\/css\" media=\"all\" \/> \t\t\t\t\t<div class=\"info-box-wrapper\">\n\t\t\t<div class=\"wd-info-box text-left box-icon-align-top box-style-bg-hover color-scheme-dark color-scheme-hover-light cursor-pointer\" onclick=\"window.location.href='https:\/\/meridyenfair.com\/yeni\/ulkelere-gore-fuar-takvimi\/'\">\n\t\t\t\t\n\t\t\t\t<div class=\"info-box-content\">\n\t\t\t\t\t\n\t\t\t\t\t\t\t\t\t\t\t<h4\t\t\t\t\t\tclass=\"info-box-title title box-title-style-default wd-fontsize-m\" data-elementor-setting-key=\"title\">\n\t\t\t\t\t\t\t\t\u00dcLKELERE G\u00d6RE FUAR TAKV\u0130M\u0130\t\t\t\t\t\t<\/h4>\n\t\t\t\t\t\n\t\t\t\t\t<div class=\"info-box-inner set-cont-mb-s reset-last-child\"\n\t\t\t\t\t\t data-elementor-setting-key=\"content\">\n\t\t\t\t\t\t<p>Meridyen Fuarc\u0131l\u0131k, her y\u0131l \u0130spanya, Polonya, Cezayir, \u00d6zbekistan, S\u0131rbistan, Almanya, Fas, Tunus, \u0130ngiltere, T\u00fcrkmenistan, \u0130sve\u00e7, Bel\u00e7ika, Ukrayna, Kosova, Nijerya, M\u0131s\u0131r, Banglade\u015f, Vietnam, Irak ve \u0130ran gibi Asya\u2019dan Avrupa\u2019ya, Afrika\u2019dan Amerika\u2019ya kadar uzanan geni\u015f bir co\u011frafyada yer alan bir\u00e7ok \u00fclkede ba\u015far\u0131l\u0131 fuarlar d\u00fczenlemektedir.<\/p>\n\t\t\t\t\t<\/div>\n\t\n\t\t\t\t\t\t\t\t\t<\/div>\n\t\t\t<\/div>\n\t\t<\/div>\n\t\t\t\t<\/div>\n\t\t\t\t<\/div>\n\t\t\t\t\t<\/div>\n\t\t<\/div>\n\t\t\t\t<div class=\"elementor-column elementor-col-50 elementor-top-column elementor-element elementor-element-5ec42de\" data-id=\"5ec42de\" data-element_type=\"column\">\n\t\t\t<div class=\"elementor-widget-wrap elementor-element-populated\">\n\t\t\t\t\t\t\t\t<div class=\"elementor-element elementor-element-7d04f93 elementor-invisible elementor-widget elementor-widget-wd_infobox\" data-id=\"7d04f93\" data-element_type=\"widget\" data-settings=\"{&quot;_animation&quot;:&quot;bounceInDown&quot;}\" data-widget_type=\"wd_infobox.default\">\n\t\t\t\t<div class=\"elementor-widget-container\">\n\t\t\t\t\t<div class=\"info-box-wrapper\">\n\t\t\t<div class=\"wd-info-box text-left box-icon-align-top box-style-bg-hover color-scheme-dark color-scheme-hover-light cursor-pointer\" onclick=\"window.location.href='https:\/\/meridyenfair.com\/sektorlere-gore-fuar-takvimi\/'\">\n\t\t\t\t\n\t\t\t\t<div class=\"info-box-content\">\n\t\t\t\t\t\n\t\t\t\t\t\t\t\t\t\t\t<h4\t\t\t\t\t\tclass=\"info-box-title title box-title-style-default wd-fontsize-m\" data-elementor-setting-key=\"title\">\n\t\t\t\t\t\t\t\tSEKT\u00d6RLERE G\u00d6RE FUAR TAKV\u0130M\u0130\t\t\t\t\t\t<\/h4>\n\t\t\t\t\t\n\t\t\t\t\t<div class=\"info-box-inner set-cont-mb-s reset-last-child\"\n\t\t\t\t\t\t data-elementor-setting-key=\"content\">\n\t\t\t\t\t\t<p>Meridyen Fuarc\u0131l\u0131k; yap\u0131-in\u015faat, moda, tekstil, ev tekstili, mobilya, makine ve end\u00fcstriyel \u00fcr\u00fcnler, kimya-kozmetik, ayakkab\u0131-deri-saraciye, ev ara\u00e7-gere\u00e7leri ve tar\u0131m gibi sekt\u00f6rlerde ihtisasla\u015fm\u0131\u015ft\u0131r. M\u00fc\u015fteri memnuniyetini \u00f6n planda tutan Meridyen, firmalara fuar sat\u0131\u015f\u0131ndan \u00fcr\u00fcn nakliyesine, stant hizmetinden turizm program\u0131na kadar\u00a0<strong>\u201canahtar teslim\u201d hizmet sunmaktad\u0131r.<\/strong><\/p>\n\t\t\t\t\t<\/div>\n\t\n\t\t\t\t\t\t\t\t\t<\/div>\n\t\t\t<\/div>\n\t\t<\/div>\n\t\t\t\t<\/div>\n\t\t\t\t<\/div>\n\t\t\t\t\t<\/div>\n\t\t<\/div>\n\t\t\t\t\t\t\t<\/div>\n\t\t<\/section>\n\t\t\t\t<section class=\"elementor-section elementor-top-section elementor-element elementor-element-65b3fd4 elementor-section-boxed elementor-section-height-default elementor-section-height-default wd-section-disabled\" data-id=\"65b3fd4\" data-element_type=\"section\">\n\t\t\t\t\t\t<div class=\"elementor-container elementor-column-gap-default\">\n\t\t\t\t\t<div class=\"elementor-column elementor-col-100 elementor-top-column elementor-element elementor-element-472c7f3\" data-id=\"472c7f3\" data-element_type=\"column\">\n\t\t\t<div class=\"elementor-widget-wrap elementor-element-populated\">\n\t\t\t\t\t\t\t\t<div class=\"elementor-element elementor-element-3db09c3 exhibz-feature-events multievent-event-cat-bg elementor-widget elementor-widget-etn-event\" data-id=\"3db09c3\" data-element_type=\"widget\" data-widget_type=\"etn-event.default\">\n\t\t\t\t<div class=\"elementor-widget-container\">\n\t\t\t<div class='etn-row etn-event-wrapper'>\n        <div class=\"etn-col-md-6 etn-col-lg-4\">\n        <div class=\"etn-event-item\">\n            <!-- thumbnail -->\n                        <div class=\"etn-event-thumb\">\n                <a \n                    href=\"https:\/\/meridyenfair.com\/tr\/etn\/bagdat-enerji-fuari-2026\/\" \n                    aria-label=\"2026 Fuar Takvimi\"\n                >\n                    <img loading=\"lazy\" decoding=\"async\" width=\"400\" height=\"300\" src=\"https:\/\/meridyenfair.com\/wp-content\/uploads\/2025\/04\/1-21.jpg\" class=\"attachment-large size-large wp-post-image\" alt=\"\" srcset=\"https:\/\/meridyenfair.com\/wp-content\/uploads\/2025\/04\/1-21.jpg 400w, https:\/\/meridyenfair.com\/wp-content\/uploads\/2025\/04\/1-21-16x12.jpg 16w\" sizes=\"(max-width: 400px) 100vw, 400px\" \/>                <\/a>\n                <div class=\"etn-event-category\">\n                    <span>2026<\/span>                 <\/div>\n                            <\/div>\n                        <!-- thumbnail start-->\n\n            <!-- content start-->\n            <div class=\"etn-event-content\">\n                                                        <div class=\"etn-event-location\"><i class=\"etn-icon etn-location\"><\/i>\n                        Irak, Ba\u011fdat<\/div>\n                                                    \n                <h3 class=\"etn-title etn-event-title\"><a href=\"https:\/\/meridyenfair.com\/tr\/etn\/bagdat-enerji-fuari-2026\/\">\n                        11. BA\u011eDAT ENERJ\u0130 FUARI 2026<\/a> <\/h3>\n                                    <p>\n                        11. BA\u011eDAT ENERJ\u0130 FUARI 2026 Uluslararas\u0131 Elektrik &#8211; Petrol &#8211;                    <\/p>\n                                \n                <div class=\"etn-event-footer\">\n                    <div class=\"etn-event-date\">\n                                    <span>\n\t\t\t\t<i class=\"etn-icon etn-calendar\"><\/i>\n                10 Ocak 2026            <\/span>\n\t\t\t                    <\/div>\n                    <div class=\"etn-atend-btn\">\n                                                <a href=\"https:\/\/meridyenfair.com\/tr\/etn\/bagdat-enerji-fuari-2026\/\" class=\"etn-btn etn-btn-border\"\n                            title=\"11. BA\u011eDAT ENERJ\u0130 FUARI 2026\">Attend                            <i class=\"etn-icon etm-arrow-right\"><\/i><\/a>\n                                            <\/div>\n                <\/div>\n            <\/div>\n            <!-- content end-->\n        <\/div>\n        <!-- etn event item end-->\n    <\/div>\n        <div class=\"etn-col-md-6 etn-col-lg-4\">\n        <div class=\"etn-event-item\">\n            <!-- thumbnail -->\n                        <div class=\"etn-event-thumb\">\n                <a \n                    href=\"https:\/\/meridyenfair.com\/tr\/etn\/9-barcelona-textile-2026\/\" \n                    aria-label=\"2026 Fuar Takvimi\"\n                >\n                    <img loading=\"lazy\" decoding=\"async\" width=\"400\" height=\"300\" src=\"https:\/\/meridyenfair.com\/wp-content\/uploads\/2025\/06\/Adsiz-400-x-300-piksel.jpg\" class=\"attachment-large size-large wp-post-image\" alt=\"\" srcset=\"https:\/\/meridyenfair.com\/wp-content\/uploads\/2025\/06\/Adsiz-400-x-300-piksel.jpg 400w, https:\/\/meridyenfair.com\/wp-content\/uploads\/2025\/06\/Adsiz-400-x-300-piksel-16x12.jpg 16w\" sizes=\"(max-width: 400px) 100vw, 400px\" \/>                <\/a>\n                <div class=\"etn-event-category\">\n                    <span>2026<\/span> <span>\u0130spanya<\/span>                 <\/div>\n                            <\/div>\n                        <!-- thumbnail start-->\n\n            <!-- content start-->\n            <div class=\"etn-event-content\">\n                                                        <div class=\"etn-event-location\"><i class=\"etn-icon etn-location\"><\/i>\n                        \u0130spanya, Barcelona<\/div>\n                                                    \n                <h3 class=\"etn-title etn-event-title\"><a href=\"https:\/\/meridyenfair.com\/tr\/etn\/9-barcelona-textile-2026\/\">\n                        9. BARCELONA TEXTILE 2026<\/a> <\/h3>\n                                    <p>\n                        9. BARCELONA TEXTILE 2026 Uluslararas\u0131 Tekstil Fuar\u0131 A\u00c7IKLAMA \u00dcLKE B\u0130LG\u0130LER\u0130                    <\/p>\n                                \n                <div class=\"etn-event-footer\">\n                    <div class=\"etn-event-date\">\n                                    <span>\n\t\t\t\t<i class=\"etn-icon etn-calendar\"><\/i>\n                13 Ocak 2026            <\/span>\n\t\t\t                    <\/div>\n                    <div class=\"etn-atend-btn\">\n                                                <a href=\"https:\/\/meridyenfair.com\/tr\/etn\/9-barcelona-textile-2026\/\" class=\"etn-btn etn-btn-border\"\n                            title=\"9. BARCELONA TEXTILE 2026\">Attend                            <i class=\"etn-icon etm-arrow-right\"><\/i><\/a>\n                                            <\/div>\n                <\/div>\n            <\/div>\n            <!-- content end-->\n        <\/div>\n        <!-- etn event item end-->\n    <\/div>\n        <div class=\"etn-col-md-6 etn-col-lg-4\">\n        <div class=\"etn-event-item\">\n            <!-- thumbnail -->\n                        <div class=\"etn-event-thumb\">\n                <a \n                    href=\"https:\/\/meridyenfair.com\/tr\/etn\/cosmetica-2026\/\" \n                    aria-label=\"2026 Fuar Takvimi\"\n                >\n                    <img loading=\"lazy\" decoding=\"async\" width=\"400\" height=\"300\" src=\"https:\/\/meridyenfair.com\/wp-content\/uploads\/2025\/06\/Adsiz-400-x-300-piksel-1.jpg\" class=\"attachment-large size-large wp-post-image\" alt=\"\" srcset=\"https:\/\/meridyenfair.com\/wp-content\/uploads\/2025\/06\/Adsiz-400-x-300-piksel-1.jpg 400w, https:\/\/meridyenfair.com\/wp-content\/uploads\/2025\/06\/Adsiz-400-x-300-piksel-1-16x12.jpg 16w\" sizes=\"(max-width: 400px) 100vw, 400px\" \/>                <\/a>\n                <div class=\"etn-event-category\">\n                    <span>2026<\/span> <span>Cezayir<\/span>                 <\/div>\n                            <\/div>\n                        <!-- thumbnail start-->\n\n            <!-- content start-->\n            <div class=\"etn-event-content\">\n                                                        <div class=\"etn-event-location\"><i class=\"etn-icon etn-location\"><\/i>\n                        Cezayir, Cezayir<\/div>\n                                                    \n                <h3 class=\"etn-title etn-event-title\"><a href=\"https:\/\/meridyenfair.com\/tr\/etn\/cosmetica-2026\/\">\n                        COSMETICA 2026<\/a> <\/h3>\n                                    <p>\n                        COSMETICA 2026 Uluslararas\u0131 Kozmetik ve Teknoloji Fuar\u0131 FUAR HAKKINDA \u0130STAT\u0130ST\u0130KLER                    <\/p>\n                                \n                <div class=\"etn-event-footer\">\n                    <div class=\"etn-event-date\">\n                                    <span>\n\t\t\t\t<i class=\"etn-icon etn-calendar\"><\/i>\n                21 Ocak 2026            <\/span>\n\t\t\t                    <\/div>\n                    <div class=\"etn-atend-btn\">\n                                                <a href=\"https:\/\/meridyenfair.com\/tr\/etn\/cosmetica-2026\/\" class=\"etn-btn etn-btn-border\"\n                            title=\"COSMETICA 2026\">Attend                            <i class=\"etn-icon etm-arrow-right\"><\/i><\/a>\n                                            <\/div>\n                <\/div>\n            <\/div>\n            <!-- content end-->\n        <\/div>\n        <!-- etn event item end-->\n    <\/div>\n        <div class=\"etn-col-md-6 etn-col-lg-4\">\n        <div class=\"etn-event-item\">\n            <!-- thumbnail -->\n                        <div class=\"etn-event-thumb\">\n                <a \n                    href=\"https:\/\/meridyenfair.com\/tr\/etn\/49-international-festival-of-vogue-kyiv-fashion-2026\/\" \n                    aria-label=\"2026 Fuar Takvimi\"\n                >\n                    <img loading=\"lazy\" decoding=\"async\" width=\"400\" height=\"300\" src=\"https:\/\/meridyenfair.com\/wp-content\/uploads\/2025\/10\/kiev-fashion.jpg\" class=\"attachment-large size-large wp-post-image\" alt=\"\" srcset=\"https:\/\/meridyenfair.com\/wp-content\/uploads\/2025\/10\/kiev-fashion.jpg 400w, https:\/\/meridyenfair.com\/wp-content\/uploads\/2025\/10\/kiev-fashion-16x12.jpg 16w\" sizes=\"(max-width: 400px) 100vw, 400px\" \/>                <\/a>\n                <div class=\"etn-event-category\">\n                    <span>2026<\/span> <span>Moda<\/span>                 <\/div>\n                            <\/div>\n                        <!-- thumbnail start-->\n\n            <!-- content start-->\n            <div class=\"etn-event-content\">\n                                                        <div class=\"etn-event-location\"><i class=\"etn-icon etn-location\"><\/i>\n                        Ukrayna, Kiev<\/div>\n                                                    \n                <h3 class=\"etn-title etn-event-title\"><a href=\"https:\/\/meridyenfair.com\/tr\/etn\/49-international-festival-of-vogue-kyiv-fashion-2026\/\">\n                        49. INTERNATIONAL FESTIVAL OF VOGUE KYIV FASHION 2026<\/a> <\/h3>\n                                    <p>\n                        49. INTERNATIONAL FESTIVAL OF VOGUE KYIV FASHION 2026 Uluslararas\u0131 Tekstil                    <\/p>\n                                \n                <div class=\"etn-event-footer\">\n                    <div class=\"etn-event-date\">\n                                    <span>\n\t\t\t\t<i class=\"etn-icon etn-calendar\"><\/i>\n                28 Ocak 2026            <\/span>\n\t\t\t                    <\/div>\n                    <div class=\"etn-atend-btn\">\n                                                <a href=\"https:\/\/meridyenfair.com\/tr\/etn\/49-international-festival-of-vogue-kyiv-fashion-2026\/\" class=\"etn-btn etn-btn-border\"\n                            title=\"49. INTERNATIONAL FESTIVAL OF VOGUE KYIV FASHION 2026\">Attend                            <i class=\"etn-icon etm-arrow-right\"><\/i><\/a>\n                                            <\/div>\n                <\/div>\n            <\/div>\n            <!-- content end-->\n        <\/div>\n        <!-- etn event item end-->\n    <\/div>\n        <div class=\"etn-col-md-6 etn-col-lg-4\">\n        <div class=\"etn-event-item\">\n            <!-- thumbnail -->\n                        <div class=\"etn-event-thumb\">\n                <a \n                    href=\"https:\/\/meridyenfair.com\/tr\/etn\/agropack-2026\/\" \n                    aria-label=\"2026 Fuar Takvimi\"\n                >\n                    <img loading=\"lazy\" decoding=\"async\" width=\"400\" height=\"300\" src=\"https:\/\/meridyenfair.com\/wp-content\/uploads\/2025\/06\/Kirmizi-Sade-Dunya-Tarim-ve-Gida-Gunu-Instagram-Gonderisi.jpg\" class=\"attachment-large size-large wp-post-image\" alt=\"\" srcset=\"https:\/\/meridyenfair.com\/wp-content\/uploads\/2025\/06\/Kirmizi-Sade-Dunya-Tarim-ve-Gida-Gunu-Instagram-Gonderisi.jpg 400w, https:\/\/meridyenfair.com\/wp-content\/uploads\/2025\/06\/Kirmizi-Sade-Dunya-Tarim-ve-Gida-Gunu-Instagram-Gonderisi-16x12.jpg 16w\" sizes=\"(max-width: 400px) 100vw, 400px\" \/>                <\/a>\n                <div class=\"etn-event-category\">\n                    <span>2026<\/span> <span>G\u0131da - Ambalaj<\/span>                 <\/div>\n                            <\/div>\n                        <!-- thumbnail start-->\n\n            <!-- content start-->\n            <div class=\"etn-event-content\">\n                                                        <div class=\"etn-event-location\"><i class=\"etn-icon etn-location\"><\/i>\n                        Cezayir, Cezayir<\/div>\n                                                    \n                <h3 class=\"etn-title etn-event-title\"><a href=\"https:\/\/meridyenfair.com\/tr\/etn\/agropack-2026\/\">\n                        AGROPACK 2026<\/a> <\/h3>\n                                    <p>\n                        AGROPACK 2026 Uluslararas\u0131 Tar\u0131msal G\u0131da ve Ambalaj Fuar\u0131 DAHA FAZLA                    <\/p>\n                                \n                <div class=\"etn-event-footer\">\n                    <div class=\"etn-event-date\">\n                                    <span>\n\t\t\t\t<i class=\"etn-icon etn-calendar\"><\/i>\n                2 \u015eubat 2026            <\/span>\n\t\t\t                    <\/div>\n                    <div class=\"etn-atend-btn\">\n                                                <a href=\"https:\/\/meridyenfair.com\/tr\/etn\/agropack-2026\/\" class=\"etn-btn etn-btn-border\"\n                            title=\"AGROPACK 2026\">Attend                            <i class=\"etn-icon etm-arrow-right\"><\/i><\/a>\n                                            <\/div>\n                <\/div>\n            <\/div>\n            <!-- content end-->\n        <\/div>\n        <!-- etn event item end-->\n    <\/div>\n        <div class=\"etn-col-md-6 etn-col-lg-4\">\n        <div class=\"etn-event-item\">\n            <!-- thumbnail -->\n                        <div class=\"etn-event-thumb\">\n                <a \n                    href=\"https:\/\/meridyenfair.com\/tr\/etn\/heavy-equipment-connect-2026\/\" \n                    aria-label=\"2026 Fuar Takvimi\"\n                >\n                    <img loading=\"lazy\" decoding=\"async\" width=\"400\" height=\"300\" src=\"https:\/\/meridyenfair.com\/wp-content\/uploads\/2025\/11\/a.jpg\" class=\"attachment-large size-large wp-post-image\" alt=\"\" srcset=\"https:\/\/meridyenfair.com\/wp-content\/uploads\/2025\/11\/a.jpg 400w, https:\/\/meridyenfair.com\/wp-content\/uploads\/2025\/11\/a-16x12.jpg 16w\" sizes=\"(max-width: 400px) 100vw, 400px\" \/>                <\/a>\n                <div class=\"etn-event-category\">\n                    <span>2026<\/span> <span>\u0130\u015f - \u0130n\u015faat - Maden Makineleri<\/span>                 <\/div>\n                            <\/div>\n                        <!-- thumbnail start-->\n\n            <!-- content start-->\n            <div class=\"etn-event-content\">\n                                                        <div class=\"etn-event-location\"><i class=\"etn-icon etn-location\"><\/i>\n                        Suudi Arabistan, Dammam<\/div>\n                                                    \n                <h3 class=\"etn-title etn-event-title\"><a href=\"https:\/\/meridyenfair.com\/tr\/etn\/heavy-equipment-connect-2026\/\">\n                        HEAVY EQUIPMENT CONNECT 2026<\/a> <\/h3>\n                                    <p>\n                        HEAVY EQUIPMENT CONNECT 2026 Uluslararas\u0131 \u0130\u015f, \u0130n\u015faat ve Maden Makinalar\u0131                    <\/p>\n                                \n                <div class=\"etn-event-footer\">\n                    <div class=\"etn-event-date\">\n                                    <span>\n\t\t\t\t<i class=\"etn-icon etn-calendar\"><\/i>\n                2 \u015eubat 2026            <\/span>\n\t\t\t                    <\/div>\n                    <div class=\"etn-atend-btn\">\n                                                <a href=\"https:\/\/meridyenfair.com\/tr\/etn\/heavy-equipment-connect-2026\/\" class=\"etn-btn etn-btn-border\"\n                            title=\"HEAVY EQUIPMENT CONNECT 2026\">Attend                            <i class=\"etn-icon etm-arrow-right\"><\/i><\/a>\n                                            <\/div>\n                <\/div>\n            <\/div>\n            <!-- content end-->\n        <\/div>\n        <!-- etn event item end-->\n    <\/div>\n        <div class=\"etn-col-md-6 etn-col-lg-4\">\n        <div class=\"etn-event-item\">\n            <!-- thumbnail -->\n                        <div class=\"etn-event-thumb\">\n                <a \n                    href=\"https:\/\/meridyenfair.com\/tr\/etn\/12-turkmenistan-turk-ihrac-urunleri-fuari\/\" \n                    aria-label=\"2026 Fuar Takvimi\"\n                >\n                    <img loading=\"lazy\" decoding=\"async\" width=\"400\" height=\"300\" src=\"https:\/\/meridyenfair.com\/wp-content\/uploads\/2025\/02\/turkmenistan.jpg\" class=\"attachment-large size-large wp-post-image\" alt=\"\" srcset=\"https:\/\/meridyenfair.com\/wp-content\/uploads\/2025\/02\/turkmenistan.jpg 400w, https:\/\/meridyenfair.com\/wp-content\/uploads\/2025\/02\/turkmenistan-16x12.jpg 16w\" sizes=\"(max-width: 400px) 100vw, 400px\" \/>                <\/a>\n                <div class=\"etn-event-category\">\n                    <span>2026<\/span> <span>Elektrik - Enerji<\/span>                 <\/div>\n                            <\/div>\n                        <!-- thumbnail start-->\n\n            <!-- content start-->\n            <div class=\"etn-event-content\">\n                                                        <div class=\"etn-event-location\"><i class=\"etn-icon etn-location\"><\/i>\n                        T\u00fcrkmenistan, A\u015fkabat<\/div>\n                                                    \n                <h3 class=\"etn-title etn-event-title\"><a href=\"https:\/\/meridyenfair.com\/tr\/etn\/12-turkmenistan-turk-ihrac-urunleri-fuari\/\">\n                        12. T\u00dcRKMEN\u0130STAN T\u00dcRK \u0130HRA\u00c7 \u00dcR\u00dcNLER\u0130 FUARI<\/a> <\/h3>\n                                    <p>\n                        12. T\u00dcRKMEN\u0130STAN T\u00dcRK \u0130HRA\u00c7 \u00dcR\u00dcNLER\u0130 FUARI Uluslararas\u0131 Genel Ticaret Fuar\u0131                    <\/p>\n                                \n                <div class=\"etn-event-footer\">\n                    <div class=\"etn-event-date\">\n                                    <span>\n\t\t\t\t<i class=\"etn-icon etn-calendar\"><\/i>\n                10 \u015eubat 2026            <\/span>\n\t\t\t                    <\/div>\n                    <div class=\"etn-atend-btn\">\n                                                <a href=\"https:\/\/meridyenfair.com\/tr\/etn\/12-turkmenistan-turk-ihrac-urunleri-fuari\/\" class=\"etn-btn etn-btn-border\"\n                            title=\"12. T\u00dcRKMEN\u0130STAN T\u00dcRK \u0130HRA\u00c7 \u00dcR\u00dcNLER\u0130 FUARI\">Attend                            <i class=\"etn-icon etm-arrow-right\"><\/i><\/a>\n                                            <\/div>\n                <\/div>\n            <\/div>\n            <!-- content end-->\n        <\/div>\n        <!-- etn event item end-->\n    <\/div>\n        <div class=\"etn-col-md-6 etn-col-lg-4\">\n        <div class=\"etn-event-item\">\n            <!-- thumbnail -->\n                        <div class=\"etn-event-thumb\">\n                <a \n                    href=\"https:\/\/meridyenfair.com\/tr\/etn\/27-uzbuild-2026\/\" \n                    aria-label=\"2026 Fuar Takvimi\"\n                >\n                    <img loading=\"lazy\" decoding=\"async\" width=\"400\" height=\"300\" src=\"https:\/\/meridyenfair.com\/wp-content\/uploads\/2025\/04\/1-22.jpg\" class=\"attachment-large size-large wp-post-image\" alt=\"\" srcset=\"https:\/\/meridyenfair.com\/wp-content\/uploads\/2025\/04\/1-22.jpg 400w, https:\/\/meridyenfair.com\/wp-content\/uploads\/2025\/04\/1-22-16x12.jpg 16w\" sizes=\"(max-width: 400px) 100vw, 400px\" \/>                <\/a>\n                <div class=\"etn-event-category\">\n                    <span>2026<\/span> <span>\u0130\u015f - \u0130n\u015faat - Maden Makineleri<\/span>                 <\/div>\n                            <\/div>\n                        <!-- thumbnail start-->\n\n            <!-- content start-->\n            <div class=\"etn-event-content\">\n                                                        <div class=\"etn-event-location\"><i class=\"etn-icon etn-location\"><\/i>\n                        \u00d6zbekistan, Ta\u015fkent<\/div>\n                                                    \n                <h3 class=\"etn-title etn-event-title\"><a href=\"https:\/\/meridyenfair.com\/tr\/etn\/27-uzbuild-2026\/\">\n                        27. UZBUILD 2026<\/a> <\/h3>\n                                    <p>\n                        27. UZBUILD 2026 Uluslararas\u0131 Yap\u0131 \u0130n\u015faat Malzemeleri &amp; \u0130\u015f Makineleri                    <\/p>\n                                \n                <div class=\"etn-event-footer\">\n                    <div class=\"etn-event-date\">\n                                    <span>\n\t\t\t\t<i class=\"etn-icon etn-calendar\"><\/i>\n                10 \u015eubat 2026            <\/span>\n\t\t\t                    <\/div>\n                    <div class=\"etn-atend-btn\">\n                                                <a href=\"https:\/\/meridyenfair.com\/tr\/etn\/27-uzbuild-2026\/\" class=\"etn-btn etn-btn-border\"\n                            title=\"27. UZBUILD 2026\">Attend                            <i class=\"etn-icon etm-arrow-right\"><\/i><\/a>\n                                            <\/div>\n                <\/div>\n            <\/div>\n            <!-- content end-->\n        <\/div>\n        <!-- etn event item end-->\n    <\/div>\n        <div class=\"etn-col-md-6 etn-col-lg-4\">\n        <div class=\"etn-event-item\">\n            <!-- thumbnail -->\n                        <div class=\"etn-event-thumb\">\n                <a \n                    href=\"https:\/\/meridyenfair.com\/tr\/etn\/styl-kabo-2026\/\" \n                    aria-label=\"2026 Fuar Takvimi\"\n                >\n                    <img loading=\"lazy\" decoding=\"async\" width=\"400\" height=\"300\" src=\"https:\/\/meridyenfair.com\/wp-content\/uploads\/2026\/01\/STYLE-KABO.jpg\" class=\"attachment-large size-large wp-post-image\" alt=\"\" srcset=\"https:\/\/meridyenfair.com\/wp-content\/uploads\/2026\/01\/STYLE-KABO.jpg 400w, https:\/\/meridyenfair.com\/wp-content\/uploads\/2026\/01\/STYLE-KABO-16x12.jpg 16w\" sizes=\"(max-width: 400px) 100vw, 400px\" \/>                <\/a>\n                <div class=\"etn-event-category\">\n                    <span>2026<\/span> <span>\u00c7ek Cumhuriyeti<\/span>                 <\/div>\n                            <\/div>\n                        <!-- thumbnail start-->\n\n            <!-- content start-->\n            <div class=\"etn-event-content\">\n                                                        <div class=\"etn-event-location\"><i class=\"etn-icon etn-location\"><\/i>\n                        \u00c7ek Cumhuriyeti, Brno<\/div>\n                                                    \n                <h3 class=\"etn-title etn-event-title\"><a href=\"https:\/\/meridyenfair.com\/tr\/etn\/styl-kabo-2026\/\">\n                        65. STYL KABO 2026<\/a> <\/h3>\n                                    <p>\n                        65. STYL KABO 2026 &nbsp;Uluslararas\u0131 Tekstil, Moda ve Ayakkab\u0131 Fuar\u0131                    <\/p>\n                                \n                <div class=\"etn-event-footer\">\n                    <div class=\"etn-event-date\">\n                                    <span>\n\t\t\t\t<i class=\"etn-icon etn-calendar\"><\/i>\n                13 \u015eubat 2026            <\/span>\n\t\t\t                    <\/div>\n                    <div class=\"etn-atend-btn\">\n                                                <a href=\"https:\/\/meridyenfair.com\/tr\/etn\/styl-kabo-2026\/\" class=\"etn-btn etn-btn-border\"\n                            title=\"65. STYL KABO 2026\">Attend                            <i class=\"etn-icon etm-arrow-right\"><\/i><\/a>\n                                            <\/div>\n                <\/div>\n            <\/div>\n            <!-- content end-->\n        <\/div>\n        <!-- etn event item end-->\n    <\/div>\n        <div class=\"etn-col-md-6 etn-col-lg-4\">\n        <div class=\"etn-event-item\">\n            <!-- thumbnail -->\n                        <div class=\"etn-event-thumb\">\n                <a \n                    href=\"https:\/\/meridyenfair.com\/tr\/etn\/kievbuild-2026\/\" \n                    aria-label=\"2026 Fuar Takvimi\"\n                >\n                    <img loading=\"lazy\" decoding=\"async\" width=\"400\" height=\"300\" src=\"https:\/\/meridyenfair.com\/wp-content\/uploads\/2025\/11\/a-1.jpg\" class=\"attachment-large size-large wp-post-image\" alt=\"\" srcset=\"https:\/\/meridyenfair.com\/wp-content\/uploads\/2025\/11\/a-1.jpg 400w, https:\/\/meridyenfair.com\/wp-content\/uploads\/2025\/11\/a-1-16x12.jpg 16w\" sizes=\"(max-width: 400px) 100vw, 400px\" \/>                <\/a>\n                <div class=\"etn-event-category\">\n                    <span>2026<\/span> <span>\u0130\u015f - \u0130n\u015faat - Maden Makineleri<\/span>                 <\/div>\n                            <\/div>\n                        <!-- thumbnail start-->\n\n            <!-- content start-->\n            <div class=\"etn-event-content\">\n                                                        <div class=\"etn-event-location\"><i class=\"etn-icon etn-location\"><\/i>\n                        Ukrayna, Kiev<\/div>\n                                                    \n                <h3 class=\"etn-title etn-event-title\"><a href=\"https:\/\/meridyenfair.com\/tr\/etn\/kievbuild-2026\/\">\n                        KIEVBUILD 2026<\/a> <\/h3>\n                                    <p>\n                        KIEVBUILD 2026 Uluslararas\u0131 Yap\u0131 &amp; in\u015faat Fuar\u0131 DAHA FAZLA B\u0130LG\u0130                    <\/p>\n                                \n                <div class=\"etn-event-footer\">\n                    <div class=\"etn-event-date\">\n                                    <span>\n\t\t\t\t<i class=\"etn-icon etn-calendar\"><\/i>\n                18 \u015eubat 2026            <\/span>\n\t\t\t                    <\/div>\n                    <div class=\"etn-atend-btn\">\n                                                <a href=\"https:\/\/meridyenfair.com\/tr\/etn\/kievbuild-2026\/\" class=\"etn-btn etn-btn-border\"\n                            title=\"KIEVBUILD 2026\">Attend                            <i class=\"etn-icon etm-arrow-right\"><\/i><\/a>\n                                            <\/div>\n                <\/div>\n            <\/div>\n            <!-- content end-->\n        <\/div>\n        <!-- etn event item end-->\n    <\/div>\n        <div class=\"etn-col-md-6 etn-col-lg-4\">\n        <div class=\"etn-event-item\">\n            <!-- thumbnail -->\n                        <div class=\"etn-event-thumb\">\n                <a \n                    href=\"https:\/\/meridyenfair.com\/tr\/etn\/44-eisenwarenmesse-2026\/\" \n                    aria-label=\"2026 Fuar Takvimi\"\n                >\n                    <img loading=\"lazy\" decoding=\"async\" width=\"400\" height=\"300\" src=\"https:\/\/meridyenfair.com\/wp-content\/uploads\/2024\/03\/hirdavat.png\" class=\"attachment-large size-large wp-post-image\" alt=\"\" srcset=\"https:\/\/meridyenfair.com\/wp-content\/uploads\/2024\/03\/hirdavat.png 400w, https:\/\/meridyenfair.com\/wp-content\/uploads\/2024\/03\/hirdavat-16x12.png 16w\" sizes=\"(max-width: 400px) 100vw, 400px\" \/>                <\/a>\n                <div class=\"etn-event-category\">\n                    <span>2026<\/span> <span>Almanya<\/span>                 <\/div>\n                            <\/div>\n                        <!-- thumbnail start-->\n\n            <!-- content start-->\n            <div class=\"etn-event-content\">\n                                                        <div class=\"etn-event-location\"><i class=\"etn-icon etn-location\"><\/i>\n                        Almanya, K\u00f6ln<\/div>\n                                                    \n                <h3 class=\"etn-title etn-event-title\"><a href=\"https:\/\/meridyenfair.com\/tr\/etn\/44-eisenwarenmesse-2026\/\">\n                        44. EISENWARENMESSE 2026<\/a> <\/h3>\n                                    <p>\n                        44. EISENWARENMESSE 2026 Uluslararas\u0131 H\u0131rdavat Fuar\u0131 \u00a0 A\u00c7IKLAMA \u00dcLKE B\u0130LG\u0130LER\u0130                    <\/p>\n                                \n                <div class=\"etn-event-footer\">\n                    <div class=\"etn-event-date\">\n                                    <span>\n\t\t\t\t<i class=\"etn-icon etn-calendar\"><\/i>\n                3 Mart 2026            <\/span>\n\t\t\t                    <\/div>\n                    <div class=\"etn-atend-btn\">\n                                                <a href=\"https:\/\/meridyenfair.com\/tr\/etn\/44-eisenwarenmesse-2026\/\" class=\"etn-btn etn-btn-border\"\n                            title=\"44. EISENWARENMESSE 2026\">Attend                            <i class=\"etn-icon etm-arrow-right\"><\/i><\/a>\n                                            <\/div>\n                <\/div>\n            <\/div>\n            <!-- content end-->\n        <\/div>\n        <!-- etn event item end-->\n    <\/div>\n        <div class=\"etn-col-md-6 etn-col-lg-4\">\n        <div class=\"etn-event-item\">\n            <!-- thumbnail -->\n                        <div class=\"etn-event-thumb\">\n                <a \n                    href=\"https:\/\/meridyenfair.com\/tr\/etn\/key-dpe-2026\/\" \n                    aria-label=\"2026 Fuar Takvimi\"\n                >\n                    <img loading=\"lazy\" decoding=\"async\" width=\"400\" height=\"300\" src=\"https:\/\/meridyenfair.com\/wp-content\/uploads\/2026\/01\/Adsiz-tasarim-87.jpg\" class=\"attachment-large size-large wp-post-image\" alt=\"\" srcset=\"https:\/\/meridyenfair.com\/wp-content\/uploads\/2026\/01\/Adsiz-tasarim-87.jpg 400w, https:\/\/meridyenfair.com\/wp-content\/uploads\/2026\/01\/Adsiz-tasarim-87-16x12.jpg 16w\" sizes=\"(max-width: 400px) 100vw, 400px\" \/>                <\/a>\n                <div class=\"etn-event-category\">\n                    <span>2026<\/span> <span>Elektrik - Enerji<\/span>                 <\/div>\n                            <\/div>\n                        <!-- thumbnail start-->\n\n            <!-- content start-->\n            <div class=\"etn-event-content\">\n                                                        <div class=\"etn-event-location\"><i class=\"etn-icon etn-location\"><\/i>\n                        \u0130talya, Rimini<\/div>\n                                                    \n                <h3 class=\"etn-title etn-event-title\"><a href=\"https:\/\/meridyenfair.com\/tr\/etn\/key-dpe-2026\/\">\n                        KEY \/ DPE 2026<\/a> <\/h3>\n                                    <p>\n                        KEY \/ DPE 2026 Uluslararas\u0131 Elektrik ve T\u00fcm Bile\u015fenleri Fuar\u0131                    <\/p>\n                                \n                <div class=\"etn-event-footer\">\n                    <div class=\"etn-event-date\">\n                                    <span>\n\t\t\t\t<i class=\"etn-icon etn-calendar\"><\/i>\n                4 Mart 2026            <\/span>\n\t\t\t                    <\/div>\n                    <div class=\"etn-atend-btn\">\n                                                <a href=\"https:\/\/meridyenfair.com\/tr\/etn\/key-dpe-2026\/\" class=\"etn-btn etn-btn-border\"\n                            title=\"KEY \/ DPE 2026\">Attend                            <i class=\"etn-icon etm-arrow-right\"><\/i><\/a>\n                                            <\/div>\n                <\/div>\n            <\/div>\n            <!-- content end-->\n        <\/div>\n        <!-- etn event item end-->\n    <\/div>\n        <div class=\"etn-col-md-6 etn-col-lg-4\">\n        <div class=\"etn-event-item\">\n            <!-- thumbnail -->\n                        <div class=\"etn-event-thumb\">\n                <a \n                    href=\"https:\/\/meridyenfair.com\/tr\/etn\/12-polonya-fast-textile-2026\/\" \n                    aria-label=\"2026 Fuar Takvimi\"\n                >\n                    <img loading=\"lazy\" decoding=\"async\" width=\"400\" height=\"300\" src=\"https:\/\/meridyenfair.com\/wp-content\/uploads\/2026\/01\/fast-tekstil.jpg\" class=\"attachment-large size-large wp-post-image\" alt=\"\" srcset=\"https:\/\/meridyenfair.com\/wp-content\/uploads\/2026\/01\/fast-tekstil.jpg 400w, https:\/\/meridyenfair.com\/wp-content\/uploads\/2026\/01\/fast-tekstil-16x12.jpg 16w\" sizes=\"(max-width: 400px) 100vw, 400px\" \/>                <\/a>\n                <div class=\"etn-event-category\">\n                    <span>2026<\/span> <span>Moda<\/span>                 <\/div>\n                            <\/div>\n                        <!-- thumbnail start-->\n\n            <!-- content start-->\n            <div class=\"etn-event-content\">\n                                                        <div class=\"etn-event-location\"><i class=\"etn-icon etn-location\"><\/i>\n                        Polonya, Lodz<\/div>\n                                                    \n                <h3 class=\"etn-title etn-event-title\"><a href=\"https:\/\/meridyenfair.com\/tr\/etn\/12-polonya-fast-textile-2026\/\">\n                        12. POLONYA FAST TEXTILE 2026<\/a> <\/h3>\n                                    <p>\n                        12. POLONYA FAST TEXTILE 2025 Uluslararas\u0131 Tekstil Fuar\u0131 \u00dcLKE B\u0130LG\u0130LER\u0130                    <\/p>\n                                \n                <div class=\"etn-event-footer\">\n                    <div class=\"etn-event-date\">\n                                    <span>\n\t\t\t\t<i class=\"etn-icon etn-calendar\"><\/i>\n                10 Mart 2026            <\/span>\n\t\t\t                    <\/div>\n                    <div class=\"etn-atend-btn\">\n                                                <a href=\"https:\/\/meridyenfair.com\/tr\/etn\/12-polonya-fast-textile-2026\/\" class=\"etn-btn etn-btn-border\"\n                            title=\"12. POLONYA FAST TEXTILE 2026\">Attend                            <i class=\"etn-icon etm-arrow-right\"><\/i><\/a>\n                                            <\/div>\n                <\/div>\n            <\/div>\n            <!-- content end-->\n        <\/div>\n        <!-- etn event item end-->\n    <\/div>\n        <div class=\"etn-col-md-6 etn-col-lg-4\">\n        <div class=\"etn-event-item\">\n            <!-- thumbnail -->\n                        <div class=\"etn-event-thumb\">\n                <a \n                    href=\"https:\/\/meridyenfair.com\/tr\/etn\/architectural-building-week-2026\/\" \n                    aria-label=\"2026 Fuar Takvimi\"\n                >\n                    <img loading=\"lazy\" decoding=\"async\" width=\"400\" height=\"300\" src=\"https:\/\/meridyenfair.com\/wp-content\/uploads\/2025\/04\/1-23.jpg\" class=\"attachment-large size-large wp-post-image\" alt=\"\" srcset=\"https:\/\/meridyenfair.com\/wp-content\/uploads\/2025\/04\/1-23.jpg 400w, https:\/\/meridyenfair.com\/wp-content\/uploads\/2025\/04\/1-23-16x12.jpg 16w\" sizes=\"(max-width: 400px) 100vw, 400px\" \/>                <\/a>\n                <div class=\"etn-event-category\">\n                    <span>2026<\/span> <span>Bulgaristan<\/span>                 <\/div>\n                            <\/div>\n                        <!-- thumbnail start-->\n\n            <!-- content start-->\n            <div class=\"etn-event-content\">\n                                                        <div class=\"etn-event-location\"><i class=\"etn-icon etn-location\"><\/i>\n                        Bulgaristan, Sofya<\/div>\n                                                    \n                <h3 class=\"etn-title etn-event-title\"><a href=\"https:\/\/meridyenfair.com\/tr\/etn\/architectural-building-week-2026\/\">\n                        ARCHITECTURAL BUILDING WEEK 2026<\/a> <\/h3>\n                                    <p>\n                        \u200b ARCHITECTURAL BUILDING WEEK 2026 Uluslararas\u0131 Yap\u0131 &amp; \u0130n\u015faat Fuar\u0131                    <\/p>\n                                \n                <div class=\"etn-event-footer\">\n                    <div class=\"etn-event-date\">\n                                    <span>\n\t\t\t\t<i class=\"etn-icon etn-calendar\"><\/i>\n                11 Mart 2026            <\/span>\n\t\t\t                    <\/div>\n                    <div class=\"etn-atend-btn\">\n                                                <a href=\"https:\/\/meridyenfair.com\/tr\/etn\/architectural-building-week-2026\/\" class=\"etn-btn etn-btn-border\"\n                            title=\"ARCHITECTURAL BUILDING WEEK 2026\">Attend                            <i class=\"etn-icon etm-arrow-right\"><\/i><\/a>\n                                            <\/div>\n                <\/div>\n            <\/div>\n            <!-- content end-->\n        <\/div>\n        <!-- etn event item end-->\n    <\/div>\n        <div class=\"etn-col-md-6 etn-col-lg-4\">\n        <div class=\"etn-event-item\">\n            <!-- thumbnail -->\n                        <div class=\"etn-event-thumb\">\n                <a \n                    href=\"https:\/\/meridyenfair.com\/tr\/etn\/interbuild-expo-2026\/\" \n                    aria-label=\"2026 Fuar Takvimi\"\n                >\n                    <img loading=\"lazy\" decoding=\"async\" width=\"400\" height=\"300\" src=\"https:\/\/meridyenfair.com\/wp-content\/uploads\/2025\/06\/INTERBUILD-EXPO.jpg\" class=\"attachment-large size-large wp-post-image\" alt=\"\" srcset=\"https:\/\/meridyenfair.com\/wp-content\/uploads\/2025\/06\/INTERBUILD-EXPO.jpg 400w, https:\/\/meridyenfair.com\/wp-content\/uploads\/2025\/06\/INTERBUILD-EXPO-16x12.jpg 16w\" sizes=\"(max-width: 400px) 100vw, 400px\" \/>                <\/a>\n                <div class=\"etn-event-category\">\n                    <span>2026<\/span> <span>\u0130\u015f - \u0130n\u015faat - Maden Makineleri<\/span>                 <\/div>\n                            <\/div>\n                        <!-- thumbnail start-->\n\n            <!-- content start-->\n            <div class=\"etn-event-content\">\n                                                        <div class=\"etn-event-location\"><i class=\"etn-icon etn-location\"><\/i>\n                        Ukrayna, Kiev<\/div>\n                                                    \n                <h3 class=\"etn-title etn-event-title\"><a href=\"https:\/\/meridyenfair.com\/tr\/etn\/interbuild-expo-2026\/\">\n                        INTERBUILD EXPO 2026<\/a> <\/h3>\n                                    <p>\n                        INTERBUILD EXPO 2026 Uluslararas\u0131 Yap\u0131 &amp; in\u015faat Fuar\u0131 DAHA FAZLA                    <\/p>\n                                \n                <div class=\"etn-event-footer\">\n                    <div class=\"etn-event-date\">\n                                    <span>\n\t\t\t\t<i class=\"etn-icon etn-calendar\"><\/i>\n                18 Mart 2026            <\/span>\n\t\t\t                    <\/div>\n                    <div class=\"etn-atend-btn\">\n                                                <a href=\"https:\/\/meridyenfair.com\/tr\/etn\/interbuild-expo-2026\/\" class=\"etn-btn etn-btn-border\"\n                            title=\"INTERBUILD EXPO 2026\">Attend                            <i class=\"etn-icon etm-arrow-right\"><\/i><\/a>\n                                            <\/div>\n                <\/div>\n            <\/div>\n            <!-- content end-->\n        <\/div>\n        <!-- etn event item end-->\n    <\/div>\n        <div class=\"etn-col-md-6 etn-col-lg-4\">\n        <div class=\"etn-event-item\">\n            <!-- thumbnail -->\n                        <div class=\"etn-event-thumb\">\n                <a \n                    href=\"https:\/\/meridyenfair.com\/tr\/etn\/int-furniture-forum-kiffmtk-tinnovation-2026-2\/\" \n                    aria-label=\"2026 Fuar Takvimi\"\n                >\n                    <img loading=\"lazy\" decoding=\"async\" width=\"400\" height=\"300\" src=\"https:\/\/meridyenfair.com\/wp-content\/uploads\/2026\/02\/Adsiz-tasarim-88.png\" class=\"attachment-large size-large wp-post-image\" alt=\"\" srcset=\"https:\/\/meridyenfair.com\/wp-content\/uploads\/2026\/02\/Adsiz-tasarim-88.png 400w, https:\/\/meridyenfair.com\/wp-content\/uploads\/2026\/02\/Adsiz-tasarim-88-16x12.png 16w\" sizes=\"(max-width: 400px) 100vw, 400px\" \/>                <\/a>\n                <div class=\"etn-event-category\">\n                    <span>2026<\/span> <span>Mobilya<\/span>                 <\/div>\n                            <\/div>\n                        <!-- thumbnail start-->\n\n            <!-- content start-->\n            <div class=\"etn-event-content\">\n                                                        <div class=\"etn-event-location\"><i class=\"etn-icon etn-location\"><\/i>\n                        Ukrayna, Kiev<\/div>\n                                                    \n                <h3 class=\"etn-title etn-event-title\"><a href=\"https:\/\/meridyenfair.com\/tr\/etn\/int-furniture-forum-kiffmtk-tinnovation-2026-2\/\">\n                        INT. FURNITURE FORUM KIFF&#038;MTK TINNOVATION 2026<\/a> <\/h3>\n                                    <p>\n                        INT. FURNITURE FORUM KIFF&amp;MTK TINNOVATION 2026 Uluslararas\u0131 Mobilya ve Mobilya                    <\/p>\n                                \n                <div class=\"etn-event-footer\">\n                    <div class=\"etn-event-date\">\n                                    <span>\n\t\t\t\t<i class=\"etn-icon etn-calendar\"><\/i>\n                18 Mart 2026            <\/span>\n\t\t\t                    <\/div>\n                    <div class=\"etn-atend-btn\">\n                                                <a href=\"https:\/\/meridyenfair.com\/tr\/etn\/int-furniture-forum-kiffmtk-tinnovation-2026-2\/\" class=\"etn-btn etn-btn-border\"\n                            title=\"INT. FURNITURE FORUM KIFF&#038;MTK TINNOVATION 2026\">Attend                            <i class=\"etn-icon etm-arrow-right\"><\/i><\/a>\n                                            <\/div>\n                <\/div>\n            <\/div>\n            <!-- content end-->\n        <\/div>\n        <!-- etn event item end-->\n    <\/div>\n        <div class=\"etn-col-md-6 etn-col-lg-4\">\n        <div class=\"etn-event-item\">\n            <!-- thumbnail -->\n                        <div class=\"etn-event-thumb\">\n                <a \n                    href=\"https:\/\/meridyenfair.com\/tr\/etn\/green-expo-2026\/\" \n                    aria-label=\"2026 Fuar Takvimi\"\n                >\n                    <img loading=\"lazy\" decoding=\"async\" width=\"400\" height=\"300\" src=\"https:\/\/meridyenfair.com\/wp-content\/uploads\/2026\/03\/green-expo.jpg\" class=\"attachment-large size-large wp-post-image\" alt=\"\" srcset=\"https:\/\/meridyenfair.com\/wp-content\/uploads\/2026\/03\/green-expo.jpg 400w, https:\/\/meridyenfair.com\/wp-content\/uploads\/2026\/03\/green-expo-16x12.jpg 16w\" sizes=\"(max-width: 400px) 100vw, 400px\" \/>                <\/a>\n                <div class=\"etn-event-category\">\n                    <span>2026<\/span> <span>Elektrik - Enerji<\/span>                 <\/div>\n                            <\/div>\n                        <!-- thumbnail start-->\n\n            <!-- content start-->\n            <div class=\"etn-event-content\">\n                                                        <div class=\"etn-event-location\"><i class=\"etn-icon etn-location\"><\/i>\n                        Ukrayna, Kiev<\/div>\n                                                    \n                <h3 class=\"etn-title etn-event-title\"><a href=\"https:\/\/meridyenfair.com\/tr\/etn\/green-expo-2026\/\">\n                        GREEN EXPO 2026<\/a> <\/h3>\n                                    <p>\n                        GREEN EXPO 2026 Uluslararas\u0131 Elektrik ve Enerji Fuar\u0131 DAHA FAZLA                    <\/p>\n                                \n                <div class=\"etn-event-footer\">\n                    <div class=\"etn-event-date\">\n                                    <span>\n\t\t\t\t<i class=\"etn-icon etn-calendar\"><\/i>\n                25 Mart 2026            <\/span>\n\t\t\t                    <\/div>\n                    <div class=\"etn-atend-btn\">\n                                                <a href=\"https:\/\/meridyenfair.com\/tr\/etn\/green-expo-2026\/\" class=\"etn-btn etn-btn-border\"\n                            title=\"GREEN EXPO 2026\">Attend                            <i class=\"etn-icon etm-arrow-right\"><\/i><\/a>\n                                            <\/div>\n                <\/div>\n            <\/div>\n            <!-- content end-->\n        <\/div>\n        <!-- etn event item end-->\n    <\/div>\n        <div class=\"etn-col-md-6 etn-col-lg-4\">\n        <div class=\"etn-event-item\">\n            <!-- thumbnail -->\n                        <div class=\"etn-event-thumb\">\n                <a \n                    href=\"https:\/\/meridyenfair.com\/tr\/etn\/interzum-guangzhou-award-2026\/\" \n                    aria-label=\"2026 Fuar Takvimi\"\n                >\n                    <img loading=\"lazy\" decoding=\"async\" width=\"400\" height=\"300\" src=\"https:\/\/meridyenfair.com\/wp-content\/uploads\/2025\/10\/interzum-guangzhou.jpg\" class=\"attachment-large size-large wp-post-image\" alt=\"\" srcset=\"https:\/\/meridyenfair.com\/wp-content\/uploads\/2025\/10\/interzum-guangzhou.jpg 400w, https:\/\/meridyenfair.com\/wp-content\/uploads\/2025\/10\/interzum-guangzhou-16x12.jpg 16w\" sizes=\"(max-width: 400px) 100vw, 400px\" \/>                <\/a>\n                <div class=\"etn-event-category\">\n                    <span>2026<\/span> <span>\u00c7in<\/span>                 <\/div>\n                            <\/div>\n                        <!-- thumbnail start-->\n\n            <!-- content start-->\n            <div class=\"etn-event-content\">\n                                                        <div class=\"etn-event-location\"><i class=\"etn-icon etn-location\"><\/i>\n                        \u00c7in, Guangzhou<\/div>\n                                                    \n                <h3 class=\"etn-title etn-event-title\"><a href=\"https:\/\/meridyenfair.com\/tr\/etn\/interzum-guangzhou-award-2026\/\">\n                        INTERZUM GUANGZHOU AWARD 2026<\/a> <\/h3>\n                                    <p>\n                        INTERZUM GUANGZHOU 2026 Uluslararas\u0131 Mobilya \u00dcretim Fuar\u0131 A\u00c7IKLAMA A\u00c7IKLAMA Asya&#8217;n\u0131n                    <\/p>\n                                \n                <div class=\"etn-event-footer\">\n                    <div class=\"etn-event-date\">\n                                    <span>\n\t\t\t\t<i class=\"etn-icon etn-calendar\"><\/i>\n                28 Mart 2026            <\/span>\n\t\t\t                    <\/div>\n                    <div class=\"etn-atend-btn\">\n                                                <a href=\"https:\/\/meridyenfair.com\/tr\/etn\/interzum-guangzhou-award-2026\/\" class=\"etn-btn etn-btn-border\"\n                            title=\"INTERZUM GUANGZHOU AWARD 2026\">Attend                            <i class=\"etn-icon etm-arrow-right\"><\/i><\/a>\n                                            <\/div>\n                <\/div>\n            <\/div>\n            <!-- content end-->\n        <\/div>\n        <!-- etn event item end-->\n    <\/div>\n        <div class=\"etn-col-md-6 etn-col-lg-4\">\n        <div class=\"etn-event-item\">\n            <!-- thumbnail -->\n                        <div class=\"etn-event-thumb\">\n                <a \n                    href=\"https:\/\/meridyenfair.com\/tr\/etn\/19-equip-auto-algeria-2025\/\" \n                    aria-label=\"2026 Fuar Takvimi\"\n                >\n                    <img loading=\"lazy\" decoding=\"async\" width=\"400\" height=\"300\" src=\"https:\/\/meridyenfair.com\/wp-content\/uploads\/2025\/03\/equip-auto.jpg\" class=\"attachment-large size-large wp-post-image\" alt=\"\" srcset=\"https:\/\/meridyenfair.com\/wp-content\/uploads\/2025\/03\/equip-auto.jpg 400w, https:\/\/meridyenfair.com\/wp-content\/uploads\/2025\/03\/equip-auto-16x12.jpg 16w\" sizes=\"(max-width: 400px) 100vw, 400px\" \/>                <\/a>\n                <div class=\"etn-event-category\">\n                    <span>2026<\/span> <span>Cezayir<\/span>                 <\/div>\n                            <\/div>\n                        <!-- thumbnail start-->\n\n            <!-- content start-->\n            <div class=\"etn-event-content\">\n                                                        <div class=\"etn-event-location\"><i class=\"etn-icon etn-location\"><\/i>\n                        Cezayir \/ Cezayir<\/div>\n                                                    \n                <h3 class=\"etn-title etn-event-title\"><a href=\"https:\/\/meridyenfair.com\/tr\/etn\/19-equip-auto-algeria-2025\/\">\n                        19. EQUIP AUTO ALGERIA 2026<\/a> <\/h3>\n                                    <p>\n                        19. EQUIP AUTO ALGERIA 2026 Uluslararas\u0131 Otomotiv Yan Sanayi Ve                    <\/p>\n                                \n                <div class=\"etn-event-footer\">\n                    <div class=\"etn-event-date\">\n                                    <span>\n\t\t\t\t<i class=\"etn-icon etn-calendar\"><\/i>\n                30 Mart 2026            <\/span>\n\t\t\t                    <\/div>\n                    <div class=\"etn-atend-btn\">\n                                                <a href=\"https:\/\/meridyenfair.com\/tr\/etn\/19-equip-auto-algeria-2025\/\" class=\"etn-btn etn-btn-border\"\n                            title=\"19. EQUIP AUTO ALGERIA 2026\">Attend                            <i class=\"etn-icon etm-arrow-right\"><\/i><\/a>\n                                            <\/div>\n                <\/div>\n            <\/div>\n            <!-- content end-->\n        <\/div>\n        <!-- etn event item end-->\n    <\/div>\n        <div class=\"etn-col-md-6 etn-col-lg-4\">\n        <div class=\"etn-event-item\">\n            <!-- thumbnail -->\n                        <div class=\"etn-event-thumb\">\n                <a \n                    href=\"https:\/\/meridyenfair.com\/tr\/etn\/kazakhstan-machinery-fair-2026\/\" \n                    aria-label=\"2026 Fuar Takvimi\"\n                >\n                    <img loading=\"lazy\" decoding=\"async\" width=\"400\" height=\"300\" src=\"https:\/\/meridyenfair.com\/wp-content\/uploads\/2025\/06\/kazakistan-metal-isleme.jpg\" class=\"attachment-large size-large wp-post-image\" alt=\"\" srcset=\"https:\/\/meridyenfair.com\/wp-content\/uploads\/2025\/06\/kazakistan-metal-isleme.jpg 400w, https:\/\/meridyenfair.com\/wp-content\/uploads\/2025\/06\/kazakistan-metal-isleme-16x12.jpg 16w\" sizes=\"(max-width: 400px) 100vw, 400px\" \/>                <\/a>\n                <div class=\"etn-event-category\">\n                    <span>2026<\/span> <span>Kazakistan<\/span>                 <\/div>\n                            <\/div>\n                        <!-- thumbnail start-->\n\n            <!-- content start-->\n            <div class=\"etn-event-content\">\n                                                        <div class=\"etn-event-location\"><i class=\"etn-icon etn-location\"><\/i>\n                        Kazakistan, Astana<\/div>\n                                                    \n                <h3 class=\"etn-title etn-event-title\"><a href=\"https:\/\/meridyenfair.com\/tr\/etn\/kazakhstan-machinery-fair-2026\/\">\n                        KAZAKHSTAN MACHINERY FAIR 2026<\/a> <\/h3>\n                                    <p>\n                        KAZAKHSTAN MACHINERY FAIR 2026 Uluslararas\u0131 Makine, Makine End\u00fcstrisi ve Metal                    <\/p>\n                                \n                <div class=\"etn-event-footer\">\n                    <div class=\"etn-event-date\">\n                                    <span>\n\t\t\t\t<i class=\"etn-icon etn-calendar\"><\/i>\n                1 Nisan 2026            <\/span>\n\t\t\t                    <\/div>\n                    <div class=\"etn-atend-btn\">\n                                                <a href=\"https:\/\/meridyenfair.com\/tr\/etn\/kazakhstan-machinery-fair-2026\/\" class=\"etn-btn etn-btn-border\"\n                            title=\"KAZAKHSTAN MACHINERY FAIR 2026\">Attend                            <i class=\"etn-icon etm-arrow-right\"><\/i><\/a>\n                                            <\/div>\n                <\/div>\n            <\/div>\n            <!-- content end-->\n        <\/div>\n        <!-- etn event item end-->\n    <\/div>\n        <div class=\"etn-col-md-6 etn-col-lg-4\">\n        <div class=\"etn-event-item\">\n            <!-- thumbnail -->\n                        <div class=\"etn-event-thumb\">\n                <a \n                    href=\"https:\/\/meridyenfair.com\/tr\/etn\/17-uluslararasi-tarim-haftasi-fuari\/\" \n                    aria-label=\"2026 Fuar Takvimi\"\n                >\n                    <img loading=\"lazy\" decoding=\"async\" width=\"400\" height=\"300\" src=\"https:\/\/meridyenfair.com\/wp-content\/uploads\/2025\/06\/Kirmizi-Sade-Dunya-Tarim-ve-Gida-Gunu-Instagram-Gonderisi-1.jpg\" class=\"attachment-large size-large wp-post-image\" alt=\"\" srcset=\"https:\/\/meridyenfair.com\/wp-content\/uploads\/2025\/06\/Kirmizi-Sade-Dunya-Tarim-ve-Gida-Gunu-Instagram-Gonderisi-1.jpg 400w, https:\/\/meridyenfair.com\/wp-content\/uploads\/2025\/06\/Kirmizi-Sade-Dunya-Tarim-ve-Gida-Gunu-Instagram-Gonderisi-1-16x12.jpg 16w\" sizes=\"(max-width: 400px) 100vw, 400px\" \/>                <\/a>\n                <div class=\"etn-event-category\">\n                    <span>2026<\/span> <span>G\u0131da - Ambalaj<\/span>                 <\/div>\n                            <\/div>\n                        <!-- thumbnail start-->\n\n            <!-- content start-->\n            <div class=\"etn-event-content\">\n                                                        <div class=\"etn-event-location\"><i class=\"etn-icon etn-location\"><\/i>\n                        Irak, Ba\u011fdat<\/div>\n                                                    \n                <h3 class=\"etn-title etn-event-title\"><a href=\"https:\/\/meridyenfair.com\/tr\/etn\/17-uluslararasi-tarim-haftasi-fuari\/\">\n                        17. ULUSLARARASI TARIM HAFTASI FUARI<\/a> <\/h3>\n                                    <p>\n                        17. MEKANI\u0307ZASYON EKI\u0307PMANLARI I\u0307LE TARIMSAL VE HAYVANSAL \u00dcRETI\u0307M TARIM HAFTASI                    <\/p>\n                                \n                <div class=\"etn-event-footer\">\n                    <div class=\"etn-event-date\">\n                                    <span>\n\t\t\t\t<i class=\"etn-icon etn-calendar\"><\/i>\n                1 Nisan 2026            <\/span>\n\t\t\t                    <\/div>\n                    <div class=\"etn-atend-btn\">\n                                                <a href=\"https:\/\/meridyenfair.com\/tr\/etn\/17-uluslararasi-tarim-haftasi-fuari\/\" class=\"etn-btn etn-btn-border\"\n                            title=\"17. ULUSLARARASI TARIM HAFTASI FUARI\">Attend                            <i class=\"etn-icon etm-arrow-right\"><\/i><\/a>\n                                            <\/div>\n                <\/div>\n            <\/div>\n            <!-- content end-->\n        <\/div>\n        <!-- etn event item end-->\n    <\/div>\n        <div class=\"etn-col-md-6 etn-col-lg-4\">\n        <div class=\"etn-event-item\">\n            <!-- thumbnail -->\n                        <div class=\"etn-event-thumb\">\n                <a \n                    href=\"https:\/\/meridyenfair.com\/tr\/etn\/ttm-poznan-otomotiv-teknoloji-fuari-2026\/\" \n                    aria-label=\"2026 Fuar Takvimi\"\n                >\n                    <img loading=\"lazy\" decoding=\"async\" width=\"400\" height=\"300\" src=\"https:\/\/meridyenfair.com\/wp-content\/uploads\/2024\/12\/ttm-poznan.jpg\" class=\"attachment-large size-large wp-post-image\" alt=\"\" srcset=\"https:\/\/meridyenfair.com\/wp-content\/uploads\/2024\/12\/ttm-poznan.jpg 400w, https:\/\/meridyenfair.com\/wp-content\/uploads\/2024\/12\/ttm-poznan-16x12.jpg 16w\" sizes=\"(max-width: 400px) 100vw, 400px\" \/>                <\/a>\n                <div class=\"etn-event-category\">\n                    <span>2026<\/span> <span>Otomotiv<\/span>                 <\/div>\n                            <\/div>\n                        <!-- thumbnail start-->\n\n            <!-- content start-->\n            <div class=\"etn-event-content\">\n                                                        <div class=\"etn-event-location\"><i class=\"etn-icon etn-location\"><\/i>\n                        Polonya, Poznan<\/div>\n                                                    \n                <h3 class=\"etn-title etn-event-title\"><a href=\"https:\/\/meridyenfair.com\/tr\/etn\/ttm-poznan-otomotiv-teknoloji-fuari-2026\/\">\n                        TTM POZNAN OTOMOT\u0130V TEKNOLOJ\u0130 FUARI 2026<\/a> <\/h3>\n                                    <p>\n                        TTM POZNAN OTOMOT\u0130V TEKNOLOJ\u0130 FUARI 2026 Uluslararas\u0131 Otomotiv Yan Sanayi                    <\/p>\n                                \n                <div class=\"etn-event-footer\">\n                    <div class=\"etn-event-date\">\n                                    <span>\n\t\t\t\t<i class=\"etn-icon etn-calendar\"><\/i>\n                23 Nisan 2026            <\/span>\n\t\t\t                    <\/div>\n                    <div class=\"etn-atend-btn\">\n                                                <a href=\"https:\/\/meridyenfair.com\/tr\/etn\/ttm-poznan-otomotiv-teknoloji-fuari-2026\/\" class=\"etn-btn etn-btn-border\"\n                            title=\"TTM POZNAN OTOMOT\u0130V TEKNOLOJ\u0130 FUARI 2026\">Attend                            <i class=\"etn-icon etm-arrow-right\"><\/i><\/a>\n                                            <\/div>\n                <\/div>\n            <\/div>\n            <!-- content end-->\n        <\/div>\n        <!-- etn event item end-->\n    <\/div>\n        <div class=\"etn-col-md-6 etn-col-lg-4\">\n        <div class=\"etn-event-item\">\n            <!-- thumbnail -->\n                        <div class=\"etn-event-thumb\">\n                <a \n                    href=\"https:\/\/meridyenfair.com\/tr\/etn\/windoorex-glass-aluminyum-2026\/\" \n                    aria-label=\"2026 Fuar Takvimi\"\n                >\n                    <img loading=\"lazy\" decoding=\"async\" width=\"400\" height=\"300\" src=\"https:\/\/meridyenfair.com\/wp-content\/uploads\/2025\/06\/Kirmizi-Sade-Dunya-Tarim-ve-Gida-Gunu-Instagram-Gonderisi-5.jpg\" class=\"attachment-large size-large wp-post-image\" alt=\"\" srcset=\"https:\/\/meridyenfair.com\/wp-content\/uploads\/2025\/06\/Kirmizi-Sade-Dunya-Tarim-ve-Gida-Gunu-Instagram-Gonderisi-5.jpg 400w, https:\/\/meridyenfair.com\/wp-content\/uploads\/2025\/06\/Kirmizi-Sade-Dunya-Tarim-ve-Gida-Gunu-Instagram-Gonderisi-5-16x12.jpg 16w\" sizes=\"(max-width: 400px) 100vw, 400px\" \/>                <\/a>\n                <div class=\"etn-event-category\">\n                    <span>2026<\/span> <span>Suudi Arabistan<\/span>                 <\/div>\n                            <\/div>\n                        <!-- thumbnail start-->\n\n            <!-- content start-->\n            <div class=\"etn-event-content\">\n                                                        <div class=\"etn-event-location\"><i class=\"etn-icon etn-location\"><\/i>\n                        Suudi Arabistan, Riyad<\/div>\n                                                    \n                <h3 class=\"etn-title etn-event-title\"><a href=\"https:\/\/meridyenfair.com\/tr\/etn\/windoorex-glass-aluminyum-2026\/\">\n                        WINDOOREX GLASS &#038; AL\u00dcM\u0130NYUM 2026<\/a> <\/h3>\n                                    <p>\n                        WINDOOREX GLASS &amp; AL\u00dcM\u0130NYUM 2026 Uluslararas\u0131 Kap\u0131 &amp; Pencere &amp;                    <\/p>\n                                \n                <div class=\"etn-event-footer\">\n                    <div class=\"etn-event-date\">\n                                    <span>\n\t\t\t\t<i class=\"etn-icon etn-calendar\"><\/i>\n                26 Nisan 2026            <\/span>\n\t\t\t                    <\/div>\n                    <div class=\"etn-atend-btn\">\n                                                <a href=\"https:\/\/meridyenfair.com\/tr\/etn\/windoorex-glass-aluminyum-2026\/\" class=\"etn-btn etn-btn-border\"\n                            title=\"WINDOOREX GLASS &#038; AL\u00dcM\u0130NYUM 2026\">Attend                            <i class=\"etn-icon etm-arrow-right\"><\/i><\/a>\n                                            <\/div>\n                <\/div>\n            <\/div>\n            <!-- content end-->\n        <\/div>\n        <!-- etn event item end-->\n    <\/div>\n        <div class=\"etn-col-md-6 etn-col-lg-4\">\n        <div class=\"etn-event-item\">\n            <!-- thumbnail -->\n                        <div class=\"etn-event-thumb\">\n                <a \n                    href=\"https:\/\/meridyenfair.com\/tr\/etn\/saudi-projects-2026\/\" \n                    aria-label=\"2026 Fuar Takvimi\"\n                >\n                    <img loading=\"lazy\" decoding=\"async\" width=\"400\" height=\"300\" src=\"https:\/\/meridyenfair.com\/wp-content\/uploads\/2025\/06\/Kirmizi-Sade-Dunya-Tarim-ve-Gida-Gunu-Instagram-Gonderisi-3.jpg\" class=\"attachment-large size-large wp-post-image\" alt=\"\" srcset=\"https:\/\/meridyenfair.com\/wp-content\/uploads\/2025\/06\/Kirmizi-Sade-Dunya-Tarim-ve-Gida-Gunu-Instagram-Gonderisi-3.jpg 400w, https:\/\/meridyenfair.com\/wp-content\/uploads\/2025\/06\/Kirmizi-Sade-Dunya-Tarim-ve-Gida-Gunu-Instagram-Gonderisi-3-16x12.jpg 16w\" sizes=\"(max-width: 400px) 100vw, 400px\" \/>                <\/a>\n                <div class=\"etn-event-category\">\n                    <span>2026<\/span> <span>\u0130\u015f - \u0130n\u015faat - Maden Makineleri<\/span>                 <\/div>\n                            <\/div>\n                        <!-- thumbnail start-->\n\n            <!-- content start-->\n            <div class=\"etn-event-content\">\n                                                        <div class=\"etn-event-location\"><i class=\"etn-icon etn-location\"><\/i>\n                        Suudi Arabistan, Riyad<\/div>\n                                                    \n                <h3 class=\"etn-title etn-event-title\"><a href=\"https:\/\/meridyenfair.com\/tr\/etn\/saudi-projects-2026\/\">\n                        SAUDI PROJECTS 2026<\/a> <\/h3>\n                                    <p>\n                        SAUDI PROJECTS 2026Uluslararas\u0131 Yap\u0131 &amp; \u0130n\u015faat Fuar\u0131 DAHA FAZLA B\u0130LG\u0130                    <\/p>\n                                \n                <div class=\"etn-event-footer\">\n                    <div class=\"etn-event-date\">\n                                    <span>\n\t\t\t\t<i class=\"etn-icon etn-calendar\"><\/i>\n                26 Nisan 2026            <\/span>\n\t\t\t                    <\/div>\n                    <div class=\"etn-atend-btn\">\n                                                <a href=\"https:\/\/meridyenfair.com\/tr\/etn\/saudi-projects-2026\/\" class=\"etn-btn etn-btn-border\"\n                            title=\"SAUDI PROJECTS 2026\">Attend                            <i class=\"etn-icon etm-arrow-right\"><\/i><\/a>\n                                            <\/div>\n                <\/div>\n            <\/div>\n            <!-- content end-->\n        <\/div>\n        <!-- etn event item end-->\n    <\/div>\n        <div class=\"etn-col-md-6 etn-col-lg-4\">\n        <div class=\"etn-event-item\">\n            <!-- thumbnail -->\n                        <div class=\"etn-event-thumb\">\n                <a \n                    href=\"https:\/\/meridyenfair.com\/tr\/etn\/28-batimatec-2026\/\" \n                    aria-label=\"2026 Fuar Takvimi\"\n                >\n                    <img loading=\"lazy\" decoding=\"async\" width=\"400\" height=\"300\" src=\"https:\/\/meridyenfair.com\/wp-content\/uploads\/2025\/05\/BATIMATEC.jpg\" class=\"attachment-large size-large wp-post-image\" alt=\"\" srcset=\"https:\/\/meridyenfair.com\/wp-content\/uploads\/2025\/05\/BATIMATEC.jpg 400w, https:\/\/meridyenfair.com\/wp-content\/uploads\/2025\/05\/BATIMATEC-16x12.jpg 16w\" sizes=\"(max-width: 400px) 100vw, 400px\" \/>                <\/a>\n                <div class=\"etn-event-category\">\n                    <span>2026<\/span> <span>Cezayir<\/span>                 <\/div>\n                            <\/div>\n                        <!-- thumbnail start-->\n\n            <!-- content start-->\n            <div class=\"etn-event-content\">\n                                                        <div class=\"etn-event-location\"><i class=\"etn-icon etn-location\"><\/i>\n                        Cezayir, Cezayir<\/div>\n                                                    \n                <h3 class=\"etn-title etn-event-title\"><a href=\"https:\/\/meridyenfair.com\/tr\/etn\/28-batimatec-2026\/\">\n                        28. BATIMATEC 2026<\/a> <\/h3>\n                                    <p>\n                        28. BATIMATEC 2026 Uluslararas\u0131 Yap\u0131 &amp; \u0130n\u015faat Malzemeleri Fuar\u0131 \u00dcLKE                    <\/p>\n                                \n                <div class=\"etn-event-footer\">\n                    <div class=\"etn-event-date\">\n                                    <span>\n\t\t\t\t<i class=\"etn-icon etn-calendar\"><\/i>\n                3 May\u0131s 2026            <\/span>\n\t\t\t                    <\/div>\n                    <div class=\"etn-atend-btn\">\n                                                <a href=\"https:\/\/meridyenfair.com\/tr\/etn\/28-batimatec-2026\/\" class=\"etn-btn etn-btn-border\"\n                            title=\"28. BATIMATEC 2026\">Attend                            <i class=\"etn-icon etm-arrow-right\"><\/i><\/a>\n                                            <\/div>\n                <\/div>\n            <\/div>\n            <!-- content end-->\n        <\/div>\n        <!-- etn event item end-->\n    <\/div>\n        <div class=\"etn-col-md-6 etn-col-lg-4\">\n        <div class=\"etn-event-item\">\n            <!-- thumbnail -->\n                        <div class=\"etn-event-thumb\">\n                <a \n                    href=\"https:\/\/meridyenfair.com\/tr\/etn\/windoorex-2026\/\" \n                    aria-label=\"2026 Fuar Takvimi\"\n                >\n                    <img loading=\"lazy\" decoding=\"async\" width=\"400\" height=\"300\" src=\"https:\/\/meridyenfair.com\/wp-content\/uploads\/2025\/06\/1-29.jpg\" class=\"attachment-large size-large wp-post-image\" alt=\"\" srcset=\"https:\/\/meridyenfair.com\/wp-content\/uploads\/2025\/06\/1-29.jpg 400w, https:\/\/meridyenfair.com\/wp-content\/uploads\/2025\/06\/1-29-16x12.jpg 16w\" sizes=\"(max-width: 400px) 100vw, 400px\" \/>                <\/a>\n                <div class=\"etn-event-category\">\n                    <span>2026<\/span> <span>Kap\u0131 - Pencere<\/span>                 <\/div>\n                            <\/div>\n                        <!-- thumbnail start-->\n\n            <!-- content start-->\n            <div class=\"etn-event-content\">\n                                                        <div class=\"etn-event-location\"><i class=\"etn-icon etn-location\"><\/i>\n                        M\u0131s\u0131r, Kahire<\/div>\n                                                    \n                <h3 class=\"etn-title etn-event-title\"><a href=\"https:\/\/meridyenfair.com\/tr\/etn\/windoorex-2026\/\">\n                        WINDOOREX 2026<\/a> <\/h3>\n                                    <p>\n                        WINDOOREX 2026 Uluslararas\u0131 Kap\u0131 &amp; Pencere Fuar\u0131 DAHA FAZLA B\u0130LG\u0130                    <\/p>\n                                \n                <div class=\"etn-event-footer\">\n                    <div class=\"etn-event-date\">\n                                    <span>\n\t\t\t\t<i class=\"etn-icon etn-calendar\"><\/i>\n                7 May\u0131s 2026            <\/span>\n\t\t\t                    <\/div>\n                    <div class=\"etn-atend-btn\">\n                                                <a href=\"https:\/\/meridyenfair.com\/tr\/etn\/windoorex-2026\/\" class=\"etn-btn etn-btn-border\"\n                            title=\"WINDOOREX 2026\">Attend                            <i class=\"etn-icon etm-arrow-right\"><\/i><\/a>\n                                            <\/div>\n                <\/div>\n            <\/div>\n            <!-- content end-->\n        <\/div>\n        <!-- etn event item end-->\n    <\/div>\n        <div class=\"etn-col-md-6 etn-col-lg-4\">\n        <div class=\"etn-event-item\">\n            <!-- thumbnail -->\n                        <div class=\"etn-event-thumb\">\n                <a \n                    href=\"https:\/\/meridyenfair.com\/tr\/etn\/metal-show-tib-2026\/\" \n                    aria-label=\"2026 Fuar Takvimi\"\n                >\n                    <img loading=\"lazy\" decoding=\"async\" width=\"400\" height=\"300\" src=\"https:\/\/meridyenfair.com\/wp-content\/uploads\/2025\/06\/Adsiz-tasarim-28.jpg\" class=\"attachment-large size-large wp-post-image\" alt=\"\" srcset=\"https:\/\/meridyenfair.com\/wp-content\/uploads\/2025\/06\/Adsiz-tasarim-28.jpg 400w, https:\/\/meridyenfair.com\/wp-content\/uploads\/2025\/06\/Adsiz-tasarim-28-16x12.jpg 16w\" sizes=\"(max-width: 400px) 100vw, 400px\" \/>                <\/a>\n                <div class=\"etn-event-category\">\n                    <span>2026<\/span> <span>Metal \u0130\u015fleme Sanayi Makineleri<\/span>                 <\/div>\n                            <\/div>\n                        <!-- thumbnail start-->\n\n            <!-- content start-->\n            <div class=\"etn-event-content\">\n                                                        <div class=\"etn-event-location\"><i class=\"etn-icon etn-location\"><\/i>\n                        Romanya, B\u00fckre\u015f<\/div>\n                                                    \n                <h3 class=\"etn-title etn-event-title\"><a href=\"https:\/\/meridyenfair.com\/tr\/etn\/metal-show-tib-2026\/\">\n                        METAL SHOW &#8211; TIB 2026<\/a> <\/h3>\n                                    <p>\n                        METAL SHOW &#8211; TIB 2026 Uluslararas\u0131 Metal \u0130\u015fleme,Teknolojiler ve End\u00fcstriyel                    <\/p>\n                                \n                <div class=\"etn-event-footer\">\n                    <div class=\"etn-event-date\">\n                                    <span>\n\t\t\t\t<i class=\"etn-icon etn-calendar\"><\/i>\n                12 May\u0131s 2026            <\/span>\n\t\t\t                    <\/div>\n                    <div class=\"etn-atend-btn\">\n                                                <a href=\"https:\/\/meridyenfair.com\/tr\/etn\/metal-show-tib-2026\/\" class=\"etn-btn etn-btn-border\"\n                            title=\"METAL SHOW &#8211; TIB 2026\">Attend                            <i class=\"etn-icon etm-arrow-right\"><\/i><\/a>\n                                            <\/div>\n                <\/div>\n            <\/div>\n            <!-- content end-->\n        <\/div>\n        <!-- etn event item end-->\n    <\/div>\n        <div class=\"etn-col-md-6 etn-col-lg-4\">\n        <div class=\"etn-event-item\">\n            <!-- thumbnail -->\n                        <div class=\"etn-event-thumb\">\n                <a \n                    href=\"https:\/\/meridyenfair.com\/tr\/etn\/west-africa-automotive-show-2026\/\" \n                    aria-label=\"2026 Fuar Takvimi\"\n                >\n                    <img loading=\"lazy\" decoding=\"async\" width=\"400\" height=\"300\" src=\"https:\/\/meridyenfair.com\/wp-content\/uploads\/2025\/07\/Adsiz-tasarim-37.jpg\" class=\"attachment-large size-large wp-post-image\" alt=\"\" srcset=\"https:\/\/meridyenfair.com\/wp-content\/uploads\/2025\/07\/Adsiz-tasarim-37.jpg 400w, https:\/\/meridyenfair.com\/wp-content\/uploads\/2025\/07\/Adsiz-tasarim-37-16x12.jpg 16w\" sizes=\"(max-width: 400px) 100vw, 400px\" \/>                <\/a>\n                <div class=\"etn-event-category\">\n                    <span>2026<\/span> <span>Nijerya<\/span>                 <\/div>\n                            <\/div>\n                        <!-- thumbnail start-->\n\n            <!-- content start-->\n            <div class=\"etn-event-content\">\n                                                        <div class=\"etn-event-location\"><i class=\"etn-icon etn-location\"><\/i>\n                        Nijerya, Lagos<\/div>\n                                                    \n                <h3 class=\"etn-title etn-event-title\"><a href=\"https:\/\/meridyenfair.com\/tr\/etn\/west-africa-automotive-show-2026\/\">\n                        WEST AFRICA AUTOMOTIVE SHOW 2026 \/ WAAS<\/a> <\/h3>\n                                    <p>\n                        WEST AFRICA AUTOMOTIVE SHOW 2026 \/ WAAS Uluslararas\u0131 Otomotiv Yedek                    <\/p>\n                                \n                <div class=\"etn-event-footer\">\n                    <div class=\"etn-event-date\">\n                                    <span>\n\t\t\t\t<i class=\"etn-icon etn-calendar\"><\/i>\n                12 May\u0131s 2026            <\/span>\n\t\t\t                    <\/div>\n                    <div class=\"etn-atend-btn\">\n                                                <a href=\"https:\/\/meridyenfair.com\/tr\/etn\/west-africa-automotive-show-2026\/\" class=\"etn-btn etn-btn-border\"\n                            title=\"WEST AFRICA AUTOMOTIVE SHOW 2026 \/ WAAS\">Attend                            <i class=\"etn-icon etm-arrow-right\"><\/i><\/a>\n                                            <\/div>\n                <\/div>\n            <\/div>\n            <!-- content end-->\n        <\/div>\n        <!-- etn event item end-->\n    <\/div>\n        <div class=\"etn-col-md-6 etn-col-lg-4\">\n        <div class=\"etn-event-item\">\n            <!-- thumbnail -->\n                        <div class=\"etn-event-thumb\">\n                <a \n                    href=\"https:\/\/meridyenfair.com\/tr\/etn\/auto-tech-service-com-auto-trans-2026\/\" \n                    aria-label=\"2026 Fuar Takvimi\"\n                >\n                    <img loading=\"lazy\" decoding=\"async\" width=\"400\" height=\"300\" src=\"https:\/\/meridyenfair.com\/wp-content\/uploads\/2025\/11\/Adsiz-tasarim-84.jpg\" class=\"attachment-large size-large wp-post-image\" alt=\"\" srcset=\"https:\/\/meridyenfair.com\/wp-content\/uploads\/2025\/11\/Adsiz-tasarim-84.jpg 400w, https:\/\/meridyenfair.com\/wp-content\/uploads\/2025\/11\/Adsiz-tasarim-84-16x12.jpg 16w\" sizes=\"(max-width: 400px) 100vw, 400px\" \/>                <\/a>\n                <div class=\"etn-event-category\">\n                    <span>2026<\/span> <span>Otomotiv<\/span>                 <\/div>\n                            <\/div>\n                        <!-- thumbnail start-->\n\n            <!-- content start-->\n            <div class=\"etn-event-content\">\n                                                        <div class=\"etn-event-location\"><i class=\"etn-icon etn-location\"><\/i>\n                        Ukrayna, Kiev<\/div>\n                                                    \n                <h3 class=\"etn-title etn-event-title\"><a href=\"https:\/\/meridyenfair.com\/tr\/etn\/auto-tech-service-com-auto-trans-2026\/\">\n                        AUTO TECH SERVICE &#8211; COM AUTO TRANS 2026<\/a> <\/h3>\n                                    <p>\n                        AUTO TECH SERVICE &#8211; COM AUTO TRANS 2026 Uluslararas\u0131 Otomotiv                    <\/p>\n                                \n                <div class=\"etn-event-footer\">\n                    <div class=\"etn-event-date\">\n                                    <span>\n\t\t\t\t<i class=\"etn-icon etn-calendar\"><\/i>\n                12 May\u0131s 2026            <\/span>\n\t\t\t                    <\/div>\n                    <div class=\"etn-atend-btn\">\n                                                <a href=\"https:\/\/meridyenfair.com\/tr\/etn\/auto-tech-service-com-auto-trans-2026\/\" class=\"etn-btn etn-btn-border\"\n                            title=\"AUTO TECH SERVICE &#8211; COM AUTO TRANS 2026\">Attend                            <i class=\"etn-icon etm-arrow-right\"><\/i><\/a>\n                                            <\/div>\n                <\/div>\n            <\/div>\n            <!-- content end-->\n        <\/div>\n        <!-- etn event item end-->\n    <\/div>\n        <div class=\"etn-col-md-6 etn-col-lg-4\">\n        <div class=\"etn-event-item\">\n            <!-- thumbnail -->\n                        <div class=\"etn-event-thumb\">\n                <a \n                    href=\"https:\/\/meridyenfair.com\/tr\/etn\/int-apparel-textile-fair-2026\/\" \n                    aria-label=\"2026 Fuar Takvimi\"\n                >\n                    <img loading=\"lazy\" decoding=\"async\" width=\"400\" height=\"300\" src=\"https:\/\/meridyenfair.com\/wp-content\/uploads\/2026\/01\/Adsiz-tasarim-87.png\" class=\"attachment-large size-large wp-post-image\" alt=\"\" srcset=\"https:\/\/meridyenfair.com\/wp-content\/uploads\/2026\/01\/Adsiz-tasarim-87.png 400w, https:\/\/meridyenfair.com\/wp-content\/uploads\/2026\/01\/Adsiz-tasarim-87-16x12.png 16w\" sizes=\"(max-width: 400px) 100vw, 400px\" \/>                <\/a>\n                <div class=\"etn-event-category\">\n                    <span>2026<\/span> <span>Dubai<\/span>                 <\/div>\n                            <\/div>\n                        <!-- thumbnail start-->\n\n            <!-- content start-->\n            <div class=\"etn-event-content\">\n                                                                    \n                <h3 class=\"etn-title etn-event-title\"><a href=\"https:\/\/meridyenfair.com\/tr\/etn\/int-apparel-textile-fair-2026\/\">\n                        INT. APPAREL &#038; TEXTILE FAIR 2026<\/a> <\/h3>\n                                    <p>\n                        INT. APPAREL &amp; TEXTILE FAIR 2026 Uluslararas\u0131 Moda ve Tekstil                    <\/p>\n                                \n                <div class=\"etn-event-footer\">\n                    <div class=\"etn-event-date\">\n                                    <span>\n\t\t\t\t<i class=\"etn-icon etn-calendar\"><\/i>\n                18 May\u0131s 2026            <\/span>\n\t\t\t                    <\/div>\n                    <div class=\"etn-atend-btn\">\n                                                <a href=\"https:\/\/meridyenfair.com\/tr\/etn\/int-apparel-textile-fair-2026\/\" class=\"etn-btn etn-btn-border\"\n                            title=\"INT. APPAREL &#038; TEXTILE FAIR 2026\">Attend                            <i class=\"etn-icon etm-arrow-right\"><\/i><\/a>\n                                            <\/div>\n                <\/div>\n            <\/div>\n            <!-- content end-->\n        <\/div>\n        <!-- etn event item end-->\n    <\/div>\n        <div class=\"etn-col-md-6 etn-col-lg-4\">\n        <div class=\"etn-event-item\">\n            <!-- thumbnail -->\n                        <div class=\"etn-event-thumb\">\n                <a \n                    href=\"https:\/\/meridyenfair.com\/tr\/etn\/international-industrial-forum-2026\/\" \n                    aria-label=\"2026 Fuar Takvimi\"\n                >\n                    <img loading=\"lazy\" decoding=\"async\" width=\"400\" height=\"300\" src=\"https:\/\/meridyenfair.com\/wp-content\/uploads\/2025\/11\/Adsiz-tasarim-73.jpg\" class=\"attachment-large size-large wp-post-image\" alt=\"\" srcset=\"https:\/\/meridyenfair.com\/wp-content\/uploads\/2025\/11\/Adsiz-tasarim-73.jpg 400w, https:\/\/meridyenfair.com\/wp-content\/uploads\/2025\/11\/Adsiz-tasarim-73-16x12.jpg 16w\" sizes=\"(max-width: 400px) 100vw, 400px\" \/>                <\/a>\n                <div class=\"etn-event-category\">\n                    <span>2026<\/span> <span>Metal \u0130\u015fleme Sanayi Makineleri<\/span>                 <\/div>\n                            <\/div>\n                        <!-- thumbnail start-->\n\n            <!-- content start-->\n            <div class=\"etn-event-content\">\n                                                        <div class=\"etn-event-location\"><i class=\"etn-icon etn-location\"><\/i>\n                        Ukrayna, Kiev<\/div>\n                                                    \n                <h3 class=\"etn-title etn-event-title\"><a href=\"https:\/\/meridyenfair.com\/tr\/etn\/international-industrial-forum-2026\/\">\n                        INTERNATIONAL INDUSTRIAL FORUM 2026<\/a> <\/h3>\n                                    <p>\n                        INTERNATIONAL INDUSTRIAL FORUM 2026 Uluslararas\u0131 Makina, Makina Aksamlar\u0131 ve Teknolojileri                    <\/p>\n                                \n                <div class=\"etn-event-footer\">\n                    <div class=\"etn-event-date\">\n                                    <span>\n\t\t\t\t<i class=\"etn-icon etn-calendar\"><\/i>\n                26 May\u0131s 2026            <\/span>\n\t\t\t                    <\/div>\n                    <div class=\"etn-atend-btn\">\n                                                <a href=\"https:\/\/meridyenfair.com\/tr\/etn\/international-industrial-forum-2026\/\" class=\"etn-btn etn-btn-border\"\n                            title=\"INTERNATIONAL INDUSTRIAL FORUM 2026\">Attend                            <i class=\"etn-icon etm-arrow-right\"><\/i><\/a>\n                                            <\/div>\n                <\/div>\n            <\/div>\n            <!-- content end-->\n        <\/div>\n        <!-- etn event item end-->\n    <\/div>\n        <div class=\"etn-col-md-6 etn-col-lg-4\">\n        <div class=\"etn-event-item\">\n            <!-- thumbnail -->\n                        <div class=\"etn-event-thumb\">\n                <a \n                    href=\"https:\/\/meridyenfair.com\/tr\/etn\/window-tec-door-tec-expo-2026\/\" \n                    aria-label=\"2026 Fuar Takvimi\"\n                >\n                    <img loading=\"lazy\" decoding=\"async\" width=\"400\" height=\"300\" src=\"https:\/\/meridyenfair.com\/wp-content\/uploads\/2026\/02\/Adsiz-tasarim-89.png\" class=\"attachment-large size-large wp-post-image\" alt=\"\" srcset=\"https:\/\/meridyenfair.com\/wp-content\/uploads\/2026\/02\/Adsiz-tasarim-89.png 400w, https:\/\/meridyenfair.com\/wp-content\/uploads\/2026\/02\/Adsiz-tasarim-89-16x12.png 16w\" sizes=\"(max-width: 400px) 100vw, 400px\" \/>                <\/a>\n                <div class=\"etn-event-category\">\n                    <span>2026<\/span> <span>Kap\u0131 - Pencere<\/span>                 <\/div>\n                            <\/div>\n                        <!-- thumbnail start-->\n\n            <!-- content start-->\n            <div class=\"etn-event-content\">\n                                                        <div class=\"etn-event-location\"><i class=\"etn-icon etn-location\"><\/i>\n                        Polonya, Var\u015fova<\/div>\n                                                    \n                <h3 class=\"etn-title etn-event-title\"><a href=\"https:\/\/meridyenfair.com\/tr\/etn\/window-tec-door-tec-expo-2026\/\">\n                        WINDOW TEC-DOOR TEC EXPO 2026<\/a> <\/h3>\n                                    <p>\n                        WINDOW TEC-DOOR TEC EXPO 2026 Uluslararas\u0131 Pencere End\u00fcstrisi Teknolojileri ve                    <\/p>\n                                \n                <div class=\"etn-event-footer\">\n                    <div class=\"etn-event-date\">\n                                    <span>\n\t\t\t\t<i class=\"etn-icon etn-calendar\"><\/i>\n                26 May\u0131s 2026            <\/span>\n\t\t\t                    <\/div>\n                    <div class=\"etn-atend-btn\">\n                                                <a href=\"https:\/\/meridyenfair.com\/tr\/etn\/window-tec-door-tec-expo-2026\/\" class=\"etn-btn etn-btn-border\"\n                            title=\"WINDOW TEC-DOOR TEC EXPO 2026\">Attend                            <i class=\"etn-icon etm-arrow-right\"><\/i><\/a>\n                                            <\/div>\n                <\/div>\n            <\/div>\n            <!-- content end-->\n        <\/div>\n        <!-- etn event item end-->\n    <\/div>\n        <div class=\"etn-col-md-6 etn-col-lg-4\">\n        <div class=\"etn-event-item\">\n            <!-- thumbnail -->\n                        <div class=\"etn-event-thumb\">\n                <a \n                    href=\"https:\/\/meridyenfair.com\/tr\/etn\/solar-storage-live-espano\/\" \n                    aria-label=\"2026 Fuar Takvimi\"\n                >\n                    <img loading=\"lazy\" decoding=\"async\" width=\"400\" height=\"300\" src=\"https:\/\/meridyenfair.com\/wp-content\/uploads\/2026\/02\/Adsiz-tasarim-88.jpg\" class=\"attachment-large size-large wp-post-image\" alt=\"\" srcset=\"https:\/\/meridyenfair.com\/wp-content\/uploads\/2026\/02\/Adsiz-tasarim-88.jpg 400w, https:\/\/meridyenfair.com\/wp-content\/uploads\/2026\/02\/Adsiz-tasarim-88-16x12.jpg 16w\" sizes=\"(max-width: 400px) 100vw, 400px\" \/>                <\/a>\n                <div class=\"etn-event-category\">\n                    <span>2026<\/span> <span>\u0130spanya<\/span>                 <\/div>\n                            <\/div>\n                        <!-- thumbnail start-->\n\n            <!-- content start-->\n            <div class=\"etn-event-content\">\n                                                        <div class=\"etn-event-location\"><i class=\"etn-icon etn-location\"><\/i>\n                        \u0130spanya, Valencia<\/div>\n                                                    \n                <h3 class=\"etn-title etn-event-title\"><a href=\"https:\/\/meridyenfair.com\/tr\/etn\/solar-storage-live-espano\/\">\n                        SOLAR STORAGE LIVE ESPANO<\/a> <\/h3>\n                                    <p>\n                        SOLAR STORAGE LIVE ESPANO 2026 &nbsp;Uluslararas\u0131 Elektrik ve Enerji Fuar\u0131                    <\/p>\n                                \n                <div class=\"etn-event-footer\">\n                    <div class=\"etn-event-date\">\n                                    <span>\n\t\t\t\t<i class=\"etn-icon etn-calendar\"><\/i>\n                27 May\u0131s 2026            <\/span>\n\t\t\t                    <\/div>\n                    <div class=\"etn-atend-btn\">\n                                                <a href=\"https:\/\/meridyenfair.com\/tr\/etn\/solar-storage-live-espano\/\" class=\"etn-btn etn-btn-border\"\n                            title=\"SOLAR STORAGE LIVE ESPANO\">Attend                            <i class=\"etn-icon etm-arrow-right\"><\/i><\/a>\n                                            <\/div>\n                <\/div>\n            <\/div>\n            <!-- content end-->\n        <\/div>\n        <!-- etn event item end-->\n    <\/div>\n        <div class=\"etn-col-md-6 etn-col-lg-4\">\n        <div class=\"etn-event-item\">\n            <!-- thumbnail -->\n                        <div class=\"etn-event-thumb\">\n                <a \n                    href=\"https:\/\/meridyenfair.com\/tr\/etn\/central-asia-beauty-expo-2026\/\" \n                    aria-label=\"2026 Fuar Takvimi\"\n                >\n                    <img loading=\"lazy\" decoding=\"async\" width=\"400\" height=\"300\" src=\"https:\/\/meridyenfair.com\/wp-content\/uploads\/2025\/11\/Adsiz-tasarim-83.jpg\" class=\"attachment-large size-large wp-post-image\" alt=\"\" srcset=\"https:\/\/meridyenfair.com\/wp-content\/uploads\/2025\/11\/Adsiz-tasarim-83.jpg 400w, https:\/\/meridyenfair.com\/wp-content\/uploads\/2025\/11\/Adsiz-tasarim-83-16x12.jpg 16w\" sizes=\"(max-width: 400px) 100vw, 400px\" \/>                <\/a>\n                <div class=\"etn-event-category\">\n                    <span>2026<\/span> <span>Kazakistan<\/span>                 <\/div>\n                            <\/div>\n                        <!-- thumbnail start-->\n\n            <!-- content start-->\n            <div class=\"etn-event-content\">\n                                                        <div class=\"etn-event-location\"><i class=\"etn-icon etn-location\"><\/i>\n                        Kazakistan, Almati<\/div>\n                                                    \n                <h3 class=\"etn-title etn-event-title\"><a href=\"https:\/\/meridyenfair.com\/tr\/etn\/central-asia-beauty-expo-2026\/\">\n                        CENTRAL ASIA BEAUTY EXPO 2026<\/a> <\/h3>\n                                    <p>\n                        CENTRAL ASIA BEAUTY EXPO 2026Kozmetik ve G\u00fczellik Fuar\u0131 DAHA FAZLA                    <\/p>\n                                \n                <div class=\"etn-event-footer\">\n                    <div class=\"etn-event-date\">\n                                    <span>\n\t\t\t\t<i class=\"etn-icon etn-calendar\"><\/i>\n                28 May\u0131s 2026            <\/span>\n\t\t\t                    <\/div>\n                    <div class=\"etn-atend-btn\">\n                                                <a href=\"https:\/\/meridyenfair.com\/tr\/etn\/central-asia-beauty-expo-2026\/\" class=\"etn-btn etn-btn-border\"\n                            title=\"CENTRAL ASIA BEAUTY EXPO 2026\">Attend                            <i class=\"etn-icon etm-arrow-right\"><\/i><\/a>\n                                            <\/div>\n                <\/div>\n            <\/div>\n            <!-- content end-->\n        <\/div>\n        <!-- etn event item end-->\n    <\/div>\n        <div class=\"etn-col-md-6 etn-col-lg-4\">\n        <div class=\"etn-event-item\">\n            <!-- thumbnail -->\n                        <div class=\"etn-event-thumb\">\n                <a \n                    href=\"https:\/\/meridyenfair.com\/tr\/etn\/10-expo-mecanica-2024\/\" \n                    aria-label=\"2026 Fuar Takvimi\"\n                >\n                    <img loading=\"lazy\" decoding=\"async\" width=\"400\" height=\"300\" src=\"https:\/\/meridyenfair.com\/wp-content\/uploads\/2024\/12\/MOTORTECH-madrid2026.jpg\" class=\"attachment-large size-large wp-post-image\" alt=\"\" srcset=\"https:\/\/meridyenfair.com\/wp-content\/uploads\/2024\/12\/MOTORTECH-madrid2026.jpg 400w, https:\/\/meridyenfair.com\/wp-content\/uploads\/2024\/12\/MOTORTECH-madrid2026-16x12.jpg 16w\" sizes=\"(max-width: 400px) 100vw, 400px\" \/>                <\/a>\n                <div class=\"etn-event-category\">\n                    <span>2026<\/span> <span>Otomotiv<\/span>                 <\/div>\n                            <\/div>\n                        <!-- thumbnail start-->\n\n            <!-- content start-->\n            <div class=\"etn-event-content\">\n                                                        <div class=\"etn-event-location\"><i class=\"etn-icon etn-location\"><\/i>\n                        Portekiz, Porto<\/div>\n                                                    \n                <h3 class=\"etn-title etn-event-title\"><a href=\"https:\/\/meridyenfair.com\/tr\/etn\/10-expo-mecanica-2024\/\">\n                        11. EXPO MECANICA 2026<\/a> <\/h3>\n                                    <p>\n                        11. EXPO MECANICA 2026 Uluslararas\u0131 Otomotiv Yedek Par\u00e7a &amp; Servis                    <\/p>\n                                \n                <div class=\"etn-event-footer\">\n                    <div class=\"etn-event-date\">\n                                    <span>\n\t\t\t\t<i class=\"etn-icon etn-calendar\"><\/i>\n                29 May\u0131s 2026            <\/span>\n\t\t\t                    <\/div>\n                    <div class=\"etn-atend-btn\">\n                                                <a href=\"https:\/\/meridyenfair.com\/tr\/etn\/10-expo-mecanica-2024\/\" class=\"etn-btn etn-btn-border\"\n                            title=\"11. EXPO MECANICA 2026\">Attend                            <i class=\"etn-icon etm-arrow-right\"><\/i><\/a>\n                                            <\/div>\n                <\/div>\n            <\/div>\n            <!-- content end-->\n        <\/div>\n        <!-- etn event item end-->\n    <\/div>\n        <div class=\"etn-col-md-6 etn-col-lg-4\">\n        <div class=\"etn-event-item\">\n            <!-- thumbnail -->\n                        <div class=\"etn-event-thumb\">\n                <a \n                    href=\"https:\/\/meridyenfair.com\/tr\/etn\/21-siee-pollutec-2026\/\" \n                    aria-label=\"2026 Fuar Takvimi\"\n                >\n                    <img loading=\"lazy\" decoding=\"async\" width=\"400\" height=\"300\" src=\"https:\/\/meridyenfair.com\/wp-content\/uploads\/2026\/01\/Adsiz-tasarim-90.png\" class=\"attachment-large size-large wp-post-image\" alt=\"\" srcset=\"https:\/\/meridyenfair.com\/wp-content\/uploads\/2026\/01\/Adsiz-tasarim-90.png 400w, https:\/\/meridyenfair.com\/wp-content\/uploads\/2026\/01\/Adsiz-tasarim-90-16x12.png 16w\" sizes=\"(max-width: 400px) 100vw, 400px\" \/>                <\/a>\n                <div class=\"etn-event-category\">\n                    <span>2026<\/span> <span>Cezayir<\/span>                 <\/div>\n                            <\/div>\n                        <!-- thumbnail start-->\n\n            <!-- content start-->\n            <div class=\"etn-event-content\">\n                                                        <div class=\"etn-event-location\"><i class=\"etn-icon etn-location\"><\/i>\n                        Cezayir, Cezayir<\/div>\n                                                    \n                <h3 class=\"etn-title etn-event-title\"><a href=\"https:\/\/meridyenfair.com\/tr\/etn\/21-siee-pollutec-2026\/\">\n                        21. SIEE POLLUTEC 2026<\/a> <\/h3>\n                                    <p>\n                        21. SIEE POLLUTEC 2026 Uluslararas\u0131 \u00c7evre ve Su Teknolojileri Fuar\u0131                    <\/p>\n                                \n                <div class=\"etn-event-footer\">\n                    <div class=\"etn-event-date\">\n                                    <span>\n\t\t\t\t<i class=\"etn-icon etn-calendar\"><\/i>\n                1 Haziran 2026            <\/span>\n\t\t\t                    <\/div>\n                    <div class=\"etn-atend-btn\">\n                                                <a href=\"https:\/\/meridyenfair.com\/tr\/etn\/21-siee-pollutec-2026\/\" class=\"etn-btn etn-btn-border\"\n                            title=\"21. SIEE POLLUTEC 2026\">Attend                            <i class=\"etn-icon etm-arrow-right\"><\/i><\/a>\n                                            <\/div>\n                <\/div>\n            <\/div>\n            <!-- content end-->\n        <\/div>\n        <!-- etn event item end-->\n    <\/div>\n        <div class=\"etn-col-md-6 etn-col-lg-4\">\n        <div class=\"etn-event-item\">\n            <!-- thumbnail -->\n                        <div class=\"etn-event-thumb\">\n                <a \n                    href=\"https:\/\/meridyenfair.com\/tr\/etn\/mobilia-el-djazair-2026\/\" \n                    aria-label=\"2026 Fuar Takvimi\"\n                >\n                    <img loading=\"lazy\" decoding=\"async\" width=\"400\" height=\"300\" src=\"https:\/\/meridyenfair.com\/wp-content\/uploads\/2025\/10\/Adsiz-tasarim-53.jpg\" class=\"attachment-large size-large wp-post-image\" alt=\"\" srcset=\"https:\/\/meridyenfair.com\/wp-content\/uploads\/2025\/10\/Adsiz-tasarim-53.jpg 400w, https:\/\/meridyenfair.com\/wp-content\/uploads\/2025\/10\/Adsiz-tasarim-53-16x12.jpg 16w\" sizes=\"(max-width: 400px) 100vw, 400px\" \/>                <\/a>\n                <div class=\"etn-event-category\">\n                    <span>2026<\/span> <span>Cezayir<\/span>                 <\/div>\n                            <\/div>\n                        <!-- thumbnail start-->\n\n            <!-- content start-->\n            <div class=\"etn-event-content\">\n                                                        <div class=\"etn-event-location\"><i class=\"etn-icon etn-location\"><\/i>\n                        Cezayir, Cezayir<\/div>\n                                                    \n                <h3 class=\"etn-title etn-event-title\"><a href=\"https:\/\/meridyenfair.com\/tr\/etn\/mobilia-el-djazair-2026\/\">\n                        MOBILIA EL DJAZAIR 2026<\/a> <\/h3>\n                                    <p>\n                        MOBILIA EL DJAZAIR 2026 Mobilya, Mobilya Yan Sanayi ve Dekorasyon                    <\/p>\n                                \n                <div class=\"etn-event-footer\">\n                    <div class=\"etn-event-date\">\n                                    <span>\n\t\t\t\t<i class=\"etn-icon etn-calendar\"><\/i>\n                2 Haziran 2026            <\/span>\n\t\t\t                    <\/div>\n                    <div class=\"etn-atend-btn\">\n                                                <a href=\"https:\/\/meridyenfair.com\/tr\/etn\/mobilia-el-djazair-2026\/\" class=\"etn-btn etn-btn-border\"\n                            title=\"MOBILIA EL DJAZAIR 2026\">Attend                            <i class=\"etn-icon etm-arrow-right\"><\/i><\/a>\n                                            <\/div>\n                <\/div>\n            <\/div>\n            <!-- content end-->\n        <\/div>\n        <!-- etn event item end-->\n    <\/div>\n        <div class=\"etn-col-md-6 etn-col-lg-4\">\n        <div class=\"etn-event-item\">\n            <!-- thumbnail -->\n                        <div class=\"etn-event-thumb\">\n                <a \n                    href=\"https:\/\/meridyenfair.com\/tr\/etn\/solarstorage-live-middle-east-2026\/\" \n                    aria-label=\"2026 Fuar Takvimi\"\n                >\n                    <img loading=\"lazy\" decoding=\"async\" width=\"400\" height=\"300\" src=\"https:\/\/meridyenfair.com\/wp-content\/uploads\/2025\/07\/Adsiz-tasarim-31.jpg\" class=\"attachment-large size-large wp-post-image\" alt=\"\" srcset=\"https:\/\/meridyenfair.com\/wp-content\/uploads\/2025\/07\/Adsiz-tasarim-31.jpg 400w, https:\/\/meridyenfair.com\/wp-content\/uploads\/2025\/07\/Adsiz-tasarim-31-16x12.jpg 16w\" sizes=\"(max-width: 400px) 100vw, 400px\" \/>                <\/a>\n                <div class=\"etn-event-category\">\n                    <span>2026<\/span> <span>Dubai<\/span>                 <\/div>\n                            <\/div>\n                        <!-- thumbnail start-->\n\n            <!-- content start-->\n            <div class=\"etn-event-content\">\n                                                        <div class=\"etn-event-location\"><i class=\"etn-icon etn-location\"><\/i>\n                        Dubai, Bae<\/div>\n                                                    \n                <h3 class=\"etn-title etn-event-title\"><a href=\"https:\/\/meridyenfair.com\/tr\/etn\/solarstorage-live-middle-east-2026\/\">\n                        SOLAR&amp;STORAGE LIVE MIDDLE EAST 2026<\/a> <\/h3>\n                                    <p>\n                        SOLAR&amp;STORAGE LIVE MIDDLE EAST 2026 Uluslararas\u0131 Elektrik ve Enerji Fuar\u0131                    <\/p>\n                                \n                <div class=\"etn-event-footer\">\n                    <div class=\"etn-event-date\">\n                                    <span>\n\t\t\t\t<i class=\"etn-icon etn-calendar\"><\/i>\n                9 Haziran 2026            <\/span>\n\t\t\t                    <\/div>\n                    <div class=\"etn-atend-btn\">\n                                                <a href=\"https:\/\/meridyenfair.com\/tr\/etn\/solarstorage-live-middle-east-2026\/\" class=\"etn-btn etn-btn-border\"\n                            title=\"SOLAR&amp;STORAGE LIVE MIDDLE EAST 2026\">Attend                            <i class=\"etn-icon etm-arrow-right\"><\/i><\/a>\n                                            <\/div>\n                <\/div>\n            <\/div>\n            <!-- content end-->\n        <\/div>\n        <!-- etn event item end-->\n    <\/div>\n        <div class=\"etn-col-md-6 etn-col-lg-4\">\n        <div class=\"etn-event-item\">\n            <!-- thumbnail -->\n                        <div class=\"etn-event-thumb\">\n                <a \n                    href=\"https:\/\/meridyenfair.com\/tr\/etn\/woodex-for-africa-2026\/\" \n                    aria-label=\"2026 Fuar Takvimi\"\n                >\n                    <img loading=\"lazy\" decoding=\"async\" width=\"400\" height=\"300\" src=\"https:\/\/meridyenfair.com\/wp-content\/uploads\/2025\/11\/Adsiz-tasarim-81.jpg\" class=\"attachment-large size-large wp-post-image\" alt=\"\" srcset=\"https:\/\/meridyenfair.com\/wp-content\/uploads\/2025\/11\/Adsiz-tasarim-81.jpg 400w, https:\/\/meridyenfair.com\/wp-content\/uploads\/2025\/11\/Adsiz-tasarim-81-16x12.jpg 16w\" sizes=\"(max-width: 400px) 100vw, 400px\" \/>                <\/a>\n                <div class=\"etn-event-category\">\n                    <span>2026<\/span> <span>Afrika<\/span>                 <\/div>\n                            <\/div>\n                        <!-- thumbnail start-->\n\n            <!-- content start-->\n            <div class=\"etn-event-content\">\n                                                        <div class=\"etn-event-location\"><i class=\"etn-icon etn-location\"><\/i>\n                        Afrika, Johannesburg<\/div>\n                                                    \n                <h3 class=\"etn-title etn-event-title\"><a href=\"https:\/\/meridyenfair.com\/tr\/etn\/woodex-for-africa-2026\/\">\n                        WOODEX FOR AFRICA 2026<\/a> <\/h3>\n                                    <p>\n                        WOODEX FOR AFRICA 2026 Mobilya, Mobilya Yan Sanayi ve Mobilya                    <\/p>\n                                \n                <div class=\"etn-event-footer\">\n                    <div class=\"etn-event-date\">\n                                    <span>\n\t\t\t\t<i class=\"etn-icon etn-calendar\"><\/i>\n                9 Haziran 2026            <\/span>\n\t\t\t                    <\/div>\n                    <div class=\"etn-atend-btn\">\n                                                <a href=\"https:\/\/meridyenfair.com\/tr\/etn\/woodex-for-africa-2026\/\" class=\"etn-btn etn-btn-border\"\n                            title=\"WOODEX FOR AFRICA 2026\">Attend                            <i class=\"etn-icon etm-arrow-right\"><\/i><\/a>\n                                            <\/div>\n                <\/div>\n            <\/div>\n            <!-- content end-->\n        <\/div>\n        <!-- etn event item end-->\n    <\/div>\n        <div class=\"etn-col-md-6 etn-col-lg-4\">\n        <div class=\"etn-event-item\">\n            <!-- thumbnail -->\n                        <div class=\"etn-event-thumb\">\n                <a \n                    href=\"https:\/\/meridyenfair.com\/tr\/etn\/57-foire-international-dalger\/\" \n                    aria-label=\"2026 Fuar Takvimi\"\n                >\n                    <img loading=\"lazy\" decoding=\"async\" width=\"400\" height=\"300\" src=\"https:\/\/meridyenfair.com\/wp-content\/uploads\/2025\/07\/Adsiz-tasarim-32.jpg\" class=\"attachment-large size-large wp-post-image\" alt=\"\" srcset=\"https:\/\/meridyenfair.com\/wp-content\/uploads\/2025\/07\/Adsiz-tasarim-32.jpg 400w, https:\/\/meridyenfair.com\/wp-content\/uploads\/2025\/07\/Adsiz-tasarim-32-16x12.jpg 16w\" sizes=\"(max-width: 400px) 100vw, 400px\" \/>                <\/a>\n                <div class=\"etn-event-category\">\n                    <span>2026<\/span> <span>Cezayir<\/span>                 <\/div>\n                            <\/div>\n                        <!-- thumbnail start-->\n\n            <!-- content start-->\n            <div class=\"etn-event-content\">\n                                                        <div class=\"etn-event-location\"><i class=\"etn-icon etn-location\"><\/i>\n                        Cezayir, Cezayir<\/div>\n                                                    \n                <h3 class=\"etn-title etn-event-title\"><a href=\"https:\/\/meridyenfair.com\/tr\/etn\/57-foire-international-dalger\/\">\n                        57. FIA INT. GENERAL TRADE<\/a> <\/h3>\n                                    <p>\n                        57. FOIRE INTERNATIONAL D&#8217;ALGER Uluslararas\u0131 Genel Ticaret Fuar\u0131 FUAR HAKKINDA                    <\/p>\n                                \n                <div class=\"etn-event-footer\">\n                    <div class=\"etn-event-date\">\n                                    <span>\n\t\t\t\t<i class=\"etn-icon etn-calendar\"><\/i>\n                22 Haziran 2026            <\/span>\n\t\t\t                    <\/div>\n                    <div class=\"etn-atend-btn\">\n                                                <a href=\"https:\/\/meridyenfair.com\/tr\/etn\/57-foire-international-dalger\/\" class=\"etn-btn etn-btn-border\"\n                            title=\"57. FIA INT. GENERAL TRADE\">Attend                            <i class=\"etn-icon etm-arrow-right\"><\/i><\/a>\n                                            <\/div>\n                <\/div>\n            <\/div>\n            <!-- content end-->\n        <\/div>\n        <!-- etn event item end-->\n    <\/div>\n        <div class=\"etn-col-md-6 etn-col-lg-4\">\n        <div class=\"etn-event-item\">\n            <!-- thumbnail -->\n                        <div class=\"etn-event-thumb\">\n                <a \n                    href=\"https:\/\/meridyenfair.com\/tr\/etn\/installer-show-2026\/\" \n                    aria-label=\"2026 Fuar Takvimi\"\n                >\n                    <img loading=\"lazy\" decoding=\"async\" width=\"400\" height=\"300\" src=\"https:\/\/meridyenfair.com\/wp-content\/uploads\/2025\/07\/Adsiz-tasarim-33.jpg\" class=\"attachment-large size-large wp-post-image\" alt=\"\" srcset=\"https:\/\/meridyenfair.com\/wp-content\/uploads\/2025\/07\/Adsiz-tasarim-33.jpg 400w, https:\/\/meridyenfair.com\/wp-content\/uploads\/2025\/07\/Adsiz-tasarim-33-16x12.jpg 16w\" sizes=\"(max-width: 400px) 100vw, 400px\" \/>                <\/a>\n                <div class=\"etn-event-category\">\n                    <span>2026<\/span> <span>\u0130ngiltere<\/span>                 <\/div>\n                            <\/div>\n                        <!-- thumbnail start-->\n\n            <!-- content start-->\n            <div class=\"etn-event-content\">\n                                                        <div class=\"etn-event-location\"><i class=\"etn-icon etn-location\"><\/i>\n                        \u0130ngiltere, Birmingham<\/div>\n                                                    \n                <h3 class=\"etn-title etn-event-title\"><a href=\"https:\/\/meridyenfair.com\/tr\/etn\/installer-show-2026\/\">\n                        INSTALLER SHOW 2026<\/a> <\/h3>\n                                    <p>\n                        INSTALLER SHOW 2026 Uluslararas\u0131 Is\u0131tma So\u011futma ve \u0130klimlendirme Fuar\u0131 FUAR                    <\/p>\n                                \n                <div class=\"etn-event-footer\">\n                    <div class=\"etn-event-date\">\n                                    <span>\n\t\t\t\t<i class=\"etn-icon etn-calendar\"><\/i>\n                23 Haziran 2026            <\/span>\n\t\t\t                    <\/div>\n                    <div class=\"etn-atend-btn\">\n                                                <a href=\"https:\/\/meridyenfair.com\/tr\/etn\/installer-show-2026\/\" class=\"etn-btn etn-btn-border\"\n                            title=\"INSTALLER SHOW 2026\">Attend                            <i class=\"etn-icon etm-arrow-right\"><\/i><\/a>\n                                            <\/div>\n                <\/div>\n            <\/div>\n            <!-- content end-->\n        <\/div>\n        <!-- etn event item end-->\n    <\/div>\n        <div class=\"etn-col-md-6 etn-col-lg-4\">\n        <div class=\"etn-event-item\">\n            <!-- thumbnail -->\n                        <div class=\"etn-event-thumb\">\n                <a \n                    href=\"https:\/\/meridyenfair.com\/tr\/etn\/syria-specialized-exhibitions-syria-energy-technobuild-sinex-2\/\" \n                    aria-label=\"2026 Fuar Takvimi\"\n                >\n                    <img loading=\"lazy\" decoding=\"async\" width=\"400\" height=\"300\" src=\"https:\/\/meridyenfair.com\/wp-content\/uploads\/2025\/06\/1-28.jpg\" class=\"attachment-large size-large wp-post-image\" alt=\"\" srcset=\"https:\/\/meridyenfair.com\/wp-content\/uploads\/2025\/06\/1-28.jpg 400w, https:\/\/meridyenfair.com\/wp-content\/uploads\/2025\/06\/1-28-16x12.jpg 16w\" sizes=\"(max-width: 400px) 100vw, 400px\" \/>                <\/a>\n                <div class=\"etn-event-category\">\n                    <span>2026<\/span> <span>Elektrik - Enerji<\/span>                 <\/div>\n                            <\/div>\n                        <!-- thumbnail start-->\n\n            <!-- content start-->\n            <div class=\"etn-event-content\">\n                                                        <div class=\"etn-event-location\"><i class=\"etn-icon etn-location\"><\/i>\n                        Suriye, \u015eam<\/div>\n                                                    \n                <h3 class=\"etn-title etn-event-title\"><a href=\"https:\/\/meridyenfair.com\/tr\/etn\/syria-specialized-exhibitions-syria-energy-technobuild-sinex-2\/\">\n                        SYRIA SPECIALIZED EXHIBITIONS (Syria Energy \u2013 Technobuild \u2013 Sinex)<\/a> <\/h3>\n                                    <p>\n                        SYRIA SPECIALIZED EXHIBITIONS (Syria Energy \u2013 Technobuild \u2013 Sinex) Yap\u0131                    <\/p>\n                                \n                <div class=\"etn-event-footer\">\n                    <div class=\"etn-event-date\">\n                                    <span>\n\t\t\t\t<i class=\"etn-icon etn-calendar\"><\/i>\n                30 Haziran 2026            <\/span>\n\t\t\t                    <\/div>\n                    <div class=\"etn-atend-btn\">\n                                                <a href=\"https:\/\/meridyenfair.com\/tr\/etn\/syria-specialized-exhibitions-syria-energy-technobuild-sinex-2\/\" class=\"etn-btn etn-btn-border\"\n                            title=\"SYRIA SPECIALIZED EXHIBITIONS (Syria Energy \u2013 Technobuild \u2013 Sinex)\">Attend                            <i class=\"etn-icon etm-arrow-right\"><\/i><\/a>\n                                            <\/div>\n                <\/div>\n            <\/div>\n            <!-- content end-->\n        <\/div>\n        <!-- etn event item end-->\n    <\/div>\n        <div class=\"etn-col-md-6 etn-col-lg-4\">\n        <div class=\"etn-event-item\">\n            <!-- thumbnail -->\n                        <div class=\"etn-event-thumb\">\n                <a \n                    href=\"https:\/\/meridyenfair.com\/tr\/etn\/tafmex-uluslararasi-suriye-hazir-giyim-moda-fuari-2026\/\" \n                    aria-label=\"2026 Fuar Takvimi\"\n                >\n                    <img loading=\"lazy\" decoding=\"async\" width=\"400\" height=\"300\" src=\"https:\/\/meridyenfair.com\/wp-content\/uploads\/2025\/01\/tekstil.jpg\" class=\"attachment-large size-large wp-post-image\" alt=\"\" srcset=\"https:\/\/meridyenfair.com\/wp-content\/uploads\/2025\/01\/tekstil.jpg 400w, https:\/\/meridyenfair.com\/wp-content\/uploads\/2025\/01\/tekstil-16x12.jpg 16w\" sizes=\"(max-width: 400px) 100vw, 400px\" \/>                <\/a>\n                <div class=\"etn-event-category\">\n                    <span>2026<\/span> <span>Moda<\/span>                 <\/div>\n                            <\/div>\n                        <!-- thumbnail start-->\n\n            <!-- content start-->\n            <div class=\"etn-event-content\">\n                                                        <div class=\"etn-event-location\"><i class=\"etn-icon etn-location\"><\/i>\n                        Suriye, \u015eam<\/div>\n                                                    \n                <h3 class=\"etn-title etn-event-title\"><a href=\"https:\/\/meridyenfair.com\/tr\/etn\/tafmex-uluslararasi-suriye-hazir-giyim-moda-fuari-2026\/\">\n                        TAFMEX &#8211; SUR\u0130YE ULUSLARARASI HAZIR G\u0130Y\u0130M VE TEKST\u0130L FUARI 2026<\/a> <\/h3>\n                                    <p>\n                        TAFMEX &#8211; SUR\u0130YE ULUSLARARASI HAZIR G\u0130Y\u0130M &amp; TEKST\u0130L FUARI 2026                    <\/p>\n                                \n                <div class=\"etn-event-footer\">\n                    <div class=\"etn-event-date\">\n                                    <span>\n\t\t\t\t<i class=\"etn-icon etn-calendar\"><\/i>\n                1 Temmuz 2026            <\/span>\n\t\t\t                    <\/div>\n                    <div class=\"etn-atend-btn\">\n                                                <a href=\"https:\/\/meridyenfair.com\/tr\/etn\/tafmex-uluslararasi-suriye-hazir-giyim-moda-fuari-2026\/\" class=\"etn-btn etn-btn-border\"\n                            title=\"TAFMEX &#8211; SUR\u0130YE ULUSLARARASI HAZIR G\u0130Y\u0130M VE TEKST\u0130L FUARI 2026\">Attend                            <i class=\"etn-icon etm-arrow-right\"><\/i><\/a>\n                                            <\/div>\n                <\/div>\n            <\/div>\n            <!-- content end-->\n        <\/div>\n        <!-- etn event item end-->\n    <\/div>\n        <div class=\"etn-col-md-6 etn-col-lg-4\">\n        <div class=\"etn-event-item\">\n            <!-- thumbnail -->\n                        <div class=\"etn-event-thumb\">\n                <a \n                    href=\"https:\/\/meridyenfair.com\/tr\/etn\/50-international-festival-of-vogue-kyiv-fashion-2026\/\" \n                    aria-label=\"2026 Fuar Takvimi\"\n                >\n                    <img loading=\"lazy\" decoding=\"async\" width=\"400\" height=\"300\" src=\"https:\/\/meridyenfair.com\/wp-content\/uploads\/2026\/02\/Adsiz-tasarim-91.png\" class=\"attachment-large size-large wp-post-image\" alt=\"\" srcset=\"https:\/\/meridyenfair.com\/wp-content\/uploads\/2026\/02\/Adsiz-tasarim-91.png 400w, https:\/\/meridyenfair.com\/wp-content\/uploads\/2026\/02\/Adsiz-tasarim-91-16x12.png 16w\" sizes=\"(max-width: 400px) 100vw, 400px\" \/>                <\/a>\n                <div class=\"etn-event-category\">\n                    <span>2026<\/span> <span>Moda<\/span>                 <\/div>\n                            <\/div>\n                        <!-- thumbnail start-->\n\n            <!-- content start-->\n            <div class=\"etn-event-content\">\n                                                        <div class=\"etn-event-location\"><i class=\"etn-icon etn-location\"><\/i>\n                        Ukrayna, Kiev<\/div>\n                                                    \n                <h3 class=\"etn-title etn-event-title\"><a href=\"https:\/\/meridyenfair.com\/tr\/etn\/50-international-festival-of-vogue-kyiv-fashion-2026\/\">\n                        50. INTERNATIONAL FESTIVAL OF VOGUE KYIV FASHION 2026<\/a> <\/h3>\n                                    <p>\n                        50. INTERNATIONAL FESTIVAL OF VOGUE KYIV FASHION 2026 Uluslararas\u0131 Tekstil                    <\/p>\n                                \n                <div class=\"etn-event-footer\">\n                    <div class=\"etn-event-date\">\n                                    <span>\n\t\t\t\t<i class=\"etn-icon etn-calendar\"><\/i>\n                1 Temmuz 2026            <\/span>\n\t\t\t                    <\/div>\n                    <div class=\"etn-atend-btn\">\n                                                <a href=\"https:\/\/meridyenfair.com\/tr\/etn\/50-international-festival-of-vogue-kyiv-fashion-2026\/\" class=\"etn-btn etn-btn-border\"\n                            title=\"50. INTERNATIONAL FESTIVAL OF VOGUE KYIV FASHION 2026\">Attend                            <i class=\"etn-icon etm-arrow-right\"><\/i><\/a>\n                                            <\/div>\n                <\/div>\n            <\/div>\n            <!-- content end-->\n        <\/div>\n        <!-- etn event item end-->\n    <\/div>\n        <div class=\"etn-col-md-6 etn-col-lg-4\">\n        <div class=\"etn-event-item\">\n            <!-- thumbnail -->\n                        <div class=\"etn-event-thumb\">\n                <a \n                    href=\"https:\/\/meridyenfair.com\/tr\/etn\/int-auto-parts-2026\/\" \n                    aria-label=\"2026 Fuar Takvimi\"\n                >\n                    <img loading=\"lazy\" decoding=\"async\" width=\"400\" height=\"300\" src=\"https:\/\/meridyenfair.com\/wp-content\/uploads\/2026\/02\/Adsiz-tasarim-89.jpg\" class=\"attachment-large size-large wp-post-image\" alt=\"\" srcset=\"https:\/\/meridyenfair.com\/wp-content\/uploads\/2026\/02\/Adsiz-tasarim-89.jpg 400w, https:\/\/meridyenfair.com\/wp-content\/uploads\/2026\/02\/Adsiz-tasarim-89-16x12.jpg 16w\" sizes=\"(max-width: 400px) 100vw, 400px\" \/>                <\/a>\n                <div class=\"etn-event-category\">\n                    <span>2026<\/span> <span>\u0130ran<\/span>                 <\/div>\n                            <\/div>\n                        <!-- thumbnail start-->\n\n            <!-- content start-->\n            <div class=\"etn-event-content\">\n                                                        <div class=\"etn-event-location\"><i class=\"etn-icon etn-location\"><\/i>\n                        \u0130ran, Tahran<\/div>\n                                                    \n                <h3 class=\"etn-title etn-event-title\"><a href=\"https:\/\/meridyenfair.com\/tr\/etn\/int-auto-parts-2026\/\">\n                        INT. AUTO PARTS 2026<\/a> <\/h3>\n                                    <p>\n                        21. INT. AUTO PARTS 2026 Uluslararas\u0131 Otomotiv Yan Sanayi Ve                    <\/p>\n                                \n                <div class=\"etn-event-footer\">\n                    <div class=\"etn-event-date\">\n                                    <span>\n\t\t\t\t<i class=\"etn-icon etn-calendar\"><\/i>\n                20 Temmuz 2026            <\/span>\n\t\t\t                    <\/div>\n                    <div class=\"etn-atend-btn\">\n                                                <a href=\"https:\/\/meridyenfair.com\/tr\/etn\/int-auto-parts-2026\/\" class=\"etn-btn etn-btn-border\"\n                            title=\"INT. AUTO PARTS 2026\">Attend                            <i class=\"etn-icon etm-arrow-right\"><\/i><\/a>\n                                            <\/div>\n                <\/div>\n            <\/div>\n            <!-- content end-->\n        <\/div>\n        <!-- etn event item end-->\n    <\/div>\n        <div class=\"etn-col-md-6 etn-col-lg-4\">\n        <div class=\"etn-event-item\">\n            <!-- thumbnail -->\n                        <div class=\"etn-event-thumb\">\n                <a \n                    href=\"https:\/\/meridyenfair.com\/tr\/etn\/filda-2026\/\" \n                    aria-label=\"2026 Fuar Takvimi\"\n                >\n                    <img loading=\"lazy\" decoding=\"async\" width=\"400\" height=\"300\" src=\"https:\/\/meridyenfair.com\/wp-content\/uploads\/2025\/10\/Adsiz-tasarim-54.jpg\" class=\"attachment-large size-large wp-post-image\" alt=\"\" srcset=\"https:\/\/meridyenfair.com\/wp-content\/uploads\/2025\/10\/Adsiz-tasarim-54.jpg 400w, https:\/\/meridyenfair.com\/wp-content\/uploads\/2025\/10\/Adsiz-tasarim-54-16x12.jpg 16w\" sizes=\"(max-width: 400px) 100vw, 400px\" \/>                <\/a>\n                <div class=\"etn-event-category\">\n                    <span>2026<\/span> <span>Angola<\/span>                 <\/div>\n                            <\/div>\n                        <!-- thumbnail start-->\n\n            <!-- content start-->\n            <div class=\"etn-event-content\">\n                                                        <div class=\"etn-event-location\"><i class=\"etn-icon etn-location\"><\/i>\n                        Angola, Luanda<\/div>\n                                                    \n                <h3 class=\"etn-title etn-event-title\"><a href=\"https:\/\/meridyenfair.com\/tr\/etn\/filda-2026\/\">\n                        FILDA 2026<\/a> <\/h3>\n                                    <p>\n                        FILDA 2026Uluslararas\u0131 Genel Ticaret Fuar\u0131 https:\/\/meridyenfair.com\/wp-content\/uploads\/2025\/10\/Neutral-Minimal-Flower-Bouquet-Photo-Collage-Your-Story.mp4 DAHA FAZLA B\u0130LG\u0130 ALMAK                    <\/p>\n                                \n                <div class=\"etn-event-footer\">\n                    <div class=\"etn-event-date\">\n                                    <span>\n\t\t\t\t<i class=\"etn-icon etn-calendar\"><\/i>\n                21 Temmuz 2026            <\/span>\n\t\t\t                    <\/div>\n                    <div class=\"etn-atend-btn\">\n                                                <a href=\"https:\/\/meridyenfair.com\/tr\/etn\/filda-2026\/\" class=\"etn-btn etn-btn-border\"\n                            title=\"FILDA 2026\">Attend                            <i class=\"etn-icon etm-arrow-right\"><\/i><\/a>\n                                            <\/div>\n                <\/div>\n            <\/div>\n            <!-- content end-->\n        <\/div>\n        <!-- etn event item end-->\n    <\/div>\n        <div class=\"etn-col-md-6 etn-col-lg-4\">\n        <div class=\"etn-event-item\">\n            <!-- thumbnail -->\n                        <div class=\"etn-event-thumb\">\n                <a \n                    href=\"https:\/\/meridyenfair.com\/tr\/etn\/texworld-newyork-2026\/\" \n                    aria-label=\"2026 Fuar Takvimi\"\n                >\n                    <img loading=\"lazy\" decoding=\"async\" width=\"400\" height=\"300\" src=\"https:\/\/meridyenfair.com\/wp-content\/uploads\/2026\/03\/texworld.jpg\" class=\"attachment-large size-large wp-post-image\" alt=\"\" srcset=\"https:\/\/meridyenfair.com\/wp-content\/uploads\/2026\/03\/texworld.jpg 400w, https:\/\/meridyenfair.com\/wp-content\/uploads\/2026\/03\/texworld-16x12.jpg 16w\" sizes=\"(max-width: 400px) 100vw, 400px\" \/>                <\/a>\n                <div class=\"etn-event-category\">\n                    <span>2026<\/span> <span>Amerika<\/span>                 <\/div>\n                            <\/div>\n                        <!-- thumbnail start-->\n\n            <!-- content start-->\n            <div class=\"etn-event-content\">\n                                                        <div class=\"etn-event-location\"><i class=\"etn-icon etn-location\"><\/i>\n                        Amerika, New York<\/div>\n                                                    \n                <h3 class=\"etn-title etn-event-title\"><a href=\"https:\/\/meridyenfair.com\/tr\/etn\/texworld-newyork-2026\/\">\n                        TEXWORLD NEWYORK 2026<\/a> <\/h3>\n                                    <p>\n                        TEXWORLD NEWYORK 2026 Uluslararas\u0131 Ev Tekstili Fuar\u0131 FUAR HAKKINDA FUAR                    <\/p>\n                                \n                <div class=\"etn-event-footer\">\n                    <div class=\"etn-event-date\">\n                                    <span>\n\t\t\t\t<i class=\"etn-icon etn-calendar\"><\/i>\n                29 Temmuz 2026            <\/span>\n\t\t\t                    <\/div>\n                    <div class=\"etn-atend-btn\">\n                                                <a href=\"https:\/\/meridyenfair.com\/tr\/etn\/texworld-newyork-2026\/\" class=\"etn-btn etn-btn-border\"\n                            title=\"TEXWORLD NEWYORK 2026\">Attend                            <i class=\"etn-icon etm-arrow-right\"><\/i><\/a>\n                                            <\/div>\n                <\/div>\n            <\/div>\n            <!-- content end-->\n        <\/div>\n        <!-- etn event item end-->\n    <\/div>\n        <div class=\"etn-col-md-6 etn-col-lg-4\">\n        <div class=\"etn-event-item\">\n            <!-- thumbnail -->\n                        <div class=\"etn-event-thumb\">\n                <a \n                    href=\"https:\/\/meridyenfair.com\/tr\/etn\/confair-2026\/\" \n                    aria-label=\"2026 Fuar Takvimi\"\n                >\n                    <img loading=\"lazy\" decoding=\"async\" width=\"400\" height=\"300\" src=\"https:\/\/meridyenfair.com\/wp-content\/uploads\/2025\/11\/Adsiz-tasarim-77.jpg\" class=\"attachment-large size-large wp-post-image\" alt=\"\" srcset=\"https:\/\/meridyenfair.com\/wp-content\/uploads\/2025\/11\/Adsiz-tasarim-77.jpg 400w, https:\/\/meridyenfair.com\/wp-content\/uploads\/2025\/11\/Adsiz-tasarim-77-16x12.jpg 16w\" sizes=\"(max-width: 400px) 100vw, 400px\" \/>                <\/a>\n                <div class=\"etn-event-category\">\n                    <span>2026<\/span> <span>\u0130\u015f - \u0130n\u015faat - Maden Makineleri<\/span>                 <\/div>\n                            <\/div>\n                        <!-- thumbnail start-->\n\n            <!-- content start-->\n            <div class=\"etn-event-content\">\n                                                        <div class=\"etn-event-location\"><i class=\"etn-icon etn-location\"><\/i>\n                        \u0130ran, Tahran<\/div>\n                                                    \n                <h3 class=\"etn-title etn-event-title\"><a href=\"https:\/\/meridyenfair.com\/tr\/etn\/confair-2026\/\">\n                        CONFAIR 2026<\/a> <\/h3>\n                                    <p>\n                        CONFAIR (Iran Internat\u0131onal Exhibition of Building and Construction Industry )                    <\/p>\n                                \n                <div class=\"etn-event-footer\">\n                    <div class=\"etn-event-date\">\n                                    <span>\n\t\t\t\t<i class=\"etn-icon etn-calendar\"><\/i>\n                1 A\u011fustos 2026            <\/span>\n\t\t\t                    <\/div>\n                    <div class=\"etn-atend-btn\">\n                                                <a href=\"https:\/\/meridyenfair.com\/tr\/etn\/confair-2026\/\" class=\"etn-btn etn-btn-border\"\n                            title=\"CONFAIR 2026\">Attend                            <i class=\"etn-icon etm-arrow-right\"><\/i><\/a>\n                                            <\/div>\n                <\/div>\n            <\/div>\n            <!-- content end-->\n        <\/div>\n        <!-- etn event item end-->\n    <\/div>\n        <div class=\"etn-col-md-6 etn-col-lg-4\">\n        <div class=\"etn-event-item\">\n            <!-- thumbnail -->\n                        <div class=\"etn-event-thumb\">\n                <a \n                    href=\"https:\/\/meridyenfair.com\/tr\/etn\/nilly-fabricato-2026\/\" \n                    aria-label=\"2026 Fuar Takvimi\"\n                >\n                    <img loading=\"lazy\" decoding=\"async\" width=\"400\" height=\"300\" src=\"https:\/\/meridyenfair.com\/wp-content\/uploads\/2026\/02\/Adsiz-tasarim-90.jpg\" class=\"attachment-large size-large wp-post-image\" alt=\"\" srcset=\"https:\/\/meridyenfair.com\/wp-content\/uploads\/2026\/02\/Adsiz-tasarim-90.jpg 400w, https:\/\/meridyenfair.com\/wp-content\/uploads\/2026\/02\/Adsiz-tasarim-90-16x12.jpg 16w\" sizes=\"(max-width: 400px) 100vw, 400px\" \/>                <\/a>\n                <div class=\"etn-event-category\">\n                    <span>2026<\/span> <span>Moda<\/span>                 <\/div>\n                            <\/div>\n                        <!-- thumbnail start-->\n\n            <!-- content start-->\n            <div class=\"etn-event-content\">\n                                                        <div class=\"etn-event-location\"><i class=\"etn-icon etn-location\"><\/i>\n                        M\u0131s\u0131r, Kahire<\/div>\n                                                    \n                <h3 class=\"etn-title etn-event-title\"><a href=\"https:\/\/meridyenfair.com\/tr\/etn\/nilly-fabricato-2026\/\">\n                        NILLY FABRICATO 2026<\/a> <\/h3>\n                                    <p>\n                        NILLY FABRICATO 2026 Uluslararas\u0131 Kuma\u015f, \u0130plik ve Tekstil Aksesuarlar\u0131 Fuar\u0131                    <\/p>\n                                \n                <div class=\"etn-event-footer\">\n                    <div class=\"etn-event-date\">\n                                    <span>\n\t\t\t\t<i class=\"etn-icon etn-calendar\"><\/i>\n                21 A\u011fustos 2026            <\/span>\n\t\t\t                    <\/div>\n                    <div class=\"etn-atend-btn\">\n                                                <a href=\"https:\/\/meridyenfair.com\/tr\/etn\/nilly-fabricato-2026\/\" class=\"etn-btn etn-btn-border\"\n                            title=\"NILLY FABRICATO 2026\">Attend                            <i class=\"etn-icon etm-arrow-right\"><\/i><\/a>\n                                            <\/div>\n                <\/div>\n            <\/div>\n            <!-- content end-->\n        <\/div>\n        <!-- etn event item end-->\n    <\/div>\n        <div class=\"etn-col-md-6 etn-col-lg-4\">\n        <div class=\"etn-event-item\">\n            <!-- thumbnail -->\n                        <div class=\"etn-event-thumb\">\n                <a \n                    href=\"https:\/\/meridyenfair.com\/tr\/etn\/trends-expo-2026\/\" \n                    aria-label=\"2026 Fuar Takvimi\"\n                >\n                    <img loading=\"lazy\" decoding=\"async\" width=\"400\" height=\"300\" src=\"https:\/\/meridyenfair.com\/wp-content\/uploads\/2025\/11\/Adsiz-tasarim-66.jpg\" class=\"attachment-large size-large wp-post-image\" alt=\"\" srcset=\"https:\/\/meridyenfair.com\/wp-content\/uploads\/2025\/11\/Adsiz-tasarim-66.jpg 400w, https:\/\/meridyenfair.com\/wp-content\/uploads\/2025\/11\/Adsiz-tasarim-66-16x12.jpg 16w\" sizes=\"(max-width: 400px) 100vw, 400px\" \/>                <\/a>\n                <div class=\"etn-event-category\">\n                    <span>2026<\/span> <span>Moda<\/span>                 <\/div>\n                            <\/div>\n                        <!-- thumbnail start-->\n\n            <!-- content start-->\n            <div class=\"etn-event-content\">\n                                                        <div class=\"etn-event-location\"><i class=\"etn-icon etn-location\"><\/i>\n                        Polonya, Lodz<\/div>\n                                                    \n                <h3 class=\"etn-title etn-event-title\"><a href=\"https:\/\/meridyenfair.com\/tr\/etn\/trends-expo-2026\/\">\n                        TRENDS EXPO 2026<\/a> <\/h3>\n                                    <p>\n                        TRENDS EXPO 2026 Uluslararas\u0131 Moda Fuar\u0131 DAHA FAZLA B\u0130LG\u0130 ALMAK                    <\/p>\n                                \n                <div class=\"etn-event-footer\">\n                    <div class=\"etn-event-date\">\n                                    <span>\n\t\t\t\t<i class=\"etn-icon etn-calendar\"><\/i>\n                25 A\u011fustos 2026            <\/span>\n\t\t\t                    <\/div>\n                    <div class=\"etn-atend-btn\">\n                                                <a href=\"https:\/\/meridyenfair.com\/tr\/etn\/trends-expo-2026\/\" class=\"etn-btn etn-btn-border\"\n                            title=\"TRENDS EXPO 2026\">Attend                            <i class=\"etn-icon etm-arrow-right\"><\/i><\/a>\n                                            <\/div>\n                <\/div>\n            <\/div>\n            <!-- content end-->\n        <\/div>\n        <!-- etn event item end-->\n    <\/div>\n        <div class=\"etn-col-md-6 etn-col-lg-4\">\n        <div class=\"etn-event-item\">\n            <!-- thumbnail -->\n                        <div class=\"etn-event-thumb\">\n                <a \n                    href=\"https:\/\/meridyenfair.com\/tr\/etn\/egypt-project-2026\/\" \n                    aria-label=\"2026 Fuar Takvimi\"\n                >\n                    <img loading=\"lazy\" decoding=\"async\" width=\"650\" height=\"488\" src=\"https:\/\/meridyenfair.com\/wp-content\/uploads\/2025\/11\/Adsiz-tasarim-80.jpg\" class=\"attachment-large size-large wp-post-image\" alt=\"\" srcset=\"https:\/\/meridyenfair.com\/wp-content\/uploads\/2025\/11\/Adsiz-tasarim-80.jpg 650w, https:\/\/meridyenfair.com\/wp-content\/uploads\/2025\/11\/Adsiz-tasarim-80-400x300.jpg 400w, https:\/\/meridyenfair.com\/wp-content\/uploads\/2025\/11\/Adsiz-tasarim-80-16x12.jpg 16w\" sizes=\"(max-width: 650px) 100vw, 650px\" \/>                <\/a>\n                <div class=\"etn-event-category\">\n                    <span>2026<\/span> <span>Kap\u0131 - Pencere<\/span>                 <\/div>\n                            <\/div>\n                        <!-- thumbnail start-->\n\n            <!-- content start-->\n            <div class=\"etn-event-content\">\n                                                        <div class=\"etn-event-location\"><i class=\"etn-icon etn-location\"><\/i>\n                        M\u0131s\u0131r, Kahire<\/div>\n                                                    \n                <h3 class=\"etn-title etn-event-title\"><a href=\"https:\/\/meridyenfair.com\/tr\/etn\/egypt-project-2026\/\">\n                        EGYPT PROJECT 2026<\/a> <\/h3>\n                                    <p>\n                        9. EGYPT PROJECTS 2026 Uluslararas\u0131 Yap\u0131 &amp; \u0130n\u015faat Fuar\u0131 DAHA                    <\/p>\n                                \n                <div class=\"etn-event-footer\">\n                    <div class=\"etn-event-date\">\n                                    <span>\n\t\t\t\t<i class=\"etn-icon etn-calendar\"><\/i>\n                5 Eyl\u00fcl 2026            <\/span>\n\t\t\t                    <\/div>\n                    <div class=\"etn-atend-btn\">\n                                                <a href=\"https:\/\/meridyenfair.com\/tr\/etn\/egypt-project-2026\/\" class=\"etn-btn etn-btn-border\"\n                            title=\"EGYPT PROJECT 2026\">Attend                            <i class=\"etn-icon etm-arrow-right\"><\/i><\/a>\n                                            <\/div>\n                <\/div>\n            <\/div>\n            <!-- content end-->\n        <\/div>\n        <!-- etn event item end-->\n    <\/div>\n        <div class=\"etn-col-md-6 etn-col-lg-4\">\n        <div class=\"etn-event-item\">\n            <!-- thumbnail -->\n                        <div class=\"etn-event-thumb\">\n                <a \n                    href=\"https:\/\/meridyenfair.com\/tr\/etn\/electra-mining-2026\/\" \n                    aria-label=\"2026 Fuar Takvimi\"\n                >\n                    <img loading=\"lazy\" decoding=\"async\" width=\"400\" height=\"300\" src=\"https:\/\/meridyenfair.com\/wp-content\/uploads\/2024\/09\/elektraaa.jpg\" class=\"attachment-large size-large wp-post-image\" alt=\"\" srcset=\"https:\/\/meridyenfair.com\/wp-content\/uploads\/2024\/09\/elektraaa.jpg 400w, https:\/\/meridyenfair.com\/wp-content\/uploads\/2024\/09\/elektraaa-16x12.jpg 16w\" sizes=\"(max-width: 400px) 100vw, 400px\" \/>                <\/a>\n                <div class=\"etn-event-category\">\n                    <span>2026<\/span> <span>G\u00fcney Afrika<\/span>                 <\/div>\n                            <\/div>\n                        <!-- thumbnail start-->\n\n            <!-- content start-->\n            <div class=\"etn-event-content\">\n                                                        <div class=\"etn-event-location\"><i class=\"etn-icon etn-location\"><\/i>\n                        G\u00fcney Afrika, Johannesburg<\/div>\n                                                    \n                <h3 class=\"etn-title etn-event-title\"><a href=\"https:\/\/meridyenfair.com\/tr\/etn\/electra-mining-2026\/\">\n                        ELECTRA MINING 2026<\/a> <\/h3>\n                                    <p>\n                        ELECTRA MINING 2026 (ELENEX-POWEREX) Uluslararas\u0131 Madencilik Fuar\u0131 &nbsp; 2022&#8217;DEN \u00d6NCE                    <\/p>\n                                \n                <div class=\"etn-event-footer\">\n                    <div class=\"etn-event-date\">\n                                    <span>\n\t\t\t\t<i class=\"etn-icon etn-calendar\"><\/i>\n                7 Eyl\u00fcl 2026            <\/span>\n\t\t\t                    <\/div>\n                    <div class=\"etn-atend-btn\">\n                                                <a href=\"https:\/\/meridyenfair.com\/tr\/etn\/electra-mining-2026\/\" class=\"etn-btn etn-btn-border\"\n                            title=\"ELECTRA MINING 2026\">Attend                            <i class=\"etn-icon etm-arrow-right\"><\/i><\/a>\n                                            <\/div>\n                <\/div>\n            <\/div>\n            <!-- content end-->\n        <\/div>\n        <!-- etn event item end-->\n    <\/div>\n        <div class=\"etn-col-md-6 etn-col-lg-4\">\n        <div class=\"etn-event-item\">\n            <!-- thumbnail -->\n                        <div class=\"etn-event-thumb\">\n                <a \n                    href=\"https:\/\/meridyenfair.com\/tr\/etn\/elenex-powerex-2026\/\" \n                    aria-label=\"2026 Fuar Takvimi\"\n                >\n                    <img loading=\"lazy\" decoding=\"async\" width=\"400\" height=\"300\" src=\"https:\/\/meridyenfair.com\/wp-content\/uploads\/2024\/09\/elenex-powerex.jpg\" class=\"attachment-large size-large wp-post-image\" alt=\"\" srcset=\"https:\/\/meridyenfair.com\/wp-content\/uploads\/2024\/09\/elenex-powerex.jpg 400w, https:\/\/meridyenfair.com\/wp-content\/uploads\/2024\/09\/elenex-powerex-16x12.jpg 16w\" sizes=\"(max-width: 400px) 100vw, 400px\" \/>                <\/a>\n                <div class=\"etn-event-category\">\n                    <span>2026<\/span> <span>Elektrik - Enerji<\/span>                 <\/div>\n                            <\/div>\n                        <!-- thumbnail start-->\n\n            <!-- content start-->\n            <div class=\"etn-event-content\">\n                                                        <div class=\"etn-event-location\"><i class=\"etn-icon etn-location\"><\/i>\n                        G\u00fcney Afrika, Johannesburg<\/div>\n                                                    \n                <h3 class=\"etn-title etn-event-title\"><a href=\"https:\/\/meridyenfair.com\/tr\/etn\/elenex-powerex-2026\/\">\n                        ELENEX &#8211; POWEREX 2026<\/a> <\/h3>\n                                    <p>\n                        ELENEX &#8211; POWEREX 2026 (ELEKTRA MINING) Uluslararas\u0131 Elektrik, Enerji ve                    <\/p>\n                                \n                <div class=\"etn-event-footer\">\n                    <div class=\"etn-event-date\">\n                                    <span>\n\t\t\t\t<i class=\"etn-icon etn-calendar\"><\/i>\n                7 Eyl\u00fcl 2026            <\/span>\n\t\t\t                    <\/div>\n                    <div class=\"etn-atend-btn\">\n                                                <a href=\"https:\/\/meridyenfair.com\/tr\/etn\/elenex-powerex-2026\/\" class=\"etn-btn etn-btn-border\"\n                            title=\"ELENEX &#8211; POWEREX 2026\">Attend                            <i class=\"etn-icon etm-arrow-right\"><\/i><\/a>\n                                            <\/div>\n                <\/div>\n            <\/div>\n            <!-- content end-->\n        <\/div>\n        <!-- etn event item end-->\n    <\/div>\n        <div class=\"etn-col-md-6 etn-col-lg-4\">\n        <div class=\"etn-event-item\">\n            <!-- thumbnail -->\n                        <div class=\"etn-event-thumb\">\n                <a \n                    href=\"https:\/\/meridyenfair.com\/tr\/etn\/nordbau-2026\/\" \n                    aria-label=\"2026 Fuar Takvimi\"\n                >\n                    <img loading=\"lazy\" decoding=\"async\" width=\"400\" height=\"300\" src=\"https:\/\/meridyenfair.com\/wp-content\/uploads\/2025\/11\/Adsiz-tasarim-78.jpg\" class=\"attachment-large size-large wp-post-image\" alt=\"\" srcset=\"https:\/\/meridyenfair.com\/wp-content\/uploads\/2025\/11\/Adsiz-tasarim-78.jpg 400w, https:\/\/meridyenfair.com\/wp-content\/uploads\/2025\/11\/Adsiz-tasarim-78-16x12.jpg 16w\" sizes=\"(max-width: 400px) 100vw, 400px\" \/>                <\/a>\n                <div class=\"etn-event-category\">\n                    <span>2026<\/span> <span>Almanya<\/span>                 <\/div>\n                            <\/div>\n                        <!-- thumbnail start-->\n\n            <!-- content start-->\n            <div class=\"etn-event-content\">\n                                                        <div class=\"etn-event-location\"><i class=\"etn-icon etn-location\"><\/i>\n                        Almanya, Neum\u00fcnster<\/div>\n                                                    \n                <h3 class=\"etn-title etn-event-title\"><a href=\"https:\/\/meridyenfair.com\/tr\/etn\/nordbau-2026\/\">\n                        NORDBAU 2026<\/a> <\/h3>\n                                    <p>\n                        NORDBAU 2026 Uluslararas\u0131 Yap\u0131 \u0130n\u015faat ve \u0130\u015f Makineleri Fuar\u0131 FUAR                    <\/p>\n                                \n                <div class=\"etn-event-footer\">\n                    <div class=\"etn-event-date\">\n                                    <span>\n\t\t\t\t<i class=\"etn-icon etn-calendar\"><\/i>\n                9 Eyl\u00fcl 2026            <\/span>\n\t\t\t                    <\/div>\n                    <div class=\"etn-atend-btn\">\n                                                <a href=\"https:\/\/meridyenfair.com\/tr\/etn\/nordbau-2026\/\" class=\"etn-btn etn-btn-border\"\n                            title=\"NORDBAU 2026\">Attend                            <i class=\"etn-icon etm-arrow-right\"><\/i><\/a>\n                                            <\/div>\n                <\/div>\n            <\/div>\n            <!-- content end-->\n        <\/div>\n        <!-- etn event item end-->\n    <\/div>\n        <div class=\"etn-col-md-6 etn-col-lg-4\">\n        <div class=\"etn-event-item\">\n            <!-- thumbnail -->\n                        <div class=\"etn-event-thumb\">\n                <a \n                    href=\"https:\/\/meridyenfair.com\/tr\/etn\/siffp-2026\/\" \n                    aria-label=\"2026 Fuar Takvimi\"\n                >\n                    <img loading=\"lazy\" decoding=\"async\" width=\"400\" height=\"300\" src=\"https:\/\/meridyenfair.com\/wp-content\/uploads\/2026\/02\/SIFFP-ON-YAZI-2026.pdf-400-x-300-piksel.jpg\" class=\"attachment-large size-large wp-post-image\" alt=\"\" srcset=\"https:\/\/meridyenfair.com\/wp-content\/uploads\/2026\/02\/SIFFP-ON-YAZI-2026.pdf-400-x-300-piksel.jpg 400w, https:\/\/meridyenfair.com\/wp-content\/uploads\/2026\/02\/SIFFP-ON-YAZI-2026.pdf-400-x-300-piksel-16x12.jpg 16w\" sizes=\"(max-width: 400px) 100vw, 400px\" \/>                <\/a>\n                <div class=\"etn-event-category\">\n                    <span>2026<\/span> <span>Cezayir<\/span>                 <\/div>\n                            <\/div>\n                        <!-- thumbnail start-->\n\n            <!-- content start-->\n            <div class=\"etn-event-content\">\n                                                        <div class=\"etn-event-location\"><i class=\"etn-icon etn-location\"><\/i>\n                        Cezayir, Cezayir<\/div>\n                                                    \n                <h3 class=\"etn-title etn-event-title\"><a href=\"https:\/\/meridyenfair.com\/tr\/etn\/siffp-2026\/\">\n                        SIFFP 2026<\/a> <\/h3>\n                                    <p>\n                        SIFFP 2026 Uluslararas\u0131 Kap\u0131-Pencere ve Cam Fuar\u0131 FUARA NEDEN KATILMALISINIZ?                    <\/p>\n                                \n                <div class=\"etn-event-footer\">\n                    <div class=\"etn-event-date\">\n                                    <span>\n\t\t\t\t<i class=\"etn-icon etn-calendar\"><\/i>\n                20 Eyl\u00fcl 2026            <\/span>\n\t\t\t                    <\/div>\n                    <div class=\"etn-atend-btn\">\n                                                <a href=\"https:\/\/meridyenfair.com\/tr\/etn\/siffp-2026\/\" class=\"etn-btn etn-btn-border\"\n                            title=\"SIFFP 2026\">Attend                            <i class=\"etn-icon etm-arrow-right\"><\/i><\/a>\n                                            <\/div>\n                <\/div>\n            <\/div>\n            <!-- content end-->\n        <\/div>\n        <!-- etn event item end-->\n    <\/div>\n        <div class=\"etn-col-md-6 etn-col-lg-4\">\n        <div class=\"etn-event-item\">\n            <!-- thumbnail -->\n                        <div class=\"etn-event-thumb\">\n                <a \n                    href=\"https:\/\/meridyenfair.com\/tr\/etn\/int-trade-expo-2026\/\" \n                    aria-label=\"2026 Fuar Takvimi\"\n                >\n                    <img loading=\"lazy\" decoding=\"async\" width=\"400\" height=\"300\" src=\"https:\/\/meridyenfair.com\/wp-content\/uploads\/2025\/11\/Adsiz-tasarim-67.jpg\" class=\"attachment-large size-large wp-post-image\" alt=\"\" srcset=\"https:\/\/meridyenfair.com\/wp-content\/uploads\/2025\/11\/Adsiz-tasarim-67.jpg 400w, https:\/\/meridyenfair.com\/wp-content\/uploads\/2025\/11\/Adsiz-tasarim-67-16x12.jpg 16w\" sizes=\"(max-width: 400px) 100vw, 400px\" \/>                <\/a>\n                <div class=\"etn-event-category\">\n                    <span>2026<\/span> <span>Elektrik - Enerji<\/span>                 <\/div>\n                            <\/div>\n                        <!-- thumbnail start-->\n\n            <!-- content start-->\n            <div class=\"etn-event-content\">\n                                                        <div class=\"etn-event-location\"><i class=\"etn-icon etn-location\"><\/i>\n                        Ukrayna, Kiev<\/div>\n                                                    \n                <h3 class=\"etn-title etn-event-title\"><a href=\"https:\/\/meridyenfair.com\/tr\/etn\/int-trade-expo-2026\/\">\n                        INT. TRADE EXPO 2026<\/a> <\/h3>\n                                    <p>\n                        INT. TRADE EXPO 2026 Uluslararas\u0131 End\u00fcstri ve Sanayi Fuar\u0131 DAHA                    <\/p>\n                                \n                <div class=\"etn-event-footer\">\n                    <div class=\"etn-event-date\">\n                                    <span>\n\t\t\t\t<i class=\"etn-icon etn-calendar\"><\/i>\n                1 Ekim 2026            <\/span>\n\t\t\t                    <\/div>\n                    <div class=\"etn-atend-btn\">\n                                                <a href=\"https:\/\/meridyenfair.com\/tr\/etn\/int-trade-expo-2026\/\" class=\"etn-btn etn-btn-border\"\n                            title=\"INT. TRADE EXPO 2026\">Attend                            <i class=\"etn-icon etm-arrow-right\"><\/i><\/a>\n                                            <\/div>\n                <\/div>\n            <\/div>\n            <!-- content end-->\n        <\/div>\n        <!-- etn event item end-->\n    <\/div>\n        <div class=\"etn-col-md-6 etn-col-lg-4\">\n        <div class=\"etn-event-item\">\n            <!-- thumbnail -->\n                        <div class=\"etn-event-thumb\">\n                <a \n                    href=\"https:\/\/meridyenfair.com\/tr\/etn\/algeria-textile-2026\/\" \n                    aria-label=\"2026 Fuar Takvimi\"\n                >\n                    <img loading=\"lazy\" decoding=\"async\" width=\"400\" height=\"300\" src=\"https:\/\/meridyenfair.com\/wp-content\/uploads\/2025\/11\/Adsiz-tasarim-65.jpg\" class=\"attachment-large size-large wp-post-image\" alt=\"\" srcset=\"https:\/\/meridyenfair.com\/wp-content\/uploads\/2025\/11\/Adsiz-tasarim-65.jpg 400w, https:\/\/meridyenfair.com\/wp-content\/uploads\/2025\/11\/Adsiz-tasarim-65-16x12.jpg 16w\" sizes=\"(max-width: 400px) 100vw, 400px\" \/>                <\/a>\n                <div class=\"etn-event-category\">\n                    <span>2026<\/span> <span>Cezayir<\/span>                 <\/div>\n                            <\/div>\n                        <!-- thumbnail start-->\n\n            <!-- content start-->\n            <div class=\"etn-event-content\">\n                                                        <div class=\"etn-event-location\"><i class=\"etn-icon etn-location\"><\/i>\n                        Cezayir, Cezayir<\/div>\n                                                    \n                <h3 class=\"etn-title etn-event-title\"><a href=\"https:\/\/meridyenfair.com\/tr\/etn\/algeria-textile-2026\/\">\n                        ALGERIA TEXTILE 2026<\/a> <\/h3>\n                                    <p>\n                        ALGERIA TEXTILE 2026 Uluslararas\u0131 Tekstil Fuar\u0131 \u00dcLKE B\u0130LG\u0130LER\u0130 CEZAY\u0130R EKONOM\u0130S\u0130                    <\/p>\n                                \n                <div class=\"etn-event-footer\">\n                    <div class=\"etn-event-date\">\n                                    <span>\n\t\t\t\t<i class=\"etn-icon etn-calendar\"><\/i>\n                8 Ekim 2026            <\/span>\n\t\t\t                    <\/div>\n                    <div class=\"etn-atend-btn\">\n                                                <a href=\"https:\/\/meridyenfair.com\/tr\/etn\/algeria-textile-2026\/\" class=\"etn-btn etn-btn-border\"\n                            title=\"ALGERIA TEXTILE 2026\">Attend                            <i class=\"etn-icon etm-arrow-right\"><\/i><\/a>\n                                            <\/div>\n                <\/div>\n            <\/div>\n            <!-- content end-->\n        <\/div>\n        <!-- etn event item end-->\n    <\/div>\n        <div class=\"etn-col-md-6 etn-col-lg-4\">\n        <div class=\"etn-event-item\">\n            <!-- thumbnail -->\n                        <div class=\"etn-event-thumb\">\n                <a \n                    href=\"https:\/\/meridyenfair.com\/tr\/etn\/auto-tech-egypt-2026\/\" \n                    aria-label=\"2026 Fuar Takvimi\"\n                >\n                    <img loading=\"lazy\" decoding=\"async\" width=\"400\" height=\"300\" src=\"https:\/\/meridyenfair.com\/wp-content\/uploads\/2026\/02\/AUTO-TECH-MISIR-ON-YAZI-Kopyasi-400-x-300-piksel.jpg\" class=\"attachment-large size-large wp-post-image\" alt=\"\" srcset=\"https:\/\/meridyenfair.com\/wp-content\/uploads\/2026\/02\/AUTO-TECH-MISIR-ON-YAZI-Kopyasi-400-x-300-piksel.jpg 400w, https:\/\/meridyenfair.com\/wp-content\/uploads\/2026\/02\/AUTO-TECH-MISIR-ON-YAZI-Kopyasi-400-x-300-piksel-16x12.jpg 16w\" sizes=\"(max-width: 400px) 100vw, 400px\" \/>                <\/a>\n                <div class=\"etn-event-category\">\n                    <span>2026<\/span> <span>M\u0131s\u0131r<\/span>                 <\/div>\n                            <\/div>\n                        <!-- thumbnail start-->\n\n            <!-- content start-->\n            <div class=\"etn-event-content\">\n                                                        <div class=\"etn-event-location\"><i class=\"etn-icon etn-location\"><\/i>\n                        M\u0131s\u0131r, Kahire<\/div>\n                                                    \n                <h3 class=\"etn-title etn-event-title\"><a href=\"https:\/\/meridyenfair.com\/tr\/etn\/auto-tech-egypt-2026\/\">\n                        AUTO TECH EGYPT 2026<\/a> <\/h3>\n                                    <p>\n                        AUTOTECH EGYPT 2026 Uluslararas\u0131 Otomotiv Yan Sanayi Yedek Par\u00e7a ve                    <\/p>\n                                \n                <div class=\"etn-event-footer\">\n                    <div class=\"etn-event-date\">\n                                    <span>\n\t\t\t\t<i class=\"etn-icon etn-calendar\"><\/i>\n                9 Ekim 2026            <\/span>\n\t\t\t                    <\/div>\n                    <div class=\"etn-atend-btn\">\n                                                <a href=\"https:\/\/meridyenfair.com\/tr\/etn\/auto-tech-egypt-2026\/\" class=\"etn-btn etn-btn-border\"\n                            title=\"AUTO TECH EGYPT 2026\">Attend                            <i class=\"etn-icon etm-arrow-right\"><\/i><\/a>\n                                            <\/div>\n                <\/div>\n            <\/div>\n            <!-- content end-->\n        <\/div>\n        <!-- etn event item end-->\n    <\/div>\n        <div class=\"etn-col-md-6 etn-col-lg-4\">\n        <div class=\"etn-event-item\">\n            <!-- thumbnail -->\n                        <div class=\"etn-event-thumb\">\n                <a \n                    href=\"https:\/\/meridyenfair.com\/tr\/etn\/fabex-metal-stell-mach-saudi-arabia-2026\/\" \n                    aria-label=\"2026 Fuar Takvimi\"\n                >\n                    <img loading=\"lazy\" decoding=\"async\" width=\"400\" height=\"300\" src=\"https:\/\/meridyenfair.com\/wp-content\/uploads\/2025\/11\/Adsiz-tasarim-74.jpg\" class=\"attachment-large size-large wp-post-image\" alt=\"\" srcset=\"https:\/\/meridyenfair.com\/wp-content\/uploads\/2025\/11\/Adsiz-tasarim-74.jpg 400w, https:\/\/meridyenfair.com\/wp-content\/uploads\/2025\/11\/Adsiz-tasarim-74-16x12.jpg 16w\" sizes=\"(max-width: 400px) 100vw, 400px\" \/>                <\/a>\n                <div class=\"etn-event-category\">\n                    <span>2026<\/span> <span>Metal \u0130\u015fleme Sanayi Makineleri<\/span>                 <\/div>\n                            <\/div>\n                        <!-- thumbnail start-->\n\n            <!-- content start-->\n            <div class=\"etn-event-content\">\n                                                        <div class=\"etn-event-location\"><i class=\"etn-icon etn-location\"><\/i>\n                        Suudi Arabistan \/ Riyad<\/div>\n                                                    \n                <h3 class=\"etn-title etn-event-title\"><a href=\"https:\/\/meridyenfair.com\/tr\/etn\/fabex-metal-stell-mach-saudi-arabia-2026\/\">\n                        FABEX- METAL &#038; STELL &#8211; MACH SAUDI ARABIA 2026<\/a> <\/h3>\n                                    <p>\n                        FABEX- METAL &amp; STELL &#8211; MACH SAUDI ARABIA 2026 Uluslararas\u0131                    <\/p>\n                                \n                <div class=\"etn-event-footer\">\n                    <div class=\"etn-event-date\">\n                                    <span>\n\t\t\t\t<i class=\"etn-icon etn-calendar\"><\/i>\n                11 Ekim 2026            <\/span>\n\t\t\t                    <\/div>\n                    <div class=\"etn-atend-btn\">\n                                                <a href=\"https:\/\/meridyenfair.com\/tr\/etn\/fabex-metal-stell-mach-saudi-arabia-2026\/\" class=\"etn-btn etn-btn-border\"\n                            title=\"FABEX- METAL &#038; STELL &#8211; MACH SAUDI ARABIA 2026\">Attend                            <i class=\"etn-icon etm-arrow-right\"><\/i><\/a>\n                                            <\/div>\n                <\/div>\n            <\/div>\n            <!-- content end-->\n        <\/div>\n        <!-- etn event item end-->\n    <\/div>\n        <div class=\"etn-col-md-6 etn-col-lg-4\">\n        <div class=\"etn-event-item\">\n            <!-- thumbnail -->\n                        <div class=\"etn-event-thumb\">\n                <a \n                    href=\"https:\/\/meridyenfair.com\/tr\/etn\/florence-textile-2026\/\" \n                    aria-label=\"2026 Fuar Takvimi\"\n                >\n                    <img loading=\"lazy\" decoding=\"async\" width=\"400\" height=\"300\" src=\"https:\/\/meridyenfair.com\/wp-content\/uploads\/2024\/10\/floransa.jpg\" class=\"attachment-large size-large wp-post-image\" alt=\"\" srcset=\"https:\/\/meridyenfair.com\/wp-content\/uploads\/2024\/10\/floransa.jpg 400w, https:\/\/meridyenfair.com\/wp-content\/uploads\/2024\/10\/floransa-16x12.jpg 16w\" sizes=\"(max-width: 400px) 100vw, 400px\" \/>                <\/a>\n                <div class=\"etn-event-category\">\n                    <span>2026<\/span> <span>\u0130talya<\/span>                 <\/div>\n                            <\/div>\n                        <!-- thumbnail start-->\n\n            <!-- content start-->\n            <div class=\"etn-event-content\">\n                                                        <div class=\"etn-event-location\"><i class=\"etn-icon etn-location\"><\/i>\n                        \u0130talya, Floransa<\/div>\n                                                    \n                <h3 class=\"etn-title etn-event-title\"><a href=\"https:\/\/meridyenfair.com\/tr\/etn\/florence-textile-2026\/\">\n                        FLORENCE TEXTILE 2026<\/a> <\/h3>\n                                    <p>\n                        FLORENCE TEXTILE 2026 Uluslararas\u0131 Tekstil Fuar\u0131 A\u00c7IKLAMA \u0130TALYA \/ FLORANSA                    <\/p>\n                                \n                <div class=\"etn-event-footer\">\n                    <div class=\"etn-event-date\">\n                                    <span>\n\t\t\t\t<i class=\"etn-icon etn-calendar\"><\/i>\n                14 Ekim 2026            <\/span>\n\t\t\t                    <\/div>\n                    <div class=\"etn-atend-btn\">\n                                                <a href=\"https:\/\/meridyenfair.com\/tr\/etn\/florence-textile-2026\/\" class=\"etn-btn etn-btn-border\"\n                            title=\"FLORENCE TEXTILE 2026\">Attend                            <i class=\"etn-icon etm-arrow-right\"><\/i><\/a>\n                                            <\/div>\n                <\/div>\n            <\/div>\n            <!-- content end-->\n        <\/div>\n        <!-- etn event item end-->\n    <\/div>\n        <div class=\"etn-col-md-6 etn-col-lg-4\">\n        <div class=\"etn-event-item\">\n            <!-- thumbnail -->\n                        <div class=\"etn-event-thumb\">\n                <a \n                    href=\"https:\/\/meridyenfair.com\/tr\/etn\/logs-2026\/\" \n                    aria-label=\"2026 Fuar Takvimi\"\n                >\n                    <img loading=\"lazy\" decoding=\"async\" width=\"400\" height=\"300\" src=\"https:\/\/meridyenfair.com\/wp-content\/uploads\/2026\/03\/logs2026.jpg\" class=\"attachment-large size-large wp-post-image\" alt=\"\" srcset=\"https:\/\/meridyenfair.com\/wp-content\/uploads\/2026\/03\/logs2026.jpg 400w, https:\/\/meridyenfair.com\/wp-content\/uploads\/2026\/03\/logs2026-16x12.jpg 16w\" sizes=\"(max-width: 400px) 100vw, 400px\" \/>                <\/a>\n                <div class=\"etn-event-category\">\n                    <span>2026<\/span> <span>Libya<\/span>                 <\/div>\n                            <\/div>\n                        <!-- thumbnail start-->\n\n            <!-- content start-->\n            <div class=\"etn-event-content\">\n                                                        <div class=\"etn-event-location\"><i class=\"etn-icon etn-location\"><\/i>\n                        Libya, Bingazi<\/div>\n                                                    \n                <h3 class=\"etn-title etn-event-title\"><a href=\"https:\/\/meridyenfair.com\/tr\/etn\/logs-2026\/\">\n                        LOGS 2026<\/a> <\/h3>\n                                    <p>\n                        LOGS 2026 Uluslararas\u0131 Petrol &amp; Do\u011falgaz End\u00fcstrileri Fuar\u0131 Afrika&#8217;n\u0131n En                    <\/p>\n                                \n                <div class=\"etn-event-footer\">\n                    <div class=\"etn-event-date\">\n                                    <span>\n\t\t\t\t<i class=\"etn-icon etn-calendar\"><\/i>\n                19 Ekim 2026            <\/span>\n\t\t\t                    <\/div>\n                    <div class=\"etn-atend-btn\">\n                                                <a href=\"https:\/\/meridyenfair.com\/tr\/etn\/logs-2026\/\" class=\"etn-btn etn-btn-border\"\n                            title=\"LOGS 2026\">Attend                            <i class=\"etn-icon etm-arrow-right\"><\/i><\/a>\n                                            <\/div>\n                <\/div>\n            <\/div>\n            <!-- content end-->\n        <\/div>\n        <!-- etn event item end-->\n    <\/div>\n        <div class=\"etn-col-md-6 etn-col-lg-4\">\n        <div class=\"etn-event-item\">\n            <!-- thumbnail -->\n                        <div class=\"etn-event-thumb\">\n                <a \n                    href=\"https:\/\/meridyenfair.com\/tr\/etn\/lyenergy-2026\/\" \n                    aria-label=\"2026 Fuar Takvimi\"\n                >\n                    <img loading=\"lazy\" decoding=\"async\" width=\"400\" height=\"300\" src=\"https:\/\/meridyenfair.com\/wp-content\/uploads\/2026\/03\/lyenergy.jpg\" class=\"attachment-large size-large wp-post-image\" alt=\"\" srcset=\"https:\/\/meridyenfair.com\/wp-content\/uploads\/2026\/03\/lyenergy.jpg 400w, https:\/\/meridyenfair.com\/wp-content\/uploads\/2026\/03\/lyenergy-16x12.jpg 16w\" sizes=\"(max-width: 400px) 100vw, 400px\" \/>                <\/a>\n                <div class=\"etn-event-category\">\n                    <span>2026<\/span> <span>Elektrik - Enerji<\/span>                 <\/div>\n                            <\/div>\n                        <!-- thumbnail start-->\n\n            <!-- content start-->\n            <div class=\"etn-event-content\">\n                                                        <div class=\"etn-event-location\"><i class=\"etn-icon etn-location\"><\/i>\n                        Libya, Bingazi<\/div>\n                                                    \n                <h3 class=\"etn-title etn-event-title\"><a href=\"https:\/\/meridyenfair.com\/tr\/etn\/lyenergy-2026\/\">\n                        LYENERGY 2026<\/a> <\/h3>\n                                    <p>\n                        LYENERGY 2026 Uluslararas\u0131 Elektrik \u00dcretimi, \u0130letimi, Da\u011f\u0131t\u0131m\u0131 &amp; Yenilenebilir Enerji                    <\/p>\n                                \n                <div class=\"etn-event-footer\">\n                    <div class=\"etn-event-date\">\n                                    <span>\n\t\t\t\t<i class=\"etn-icon etn-calendar\"><\/i>\n                19 Ekim 2026            <\/span>\n\t\t\t                    <\/div>\n                    <div class=\"etn-atend-btn\">\n                                                <a href=\"https:\/\/meridyenfair.com\/tr\/etn\/lyenergy-2026\/\" class=\"etn-btn etn-btn-border\"\n                            title=\"LYENERGY 2026\">Attend                            <i class=\"etn-icon etm-arrow-right\"><\/i><\/a>\n                                            <\/div>\n                <\/div>\n            <\/div>\n            <!-- content end-->\n        <\/div>\n        <!-- etn event item end-->\n    <\/div>\n        <div class=\"etn-col-md-6 etn-col-lg-4\">\n        <div class=\"etn-event-item\">\n            <!-- thumbnail -->\n                        <div class=\"etn-event-thumb\">\n                <a \n                    href=\"https:\/\/meridyenfair.com\/tr\/etn\/warsaw-home-textile-2026\/\" \n                    aria-label=\"2026 Fuar Takvimi\"\n                >\n                    <img loading=\"lazy\" decoding=\"async\" width=\"400\" height=\"300\" src=\"https:\/\/meridyenfair.com\/wp-content\/uploads\/2026\/03\/warsaw-home-textile.jpg\" class=\"attachment-large size-large wp-post-image\" alt=\"\" srcset=\"https:\/\/meridyenfair.com\/wp-content\/uploads\/2026\/03\/warsaw-home-textile.jpg 400w, https:\/\/meridyenfair.com\/wp-content\/uploads\/2026\/03\/warsaw-home-textile-16x12.jpg 16w\" sizes=\"(max-width: 400px) 100vw, 400px\" \/>                <\/a>\n                <div class=\"etn-event-category\">\n                    <span>2026<\/span> <span>Ev Tekstili<\/span>                 <\/div>\n                            <\/div>\n                        <!-- thumbnail start-->\n\n            <!-- content start-->\n            <div class=\"etn-event-content\">\n                                                        <div class=\"etn-event-location\"><i class=\"etn-icon etn-location\"><\/i>\n                        Polonya, Var\u015fova<\/div>\n                                                    \n                <h3 class=\"etn-title etn-event-title\"><a href=\"https:\/\/meridyenfair.com\/tr\/etn\/warsaw-home-textile-2026\/\">\n                        WARSAW HOME TEXTILE 2026<\/a> <\/h3>\n                                    <p>\n                        WARSAW HOME TEXTILE 2026 Uluslararas\u0131 Ev Tekstili Fuar\u0131 FUAR HAKKINDA                    <\/p>\n                                \n                <div class=\"etn-event-footer\">\n                    <div class=\"etn-event-date\">\n                                    <span>\n\t\t\t\t<i class=\"etn-icon etn-calendar\"><\/i>\n                21 Ekim 2026            <\/span>\n\t\t\t                    <\/div>\n                    <div class=\"etn-atend-btn\">\n                                                <a href=\"https:\/\/meridyenfair.com\/tr\/etn\/warsaw-home-textile-2026\/\" class=\"etn-btn etn-btn-border\"\n                            title=\"WARSAW HOME TEXTILE 2026\">Attend                            <i class=\"etn-icon etm-arrow-right\"><\/i><\/a>\n                                            <\/div>\n                <\/div>\n            <\/div>\n            <!-- content end-->\n        <\/div>\n        <!-- etn event item end-->\n    <\/div>\n        <div class=\"etn-col-md-6 etn-col-lg-4\">\n        <div class=\"etn-event-item\">\n            <!-- thumbnail -->\n                        <div class=\"etn-event-thumb\">\n                <a \n                    href=\"https:\/\/meridyenfair.com\/tr\/etn\/10-barcelona-textile-2026\/\" \n                    aria-label=\"2026 Fuar Takvimi\"\n                >\n                    <img loading=\"lazy\" decoding=\"async\" width=\"400\" height=\"300\" src=\"https:\/\/meridyenfair.com\/wp-content\/uploads\/2025\/06\/Adsiz-400-x-300-piksel.jpg\" class=\"attachment-large size-large wp-post-image\" alt=\"\" srcset=\"https:\/\/meridyenfair.com\/wp-content\/uploads\/2025\/06\/Adsiz-400-x-300-piksel.jpg 400w, https:\/\/meridyenfair.com\/wp-content\/uploads\/2025\/06\/Adsiz-400-x-300-piksel-16x12.jpg 16w\" sizes=\"(max-width: 400px) 100vw, 400px\" \/>                <\/a>\n                <div class=\"etn-event-category\">\n                    <span>2026<\/span> <span>\u0130spanya<\/span>                 <\/div>\n                            <\/div>\n                        <!-- thumbnail start-->\n\n            <!-- content start-->\n            <div class=\"etn-event-content\">\n                                                        <div class=\"etn-event-location\"><i class=\"etn-icon etn-location\"><\/i>\n                        \u0130spanya, Barselona<\/div>\n                                                    \n                <h3 class=\"etn-title etn-event-title\"><a href=\"https:\/\/meridyenfair.com\/tr\/etn\/10-barcelona-textile-2026\/\">\n                        10. BARCELONA TEXTILE 2026<\/a> <\/h3>\n                                    <p>\n                        10. BARCELONA TEXTILE 2026 Uluslararas\u0131 Tekstil Fuar\u0131 A\u00c7IKLAMA \u00dcLKE B\u0130LG\u0130LER\u0130                    <\/p>\n                                \n                <div class=\"etn-event-footer\">\n                    <div class=\"etn-event-date\">\n                                    <span>\n\t\t\t\t<i class=\"etn-icon etn-calendar\"><\/i>\n                21 Ekim 2026            <\/span>\n\t\t\t                    <\/div>\n                    <div class=\"etn-atend-btn\">\n                                                <a href=\"https:\/\/meridyenfair.com\/tr\/etn\/10-barcelona-textile-2026\/\" class=\"etn-btn etn-btn-border\"\n                            title=\"10. BARCELONA TEXTILE 2026\">Attend                            <i class=\"etn-icon etm-arrow-right\"><\/i><\/a>\n                                            <\/div>\n                <\/div>\n            <\/div>\n            <!-- content end-->\n        <\/div>\n        <!-- etn event item end-->\n    <\/div>\n        <div class=\"etn-col-md-6 etn-col-lg-4\">\n        <div class=\"etn-event-item\">\n            <!-- thumbnail -->\n                        <div class=\"etn-event-thumb\">\n                <a \n                    href=\"https:\/\/meridyenfair.com\/tr\/etn\/sivecc-2026\/\" \n                    aria-label=\"2026 Fuar Takvimi\"\n                >\n                    <img loading=\"lazy\" decoding=\"async\" width=\"400\" height=\"300\" src=\"https:\/\/meridyenfair.com\/wp-content\/uploads\/2026\/03\/enlit-2.jpg\" class=\"attachment-large size-large wp-post-image\" alt=\"\" srcset=\"https:\/\/meridyenfair.com\/wp-content\/uploads\/2026\/03\/enlit-2.jpg 400w, https:\/\/meridyenfair.com\/wp-content\/uploads\/2026\/03\/enlit-2-16x12.jpg 16w\" sizes=\"(max-width: 400px) 100vw, 400px\" \/>                <\/a>\n                <div class=\"etn-event-category\">\n                    <span>2026<\/span> <span>Cezayir<\/span>                 <\/div>\n                            <\/div>\n                        <!-- thumbnail start-->\n\n            <!-- content start-->\n            <div class=\"etn-event-content\">\n                                                        <div class=\"etn-event-location\"><i class=\"etn-icon etn-location\"><\/i>\n                        Cezayir, Cezayir<\/div>\n                                                    \n                <h3 class=\"etn-title etn-event-title\"><a href=\"https:\/\/meridyenfair.com\/tr\/etn\/sivecc-2026\/\">\n                        SIVECC 2026<\/a> <\/h3>\n                                    <p>\n                        SIVECC 2026 Uluslararas\u0131 Is\u0131tma So\u011futma ve \u0130klimlendirme Fuar\u0131 \u00dcLKE B\u0130LG\u0130LER\u0130                    <\/p>\n                                \n                <div class=\"etn-event-footer\">\n                    <div class=\"etn-event-date\">\n                                    <span>\n\t\t\t\t<i class=\"etn-icon etn-calendar\"><\/i>\n                1 Kas\u0131m 2026            <\/span>\n\t\t\t                    <\/div>\n                    <div class=\"etn-atend-btn\">\n                                                <a href=\"https:\/\/meridyenfair.com\/tr\/etn\/sivecc-2026\/\" class=\"etn-btn etn-btn-border\"\n                            title=\"SIVECC 2026\">Attend                            <i class=\"etn-icon etm-arrow-right\"><\/i><\/a>\n                                            <\/div>\n                <\/div>\n            <\/div>\n            <!-- content end-->\n        <\/div>\n        <!-- etn event item end-->\n    <\/div>\n        <div class=\"etn-col-md-6 etn-col-lg-4\">\n        <div class=\"etn-event-item\">\n            <!-- thumbnail -->\n                        <div class=\"etn-event-thumb\">\n                <a \n                    href=\"https:\/\/meridyenfair.com\/tr\/etn\/enlit-europe-2026\/\" \n                    aria-label=\"2026 Fuar Takvimi\"\n                >\n                    <img loading=\"lazy\" decoding=\"async\" width=\"400\" height=\"300\" src=\"https:\/\/meridyenfair.com\/wp-content\/uploads\/2026\/03\/enlit.jpg\" class=\"attachment-large size-large wp-post-image\" alt=\"\" srcset=\"https:\/\/meridyenfair.com\/wp-content\/uploads\/2026\/03\/enlit.jpg 400w, https:\/\/meridyenfair.com\/wp-content\/uploads\/2026\/03\/enlit-16x12.jpg 16w\" sizes=\"(max-width: 400px) 100vw, 400px\" \/>                <\/a>\n                <div class=\"etn-event-category\">\n                    <span>2026<\/span> <span>Avusturya<\/span>                 <\/div>\n                            <\/div>\n                        <!-- thumbnail start-->\n\n            <!-- content start-->\n            <div class=\"etn-event-content\">\n                                                        <div class=\"etn-event-location\"><i class=\"etn-icon etn-location\"><\/i>\n                        Avusturya, Viyana<\/div>\n                                                    \n                <h3 class=\"etn-title etn-event-title\"><a href=\"https:\/\/meridyenfair.com\/tr\/etn\/enlit-europe-2026\/\">\n                        ENLIT EUROPE 2026<\/a> <\/h3>\n                                    <p>\n                        ENLIT EUROPE 2026 Uluslararas\u0131 Enerji ve Bile\u015fenleri Fuar\u0131 ENLIT Europe                    <\/p>\n                                \n                <div class=\"etn-event-footer\">\n                    <div class=\"etn-event-date\">\n                                    <span>\n\t\t\t\t<i class=\"etn-icon etn-calendar\"><\/i>\n                10 Kas\u0131m 2026            <\/span>\n\t\t\t                    <\/div>\n                    <div class=\"etn-atend-btn\">\n                                                <a href=\"https:\/\/meridyenfair.com\/tr\/etn\/enlit-europe-2026\/\" class=\"etn-btn etn-btn-border\"\n                            title=\"ENLIT EUROPE 2026\">Attend                            <i class=\"etn-icon etm-arrow-right\"><\/i><\/a>\n                                            <\/div>\n                <\/div>\n            <\/div>\n            <!-- content end-->\n        <\/div>\n        <!-- etn event item end-->\n    <\/div>\n        <div class=\"etn-col-md-6 etn-col-lg-4\">\n        <div class=\"etn-event-item\">\n            <!-- thumbnail -->\n                        <div class=\"etn-event-thumb\">\n                <a \n                    href=\"https:\/\/meridyenfair.com\/tr\/etn\/13-polonya-fast-textile-2026\/\" \n                    aria-label=\"2026 Fuar Takvimi\"\n                >\n                    <img loading=\"lazy\" decoding=\"async\" width=\"400\" height=\"300\" src=\"https:\/\/meridyenfair.com\/wp-content\/uploads\/2026\/03\/fast-tekstil-1.jpg\" class=\"attachment-large size-large wp-post-image\" alt=\"\" srcset=\"https:\/\/meridyenfair.com\/wp-content\/uploads\/2026\/03\/fast-tekstil-1.jpg 400w, https:\/\/meridyenfair.com\/wp-content\/uploads\/2026\/03\/fast-tekstil-1-16x12.jpg 16w\" sizes=\"(max-width: 400px) 100vw, 400px\" \/>                <\/a>\n                <div class=\"etn-event-category\">\n                    <span>2026<\/span> <span>Ev Tekstili<\/span>                 <\/div>\n                            <\/div>\n                        <!-- thumbnail start-->\n\n            <!-- content start-->\n            <div class=\"etn-event-content\">\n                                                        <div class=\"etn-event-location\"><i class=\"etn-icon etn-location\"><\/i>\n                        Polonya, Lodz<\/div>\n                                                    \n                <h3 class=\"etn-title etn-event-title\"><a href=\"https:\/\/meridyenfair.com\/tr\/etn\/13-polonya-fast-textile-2026\/\">\n                        13. POLONYA FAST TEXTILE 2026<\/a> <\/h3>\n                                    <p>\n                        13. POLONYA FAST TEXTILE 2026 Uluslararas\u0131 Tekstil, Ev Tekstili ve                    <\/p>\n                                \n                <div class=\"etn-event-footer\">\n                    <div class=\"etn-event-date\">\n                                    <span>\n\t\t\t\t<i class=\"etn-icon etn-calendar\"><\/i>\n                17 Kas\u0131m 2026            <\/span>\n\t\t\t                    <\/div>\n                    <div class=\"etn-atend-btn\">\n                                                <a href=\"https:\/\/meridyenfair.com\/tr\/etn\/13-polonya-fast-textile-2026\/\" class=\"etn-btn etn-btn-border\"\n                            title=\"13. POLONYA FAST TEXTILE 2026\">Attend                            <i class=\"etn-icon etm-arrow-right\"><\/i><\/a>\n                                            <\/div>\n                <\/div>\n            <\/div>\n            <!-- content end-->\n        <\/div>\n        <!-- etn event item end-->\n    <\/div>\n        <div class=\"etn-col-md-6 etn-col-lg-4\">\n        <div class=\"etn-event-item\">\n            <!-- thumbnail -->\n                        <div class=\"etn-event-thumb\">\n                <a \n                    href=\"https:\/\/meridyenfair.com\/tr\/etn\/fas-sib-2026\/\" \n                    aria-label=\"2026 Fuar Takvimi\"\n                >\n                    <img loading=\"lazy\" decoding=\"async\" width=\"400\" height=\"300\" src=\"https:\/\/meridyenfair.com\/wp-content\/uploads\/2025\/02\/sib.jpg\" class=\"attachment-large size-large wp-post-image\" alt=\"\" srcset=\"https:\/\/meridyenfair.com\/wp-content\/uploads\/2025\/02\/sib.jpg 400w, https:\/\/meridyenfair.com\/wp-content\/uploads\/2025\/02\/sib-16x12.jpg 16w\" sizes=\"(max-width: 400px) 100vw, 400px\" \/>                <\/a>\n                <div class=\"etn-event-category\">\n                    <span>2026<\/span> <span>Fas<\/span>                 <\/div>\n                            <\/div>\n                        <!-- thumbnail start-->\n\n            <!-- content start-->\n            <div class=\"etn-event-content\">\n                                                        <div class=\"etn-event-location\"><i class=\"etn-icon etn-location\"><\/i>\n                        Fas, El Jadida<\/div>\n                                                    \n                <h3 class=\"etn-title etn-event-title\"><a href=\"https:\/\/meridyenfair.com\/tr\/etn\/fas-sib-2026\/\">\n                        20. SIB 2026<\/a> <\/h3>\n                                    <p>\n                        20. SIB 2026 Uluslararas\u0131 Yap\u0131 Malzemeleri ve \u0130n\u015faat Fuar\u0131 \u00dcLKE                    <\/p>\n                                \n                <div class=\"etn-event-footer\">\n                    <div class=\"etn-event-date\">\n                                    <span>\n\t\t\t\t<i class=\"etn-icon etn-calendar\"><\/i>\n                25 Kas\u0131m 2026            <\/span>\n\t\t\t                    <\/div>\n                    <div class=\"etn-atend-btn\">\n                                                <a href=\"https:\/\/meridyenfair.com\/tr\/etn\/fas-sib-2026\/\" class=\"etn-btn etn-btn-border\"\n                            title=\"20. SIB 2026\">Attend                            <i class=\"etn-icon etm-arrow-right\"><\/i><\/a>\n                                            <\/div>\n                <\/div>\n            <\/div>\n            <!-- content end-->\n        <\/div>\n        <!-- etn event item end-->\n    <\/div>\n        <div class=\"etn-col-md-6 etn-col-lg-4\">\n        <div class=\"etn-event-item\">\n            <!-- thumbnail -->\n                        <div class=\"etn-event-thumb\">\n                <a \n                    href=\"https:\/\/meridyenfair.com\/tr\/etn\/33-iran-print-pack-paper-2026\/\" \n                    aria-label=\"2026 Fuar Takvimi\"\n                >\n                    <img loading=\"lazy\" decoding=\"async\" width=\"400\" height=\"300\" src=\"https:\/\/meridyenfair.com\/wp-content\/uploads\/2026\/03\/IRAN-PRINT.jpg\" class=\"attachment-large size-large wp-post-image\" alt=\"\" srcset=\"https:\/\/meridyenfair.com\/wp-content\/uploads\/2026\/03\/IRAN-PRINT.jpg 400w, https:\/\/meridyenfair.com\/wp-content\/uploads\/2026\/03\/IRAN-PRINT-16x12.jpg 16w\" sizes=\"(max-width: 400px) 100vw, 400px\" \/>                <\/a>\n                <div class=\"etn-event-category\">\n                    <span>2026<\/span> <span>\u0130ran<\/span>                 <\/div>\n                            <\/div>\n                        <!-- thumbnail start-->\n\n            <!-- content start-->\n            <div class=\"etn-event-content\">\n                                                        <div class=\"etn-event-location\"><i class=\"etn-icon etn-location\"><\/i>\n                        \u0130ran, Tahran<\/div>\n                                                    \n                <h3 class=\"etn-title etn-event-title\"><a href=\"https:\/\/meridyenfair.com\/tr\/etn\/33-iran-print-pack-paper-2026\/\">\n                        33. IRAN PRINT PACK &#038; PAPER 2026<\/a> <\/h3>\n                                    <p>\n                        33. \u0130RAN PRINT PACK &amp; PAPER 2026 Uluslararas\u0131 Plastik, Petrokimya,                    <\/p>\n                                \n                <div class=\"etn-event-footer\">\n                    <div class=\"etn-event-date\">\n                                    <span>\n\t\t\t\t<i class=\"etn-icon etn-calendar\"><\/i>\n                1 Aral\u0131k 2026            <\/span>\n\t\t\t                    <\/div>\n                    <div class=\"etn-atend-btn\">\n                                                <a href=\"https:\/\/meridyenfair.com\/tr\/etn\/33-iran-print-pack-paper-2026\/\" class=\"etn-btn etn-btn-border\"\n                            title=\"33. IRAN PRINT PACK &#038; PAPER 2026\">Attend                            <i class=\"etn-icon etm-arrow-right\"><\/i><\/a>\n                                            <\/div>\n                <\/div>\n            <\/div>\n            <!-- content end-->\n        <\/div>\n        <!-- etn event item end-->\n    <\/div>\n        <div class=\"etn-col-md-6 etn-col-lg-4\">\n        <div class=\"etn-event-item\">\n            <!-- thumbnail -->\n                        <div class=\"etn-event-thumb\">\n                <a \n                    href=\"https:\/\/meridyenfair.com\/tr\/etn\/syria-auto-parts-2026\/\" \n                    aria-label=\"2026 Fuar Takvimi\"\n                >\n                    <img loading=\"lazy\" decoding=\"async\" width=\"400\" height=\"300\" src=\"https:\/\/meridyenfair.com\/wp-content\/uploads\/2025\/11\/Adsiz-tasarim-85.jpg\" class=\"attachment-large size-large wp-post-image\" alt=\"\" srcset=\"https:\/\/meridyenfair.com\/wp-content\/uploads\/2025\/11\/Adsiz-tasarim-85.jpg 400w, https:\/\/meridyenfair.com\/wp-content\/uploads\/2025\/11\/Adsiz-tasarim-85-16x12.jpg 16w\" sizes=\"(max-width: 400px) 100vw, 400px\" \/>                <\/a>\n                <div class=\"etn-event-category\">\n                    <span>2026<\/span> <span>Otomotiv<\/span>                 <\/div>\n                            <\/div>\n                        <!-- thumbnail start-->\n\n            <!-- content start-->\n            <div class=\"etn-event-content\">\n                                                        <div class=\"etn-event-location\"><i class=\"etn-icon etn-location\"><\/i>\n                        Suriye, \u015eam<\/div>\n                                                    \n                <h3 class=\"etn-title etn-event-title\"><a href=\"https:\/\/meridyenfair.com\/tr\/etn\/syria-auto-parts-2026\/\">\n                        SYRIA AUTO PARTS 2026<\/a> <\/h3>\n                                    <p>\n                        INTERNATIONAL SYRIA AUTO PARTS 2026 Otomotiv Yedek Par\u00e7a Bile\u015fenleri Fuar\u0131                    <\/p>\n                                \n                <div class=\"etn-event-footer\">\n                    <div class=\"etn-event-date\">\n                                    <span>\n\t\t\t\t<i class=\"etn-icon etn-calendar\"><\/i>\n                2 Aral\u0131k 2026            <\/span>\n\t\t\t                    <\/div>\n                    <div class=\"etn-atend-btn\">\n                                                <a href=\"https:\/\/meridyenfair.com\/tr\/etn\/syria-auto-parts-2026\/\" class=\"etn-btn etn-btn-border\"\n                            title=\"SYRIA AUTO PARTS 2026\">Attend                            <i class=\"etn-icon etm-arrow-right\"><\/i><\/a>\n                                            <\/div>\n                <\/div>\n            <\/div>\n            <!-- content end-->\n        <\/div>\n        <!-- etn event item end-->\n    <\/div>\n        <div class=\"etn-col-md-6 etn-col-lg-4\">\n        <div class=\"etn-event-item\">\n            <!-- thumbnail -->\n                        <div class=\"etn-event-thumb\">\n                <a \n                    href=\"https:\/\/meridyenfair.com\/tr\/etn\/26-mactech-misir-2026\/\" \n                    aria-label=\"2026 Fuar Takvimi\"\n                >\n                    <img loading=\"lazy\" decoding=\"async\" width=\"400\" height=\"300\" src=\"https:\/\/meridyenfair.com\/wp-content\/uploads\/2026\/03\/MACTECH.jpg\" class=\"attachment-large size-large wp-post-image\" alt=\"\" srcset=\"https:\/\/meridyenfair.com\/wp-content\/uploads\/2026\/03\/MACTECH.jpg 400w, https:\/\/meridyenfair.com\/wp-content\/uploads\/2026\/03\/MACTECH-16x12.jpg 16w\" sizes=\"(max-width: 400px) 100vw, 400px\" \/>                <\/a>\n                <div class=\"etn-event-category\">\n                    <span>2026<\/span> <span>Metal \u0130\u015fleme Sanayi Makineleri<\/span>                 <\/div>\n                            <\/div>\n                        <!-- thumbnail start-->\n\n            <!-- content start-->\n            <div class=\"etn-event-content\">\n                                                        <div class=\"etn-event-location\"><i class=\"etn-icon etn-location\"><\/i>\n                        M\u0131s\u0131r, Kahire<\/div>\n                                                    \n                <h3 class=\"etn-title etn-event-title\"><a href=\"https:\/\/meridyenfair.com\/tr\/etn\/26-mactech-misir-2026\/\">\n                        26. MACTECH MISIR 2026<\/a> <\/h3>\n                                    <p>\n                        26. MACTECH MISIR 2026 Uluslararas\u0131 Metal \u015eekillendirme Makineleri, End\u00fcstriyel Aletler,                    <\/p>\n                                \n                <div class=\"etn-event-footer\">\n                    <div class=\"etn-event-date\">\n                                    <span>\n\t\t\t\t<i class=\"etn-icon etn-calendar\"><\/i>\n                17 Aral\u0131k 2026            <\/span>\n\t\t\t                    <\/div>\n                    <div class=\"etn-atend-btn\">\n                                                <a href=\"https:\/\/meridyenfair.com\/tr\/etn\/26-mactech-misir-2026\/\" class=\"etn-btn etn-btn-border\"\n                            title=\"26. MACTECH MISIR 2026\">Attend                            <i class=\"etn-icon etm-arrow-right\"><\/i><\/a>\n                                            <\/div>\n                <\/div>\n            <\/div>\n            <!-- content end-->\n        <\/div>\n        <!-- etn event item end-->\n    <\/div>\n    <\/div>\t\t<\/div>\n\t\t\t\t<\/div>\n\t\t\t\t\t<\/div>\n\t\t<\/div>\n\t\t\t\t\t\t\t<\/div>\n\t\t<\/section>\n\t\t\t\t\t\t\t<\/div>\n\t\t","protected":false},"excerpt":{"rendered":"<p>\u00dcLKELERE G\u00d6RE FUAR TAKV\u0130M\u0130 Meridyen Fuarc\u0131l\u0131k, her y\u0131l \u0130spanya, Polonya, Cezayir, \u00d6zbekistan, S\u0131rbistan, Almanya, Fas, Tunus, \u0130ngiltere, T\u00fcrkmenistan, \u0130sve\u00e7, Bel\u00e7ika,<\/p>\n","protected":false},"author":1,"featured_media":0,"parent":0,"menu_order":0,"comment_status":"closed","ping_status":"closed","template":"elementor_header_footer","meta":{"footnotes":""},"aioseo_notices":[],"_links":{"self":[{"href":"https:\/\/meridyenfair.com\/tr\/wp-json\/wp\/v2\/pages\/14876"}],"collection":[{"href":"https:\/\/meridyenfair.com\/tr\/wp-json\/wp\/v2\/pages"}],"about":[{"href":"https:\/\/meridyenfair.com\/tr\/wp-json\/wp\/v2\/types\/page"}],"author":[{"embeddable":true,"href":"https:\/\/meridyenfair.com\/tr\/wp-json\/wp\/v2\/users\/1"}],"replies":[{"embeddable":true,"href":"https:\/\/meridyenfair.com\/tr\/wp-json\/wp\/v2\/comments?post=14876"}],"version-history":[{"count":7,"href":"https:\/\/meridyenfair.com\/tr\/wp-json\/wp\/v2\/pages\/14876\/revisions"}],"predecessor-version":[{"id":15872,"href":"https:\/\/meridyenfair.com\/tr\/wp-json\/wp\/v2\/pages\/14876\/revisions\/15872"}],"wp:attachment":[{"href":"https:\/\/meridyenfair.com\/tr\/wp-json\/wp\/v2\/media?parent=14876"}],"curies":[{"name":"wp","href":"https:\/\/api.w.org\/{rel}","templated":true}]}}